{"id":22856,"date":"2026-04-13T15:40:07","date_gmt":"2026-04-13T15:40:07","guid":{"rendered":"https:\/\/suspicious-noether.45-82-121-115.plesk.page\/?page_id=22856"},"modified":"2026-04-13T17:08:02","modified_gmt":"2026-04-13T17:08:02","slug":"fachbeirat","status":"publish","type":"page","link":"https:\/\/suspicious-noether.45-82-121-115.plesk.page\/index.php\/stiftung\/organe\/fachbeirat\/","title":{"rendered":"Fachbeirat"},"content":{"rendered":"\t\t<div data-elementor-type=\"wp-page\" data-elementor-id=\"22856\" class=\"elementor elementor-22856\">\n\t\t\t\t<div class=\"elementor-element elementor-element-8048f56 e-flex e-con-boxed wpr-particle-no wpr-jarallax-no wpr-parallax-no wpr-sticky-section-no e-con e-parent\" data-id=\"8048f56\" data-element_type=\"container\" data-e-type=\"container\" data-settings=\"{&quot;background_background&quot;:&quot;classic&quot;}\">\n\t\t\t\t\t<div class=\"e-con-inner\">\n\t\t\t\t<div class=\"elementor-element elementor-element-dff2926 elementor-widget elementor-widget-spacer\" data-id=\"dff2926\" data-element_type=\"widget\" data-e-type=\"widget\" data-widget_type=\"spacer.default\">\n\t\t\t\t\t\t\t<div class=\"elementor-spacer\">\n\t\t\t<div class=\"elementor-spacer-inner\"><\/div>\n\t\t<\/div>\n\t\t\t\t\t\t<\/div>\n\t\t\t\t<div class=\"elementor-element elementor-element-8bd48dc elementor-widget elementor-widget-heading\" data-id=\"8bd48dc\" data-element_type=\"widget\" data-e-type=\"widget\" data-widget_type=\"heading.default\">\n\t\t\t\t\t<h1 class=\"elementor-heading-title elementor-size-default\">Organe der Integrata Stiftung<\/h1>\t\t\t\t<\/div>\n\t\t\t\t<div class=\"elementor-element elementor-element-fae2235 elementor-widget elementor-widget-spacer\" data-id=\"fae2235\" data-element_type=\"widget\" data-e-type=\"widget\" data-widget_type=\"spacer.default\">\n\t\t\t\t\t\t\t<div class=\"elementor-spacer\">\n\t\t\t<div class=\"elementor-spacer-inner\"><\/div>\n\t\t<\/div>\n\t\t\t\t\t\t<\/div>\n\t\t\t\t\t<\/div>\n\t\t\t\t<\/div>\n\t\t<div class=\"elementor-element elementor-element-43050bb e-flex e-con-boxed wpr-particle-no wpr-jarallax-no wpr-parallax-no wpr-sticky-section-no e-con e-parent\" data-id=\"43050bb\" data-element_type=\"container\" data-e-type=\"container\">\n\t\t\t\t\t<div class=\"e-con-inner\">\n\t\t\t\t<div class=\"elementor-element elementor-element-ce77fbf elementor-widget elementor-widget-menu-anchor\" data-id=\"ce77fbf\" data-element_type=\"widget\" data-e-type=\"widget\" data-widget_type=\"menu-anchor.default\">\n\t\t\t\t\t\t\t<div class=\"elementor-menu-anchor\" id=\"fachbeirat\"><\/div>\n\t\t\t\t\t\t<\/div>\n\t\t\t\t<div class=\"elementor-element elementor-element-8df6fa4 elementor-widget elementor-widget-heading\" data-id=\"8df6fa4\" data-element_type=\"widget\" data-e-type=\"widget\" data-widget_type=\"heading.default\">\n\t\t\t\t\t<h2 class=\"elementor-heading-title elementor-size-default\">Unser Fachbeirat: ein Starkes beratendes Gremium<\/h2>\t\t\t\t<\/div>\n\t\t\t\t<div class=\"elementor-element elementor-element-933852f elementor-widget elementor-widget-text-editor\" data-id=\"933852f\" data-element_type=\"widget\" data-e-type=\"widget\" data-widget_type=\"text-editor.default\">\n\t\t\t\t\t\t\t\t\t<p>Der Fachbeirat der \u201eIntegrata-Stiftung f\u00fcr humane Nutzung der Informationstechnologie\u201c setzt sich aus Vertretern verschiedener Disziplinen zusammen, vorzugsweise aus Kern- und Wirtschafts-Informatikern, Wirtschafts- und Sozialwissenschaftlern, Ingenieuren und Beratern aus Wirtschaft und \u00f6ffentlicher Verwaltung. Es handelt sich um fachlich und menschlich hochqualifizierte Personen, die die Sache der humanen Nutzung der Informationstechnologie \u00fcberzeugt verfolgen und tatkr\u00e4ftig unterst\u00fctzen. Sie werden vom Vorstand der Stiftung f\u00fcr jeweils drei Jahre bestellt und danach jeweils j\u00e4hrlich vom Kuratorium der Stiftung best\u00e4tigt<\/p>\t\t\t\t\t\t\t\t<\/div>\n\t\t<div class=\"elementor-element elementor-element-a45d8c6 e-grid e-con-full wpr-particle-no wpr-jarallax-no wpr-parallax-no wpr-sticky-section-no e-con e-child\" data-id=\"a45d8c6\" data-element_type=\"container\" data-e-type=\"container\">\n\t\t<div class=\"elementor-element elementor-element-38ecab2 e-con-full e-flex wpr-particle-no wpr-jarallax-no wpr-parallax-no wpr-sticky-section-no e-con e-child\" data-id=\"38ecab2\" data-element_type=\"container\" data-e-type=\"container\">\n\t\t\t\t<div class=\"elementor-element elementor-element-4e3226f elementor-widget elementor-widget-heading\" data-id=\"4e3226f\" data-element_type=\"widget\" data-e-type=\"widget\" data-widget_type=\"heading.default\">\n\t\t\t\t\t<h2 class=\"elementor-heading-title elementor-size-default\">Aufgaben und Funktionen<\/h2>\t\t\t\t<\/div>\n\t\t\t\t<div class=\"elementor-element elementor-element-09ce2f5 elementor-widget elementor-widget-text-editor\" data-id=\"09ce2f5\" data-element_type=\"widget\" data-e-type=\"widget\" data-widget_type=\"text-editor.default\">\n\t\t\t\t\t\t\t\t\t<p>Der Fachbeirat hat eine beratende Funktion und unterst\u00fctzt den Vorstand bei folgenden Aufgaben:<\/p><ol><li>Verbreitung des Wissens \u00fcber die M\u00f6glichkeiten zur humanen Nutzung der Informations-technologie und der Idee \u201eMehr Lebensqualit\u00e4t durch Informationstechnologie\u201c.<\/li><li>Mitwirkung am Portal f\u00fcr Humane Nutzung der Informationstechnologie (<a href=\"http:\/\/www.humanithesia.org\">HumanIThesia<\/a>) und an weiteren Portalen. Die Mitglieder des Fachbeirats \u00fcbernehmen die Themenverantwortlichkeit f\u00fcr jeweils mindestens eines der Themengebiete auf HumanIThesia.<\/li><li>Mitwirkung an der Vergabe der <a href=\"https:\/\/integrata-stiftung.de\/preis\/\">Stiftungspreise<\/a>. Die Fachbeiratsmitglieder werden durch den jeweiligen Stifter des Preises in die Preisjury berufen und unterst\u00fctzen durch:<br \/>a.\u00a0 Hinweise auf einschl\u00e4gige Arbeiten<br \/>b.\u00a0 Weitergabe der Ausschreibung an interessierte Kreise<br \/>c.\u00a0 Pr\u00fcfung der eingereichten Arbeiten nach einem Kriterienkatalog<br \/>d.\u00a0 Teilnahme an der Sitzung des Kuratoriums zur Ermittlung der Preistr\u00e4ger<br \/>e.\u00a0 Vortr\u00e4ge im Zusammenhang mit der Preisverleihung<\/li><li>Mitwirkung an der Gestaltung von <a href=\"https:\/\/integrata-stiftung.de\/veranstaltungen\/\">Kongressen<\/a> zur humanen Nutzung der Informationstechnologie<\/li><\/ol>\t\t\t\t\t\t\t\t<\/div>\n\t\t\t\t<div class=\"elementor-element elementor-element-db966b3 elementor-widget elementor-widget-button\" data-id=\"db966b3\" data-element_type=\"widget\" data-e-type=\"widget\" data-widget_type=\"button.default\">\n\t\t\t\t\t\t\t\t\t\t<a class=\"elementor-button elementor-button-link elementor-size-sm\" href=\"https:\/\/www.integrata-stiftung.de\/wp-content\/uploads\/2020\/12\/GO_Fachbeirat_20111015.pdf\">\n\t\t\t\t\t\t<span class=\"elementor-button-content-wrapper\">\n\t\t\t\t\t\t\t\t\t<span class=\"elementor-button-text\">Gesch\u00e4ftsordnung des Fachbeirats (.pdf)<\/span>\n\t\t\t\t\t<\/span>\n\t\t\t\t\t<\/a>\n\t\t\t\t\t\t\t\t<\/div>\n\t\t\t\t<\/div>\n\t\t<div class=\"elementor-element elementor-element-4027868 e-con-full e-flex wpr-particle-no wpr-jarallax-no wpr-parallax-no wpr-sticky-section-no e-con e-child\" data-id=\"4027868\" data-element_type=\"container\" data-e-type=\"container\">\n\t\t\t\t<div class=\"elementor-element elementor-element-85ad27c elementor-widget elementor-widget-heading\" data-id=\"85ad27c\" data-element_type=\"widget\" data-e-type=\"widget\" data-widget_type=\"heading.default\">\n\t\t\t\t\t<h2 class=\"elementor-heading-title elementor-size-default\">Zusammenarbeit<\/h2>\t\t\t\t<\/div>\n\t\t\t\t<div class=\"elementor-element elementor-element-825e40d elementor-widget elementor-widget-text-editor\" data-id=\"825e40d\" data-element_type=\"widget\" data-e-type=\"widget\" data-widget_type=\"text-editor.default\">\n\t\t\t\t\t\t\t\t\t<p>Die Organe der Stiftung \u2013 Vorstand, Kuratorium und der Fachbeirat \u2013 arbeiten eng zusammen und treffen sich j\u00e4hrlich mindestens einmal, um weitere M\u00f6glichkeiten der gegenseitigen Unterst\u00fctzung zur F\u00f6rderung der Stiftungszwecke zu beraten und zu beschlie\u00dfen. In dieser Sitzung erfolgt auch die Best\u00e4tigung und ggf. die Verl\u00e4ngerung der Mandate durch das Kuratorium.<\/p>\t\t\t\t\t\t\t\t<\/div>\n\t\t\t\t<div class=\"elementor-element elementor-element-6318f75 elementor-widget elementor-widget-heading\" data-id=\"6318f75\" data-element_type=\"widget\" data-e-type=\"widget\" data-widget_type=\"heading.default\">\n\t\t\t\t\t<h2 class=\"elementor-heading-title elementor-size-default\">Freiwillige Selbstverpflichtung<\/h2>\t\t\t\t<\/div>\n\t\t\t\t<div class=\"elementor-element elementor-element-f1af6cc elementor-widget elementor-widget-text-editor\" data-id=\"f1af6cc\" data-element_type=\"widget\" data-e-type=\"widget\" data-widget_type=\"text-editor.default\">\n\t\t\t\t\t\t\t\t\t<p>Alle T\u00e4tigkeiten f\u00fcr die Stiftung sind ehrenamtlich. Im Zusammenhang mit dieser T\u00e4tigkeit anfallende Ausgaben werden nach Absprache auf Nachweis von der Stiftung \u00fcbernommen.<\/p><p>Die Fachbeir\u00e4te verpflichten sich, keine pers\u00f6nlichen Vorteile von au\u00dfenstehenden Dritten anzunehmen, die im Zusammenhang mit der T\u00e4tigkeit f\u00fcr die Stiftung stehen und nur sachlich begr\u00fcndete Bewertungen abzugeben. F\u00fcr die Stiftung erhaltene Sponsorengelder leiten sie unverz\u00fcglich an diese weiter. Ihre T\u00e4tigkeit f\u00fcr die Stiftung dient allein der F\u00f6rderung der humanen Nutzung der Informationstechnologie.<\/p>\t\t\t\t\t\t\t\t<\/div>\n\t\t\t\t<div class=\"elementor-element elementor-element-3a45367 elementor-widget elementor-widget-heading\" data-id=\"3a45367\" data-element_type=\"widget\" data-e-type=\"widget\" data-widget_type=\"heading.default\">\n\t\t\t\t\t<h2 class=\"elementor-heading-title elementor-size-default\">Regularien<\/h2>\t\t\t\t<\/div>\n\t\t\t\t<div class=\"elementor-element elementor-element-fc70c25 elementor-widget elementor-widget-text-editor\" data-id=\"fc70c25\" data-element_type=\"widget\" data-e-type=\"widget\" data-widget_type=\"text-editor.default\">\n\t\t\t\t\t\t\t\t\t<p>Vorsitzender des Fachbeirats ist ein Vorstand der Integrata-Stiftung. Der Fachbeirat w\u00e4hlt aus seiner Mitte einen Sprecher des Fachbeirats f\u00fcr 3 Jahre.<\/p><p>Jedes Fachbeiratsmitglied erh\u00e4lt eine \u201eAGENDA\u201c, d.h. eine Sammlung von Richtlinien und Handlungsanweisungen f\u00fcr alle Gremienmitglieder und Mitarbeiter der Stiftung, mit der Bitte, diese bei allen T\u00e4tigkeiten im Namen der Stiftung zu beachten. Die ebenfalls in der Agenda enthaltene Satzung der Stiftung und die Gesch\u00e4ftsordnung f\u00fcr den Fachbeirat sind verbindlich.<\/p>\t\t\t\t\t\t\t\t<\/div>\n\t\t\t\t<\/div>\n\t\t\t\t<\/div>\n\t\t\t\t<div class=\"elementor-element elementor-element-b10ea36 elementor-widget elementor-widget-heading\" data-id=\"b10ea36\" data-element_type=\"widget\" data-e-type=\"widget\" data-widget_type=\"heading.default\">\n\t\t\t\t\t<h2 class=\"elementor-heading-title elementor-size-default\">Unsere Fachbeir\u00e4te<\/h2>\t\t\t\t<\/div>\n\t\t<div class=\"elementor-element elementor-element-c0eb025 e-grid e-con-full wpr-particle-no wpr-jarallax-no wpr-parallax-no wpr-sticky-section-no e-con e-child\" data-id=\"c0eb025\" data-element_type=\"container\" data-e-type=\"container\">\n\t\t<div class=\"elementor-element elementor-element-c278a7b e-con-full e-flex wpr-particle-no wpr-jarallax-no wpr-parallax-no wpr-sticky-section-no e-con e-child\" data-id=\"c278a7b\" data-element_type=\"container\" data-e-type=\"container\">\n\t\t<div class=\"elementor-element elementor-element-540f1ec e-con-full e-flex wpr-particle-no wpr-jarallax-no wpr-parallax-no wpr-sticky-section-no e-con e-child\" data-id=\"540f1ec\" data-element_type=\"container\" data-e-type=\"container\">\n\t\t\t\t<div class=\"elementor-element elementor-element-7275a9a elementor-widget elementor-widget-heading\" data-id=\"7275a9a\" data-element_type=\"widget\" data-e-type=\"widget\" data-widget_type=\"heading.default\">\n\t\t\t\t\t<h2 class=\"elementor-heading-title elementor-size-default\">Prof. Dr. Martin V. Butz<\/h2>\t\t\t\t<\/div>\n\t\t\t\t<div class=\"elementor-element elementor-element-c7e2574 elementor-widget elementor-widget-text-editor\" data-id=\"c7e2574\" data-element_type=\"widget\" data-e-type=\"widget\" data-widget_type=\"text-editor.default\">\n\t\t\t\t\t\t\t\t\t<p><strong>Thema: K\u00fcnstliche Intelligenz, Kognition, Modellierung<br \/><\/strong><\/p><p>Professor f\u00fcr Kognitive Modellierung in den Fachbereichen Informatik und Psychologie, Vorsitzender des Cognitive Science Centers in T\u00fcbingen<br \/><br \/>Kontakt:<br \/><a href=\"mailto:martin.butz@integrata-stiftung.de\">martin.butz@integrata-stiftung.de<\/a><\/p>\t\t\t\t\t\t\t\t<\/div>\n\t\t\t\t<\/div>\n\t\t\t\t<div class=\"elementor-element elementor-element-0b2ae4a elementor-widget__width-initial elementor-widget elementor-widget-image\" data-id=\"0b2ae4a\" data-element_type=\"widget\" data-e-type=\"widget\" data-widget_type=\"image.default\">\n\t\t\t\t\t\t\t\t\t\t\t\t\t\t\t<img decoding=\"async\" src=\"https:\/\/integrata-stiftung.de\/wp-content\/uploads\/2025\/04\/DSC_0755zoom-150x150.png\" title=\"\" alt=\"\" loading=\"lazy\" \/>\t\t\t\t\t\t\t\t\t\t\t\t\t\t\t<\/div>\n\t\t\t\t<\/div>\n\t\t<div class=\"elementor-element elementor-element-a6be9a2 e-con-full e-flex wpr-particle-no wpr-jarallax-no wpr-parallax-no wpr-sticky-section-no e-con e-child\" data-id=\"a6be9a2\" data-element_type=\"container\" data-e-type=\"container\">\n\t\t<div class=\"elementor-element elementor-element-0c7b715 e-con-full e-flex wpr-particle-no wpr-jarallax-no wpr-parallax-no wpr-sticky-section-no e-con e-child\" data-id=\"0c7b715\" data-element_type=\"container\" data-e-type=\"container\">\n\t\t\t\t<div class=\"elementor-element elementor-element-38ac48e elementor-widget elementor-widget-heading\" data-id=\"38ac48e\" data-element_type=\"widget\" data-e-type=\"widget\" data-widget_type=\"heading.default\">\n\t\t\t\t\t<h2 class=\"elementor-heading-title elementor-size-default\">Barbara Liebermeister<\/h2>\t\t\t\t<\/div>\n\t\t\t\t<div class=\"elementor-element elementor-element-9349dbe elementor-widget elementor-widget-text-editor\" data-id=\"9349dbe\" data-element_type=\"widget\" data-e-type=\"widget\" data-widget_type=\"text-editor.default\">\n\t\t\t\t\t\t\t\t\t<p><strong>Thema: F\u00fchrungskultur im digitalen Zeitalter<\/strong><\/p><p>Gr\u00fcnderin und Leiterin des Instituts f\u00fcr F\u00fchrungskultur im digitalen Zeitalter (<a href=\"http:\/\/ifidz.de\/\" target=\"_blank\" rel=\"noopener noreferrer\">ifidz.de<\/a>), Frankfurt am Main<\/p><p>Kontakt:<br \/><a href=\"mailto:b.liebermeister@ifidz.de\">b.liebermeister@ifidz.de<\/a><\/p>\t\t\t\t\t\t\t\t<\/div>\n\t\t\t\t<\/div>\n\t\t\t\t<div class=\"elementor-element elementor-element-ca316dc elementor-widget__width-initial elementor-widget elementor-widget-image\" data-id=\"ca316dc\" data-element_type=\"widget\" data-e-type=\"widget\" data-widget_type=\"image.default\">\n\t\t\t\t\t\t\t\t\t\t\t\t\t\t\t<img decoding=\"async\" src=\"https:\/\/integrata-stiftung.de\/wp-content\/uploads\/2020\/12\/Barbara-Liebermeister-1-150x150.jpg\" title=\"\" alt=\"\" loading=\"lazy\" \/>\t\t\t\t\t\t\t\t\t\t\t\t\t\t\t<\/div>\n\t\t\t\t<\/div>\n\t\t<div class=\"elementor-element elementor-element-cb82a42 e-con-full e-flex wpr-particle-no wpr-jarallax-no wpr-parallax-no wpr-sticky-section-no e-con e-child\" data-id=\"cb82a42\" data-element_type=\"container\" data-e-type=\"container\">\n\t\t<div class=\"elementor-element elementor-element-a4076b8 e-con-full e-flex wpr-particle-no wpr-jarallax-no wpr-parallax-no wpr-sticky-section-no e-con e-child\" data-id=\"a4076b8\" data-element_type=\"container\" data-e-type=\"container\">\n\t\t\t\t<div class=\"elementor-element elementor-element-fe63a8c elementor-widget elementor-widget-heading\" data-id=\"fe63a8c\" data-element_type=\"widget\" data-e-type=\"widget\" data-widget_type=\"heading.default\">\n\t\t\t\t\t<h2 class=\"elementor-heading-title elementor-size-default\">Dr. habil. Christina Kl\u00fcver<\/h2>\t\t\t\t<\/div>\n\t\t\t\t<div class=\"elementor-element elementor-element-937543a elementor-widget elementor-widget-text-editor\" data-id=\"937543a\" data-element_type=\"widget\" data-e-type=\"widget\" data-widget_type=\"text-editor.default\">\n\t\t\t\t\t\t\t\t\t<p><strong>Thema: KI im betrieblichen Kontext; Modellierung sozio-kognitiver Kompetenzen<\/strong><\/p><div class=\"\">Mitbegr\u00fcnderin und CEO des Unternehmens REBASK (rechnerbasierte Analyse sozio-technischer Komplexit\u00e4t)<\/div><div class=\"\"><a class=\"\" href=\"https:\/\/www.rebask.de\/\" target=\"_blank\" rel=\"noopener\">https:\/\/www.rebask.de\/<\/a>\u00a0<\/div><div>\u00a0<\/div><p>Kontakt:<br \/><a class=\"\" href=\"mailto:christina.kluever@integrata-stiftung.de\">christina.kluever@integrata-stiftung.de<\/a><\/p>\t\t\t\t\t\t\t\t<\/div>\n\t\t\t\t<\/div>\n\t\t\t\t<div class=\"elementor-element elementor-element-f7b5a8a elementor-widget__width-initial elementor-widget elementor-widget-image\" data-id=\"f7b5a8a\" data-element_type=\"widget\" data-e-type=\"widget\" data-widget_type=\"image.default\">\n\t\t\t\t\t\t\t\t\t\t\t\t\t\t\t<img decoding=\"async\" src=\"https:\/\/integrata-stiftung.de\/wp-content\/uploads\/2022\/09\/pprue-3-von-3-e1681810404304-150x150.jpeg\" title=\"\" alt=\"\" loading=\"lazy\" \/>\t\t\t\t\t\t\t\t\t\t\t\t\t\t\t<\/div>\n\t\t\t\t<\/div>\n\t\t<div class=\"elementor-element elementor-element-70b41ef e-con-full e-flex wpr-particle-no wpr-jarallax-no wpr-parallax-no wpr-sticky-section-no e-con e-child\" data-id=\"70b41ef\" data-element_type=\"container\" data-e-type=\"container\">\n\t\t<div class=\"elementor-element elementor-element-06c3a9f e-con-full e-flex wpr-particle-no wpr-jarallax-no wpr-parallax-no wpr-sticky-section-no e-con e-child\" data-id=\"06c3a9f\" data-element_type=\"container\" data-e-type=\"container\">\n\t\t\t\t<div class=\"elementor-element elementor-element-0e15272 elementor-widget elementor-widget-heading\" data-id=\"0e15272\" data-element_type=\"widget\" data-e-type=\"widget\" data-widget_type=\"heading.default\">\n\t\t\t\t\t<h2 class=\"elementor-heading-title elementor-size-default\">Michael M. Roth<\/h2>\t\t\t\t<\/div>\n\t\t\t\t<div class=\"elementor-element elementor-element-0a06049 elementor-widget elementor-widget-text-editor\" data-id=\"0a06049\" data-element_type=\"widget\" data-e-type=\"widget\" data-widget_type=\"text-editor.default\">\n\t\t\t\t\t\t\t\t\t<p><strong>Thema: Ethische Intelligenz <\/strong><\/p><p>Inhaber von MicialMedia <a href=\"http:\/\/micialmedia.de\">http:\/\/micialmedia.de<\/a>\u00a0<br \/>Informatiker und Fotograf <br \/>Begr\u00fcnder der Ethischen Intelligenz \u00a0<\/p><p>Kontakt:<br \/><a class=\"mailto-link\" href=\"mailto:michael.roth@integrata-stiftung.de\" target=\"_blank\" rel=\"noopener\">michael.roth@integrata-stiftung.de<\/a>\u00a0<\/p>\t\t\t\t\t\t\t\t<\/div>\n\t\t\t\t<\/div>\n\t\t\t\t<div class=\"elementor-element elementor-element-6e0f579 elementor-widget__width-initial elementor-widget elementor-widget-image\" data-id=\"6e0f579\" data-element_type=\"widget\" data-e-type=\"widget\" data-widget_type=\"image.default\">\n\t\t\t\t\t\t\t\t\t\t\t\t\t\t\t<img decoding=\"async\" src=\"https:\/\/integrata-stiftung.de\/wp-content\/uploads\/2023\/04\/MichaelMRoth4IST-150x150.jpeg\" title=\"\" alt=\"\" loading=\"lazy\" \/>\t\t\t\t\t\t\t\t\t\t\t\t\t\t\t<\/div>\n\t\t\t\t<\/div>\n\t\t<div class=\"elementor-element elementor-element-10b3d62 e-con-full e-flex wpr-particle-no wpr-jarallax-no wpr-parallax-no wpr-sticky-section-no e-con e-child\" data-id=\"10b3d62\" data-element_type=\"container\" data-e-type=\"container\">\n\t\t<div class=\"elementor-element elementor-element-72b11f2 e-con-full e-flex wpr-particle-no wpr-jarallax-no wpr-parallax-no wpr-sticky-section-no e-con e-child\" data-id=\"72b11f2\" data-element_type=\"container\" data-e-type=\"container\">\n\t\t\t\t<div class=\"elementor-element elementor-element-57bbe22 elementor-widget elementor-widget-heading\" data-id=\"57bbe22\" data-element_type=\"widget\" data-e-type=\"widget\" data-widget_type=\"heading.default\">\n\t\t\t\t\t<h2 class=\"elementor-heading-title elementor-size-default\">Dr. med. Sophie Hirsch<\/h2>\t\t\t\t<\/div>\n\t\t\t\t<div class=\"elementor-element elementor-element-513639a elementor-widget elementor-widget-text-editor\" data-id=\"513639a\" data-element_type=\"widget\" data-e-type=\"widget\" data-widget_type=\"text-editor.default\">\n\t\t\t\t\t\t\t\t\t<p><strong>Themen: Pflege und Medizin, Freiheit und Sicherheit<\/strong><\/p><p>Kontakt:<br \/><a href=\"mailto:sophie_hirsch@gmx.de\">sophie_hirsch@gmx.de\u00a0<\/a><\/p>\t\t\t\t\t\t\t\t<\/div>\n\t\t\t\t<\/div>\n\t\t\t\t<div class=\"elementor-element elementor-element-00241f8 elementor-widget__width-initial elementor-widget elementor-widget-image\" data-id=\"00241f8\" data-element_type=\"widget\" data-e-type=\"widget\" data-widget_type=\"image.default\">\n\t\t\t\t\t\t\t\t\t\t\t\t\t\t\t<img decoding=\"async\" src=\"https:\/\/integrata-stiftung.de\/wp-content\/uploads\/2020\/12\/Sophie-Hirsch-e1608579975149-150x150.jpg\" title=\"\" alt=\"\" loading=\"lazy\" \/>\t\t\t\t\t\t\t\t\t\t\t\t\t\t\t<\/div>\n\t\t\t\t<\/div>\n\t\t<div class=\"elementor-element elementor-element-ef48d7e e-con-full e-flex wpr-particle-no wpr-jarallax-no wpr-parallax-no wpr-sticky-section-no e-con e-child\" data-id=\"ef48d7e\" data-element_type=\"container\" data-e-type=\"container\">\n\t\t<div class=\"elementor-element elementor-element-e8ee1d6 e-con-full e-flex wpr-particle-no wpr-jarallax-no wpr-parallax-no wpr-sticky-section-no e-con e-child\" data-id=\"e8ee1d6\" data-element_type=\"container\" data-e-type=\"container\">\n\t\t\t\t<div class=\"elementor-element elementor-element-43f4d65 elementor-widget elementor-widget-heading\" data-id=\"43f4d65\" data-element_type=\"widget\" data-e-type=\"widget\" data-widget_type=\"heading.default\">\n\t\t\t\t\t<h2 class=\"elementor-heading-title elementor-size-default\">Sabine Barth<\/h2>\t\t\t\t<\/div>\n\t\t\t\t<div class=\"elementor-element elementor-element-b28148f elementor-widget elementor-widget-text-editor\" data-id=\"b28148f\" data-element_type=\"widget\" data-e-type=\"widget\" data-widget_type=\"text-editor.default\">\n\t\t\t\t\t\t\t\t\t<p><strong>Thema: Bildung und Digitalisierung<\/strong><\/p><div>Gr\u00fcnderin und Vorstand SkillUp e.V.,\u00a0<a href=\"https:\/\/skillup-teaching.de\/\" target=\"_blank\" rel=\"noopener\">https:\/\/skillup-teaching.de<\/a><\/div><div>\u00a0<\/div><div>Kontakt:\u00a0<a href=\"mailto:sabine.barth@integrata-stiftung.de\" target=\"_blank\" rel=\"noopener\">sabine.barth@integrata-stiftung.de<\/a><\/div>\t\t\t\t\t\t\t\t<\/div>\n\t\t\t\t<\/div>\n\t\t\t\t<div class=\"elementor-element elementor-element-5bfd479 elementor-widget__width-initial elementor-widget elementor-widget-image\" data-id=\"5bfd479\" data-element_type=\"widget\" data-e-type=\"widget\" data-widget_type=\"image.default\">\n\t\t\t\t\t\t\t\t\t\t\t\t\t\t\t<img decoding=\"async\" src=\"https:\/\/integrata-stiftung.de\/wp-content\/uploads\/2022\/08\/IMG_9588-150x150.jpeg\" title=\"\" alt=\"\" loading=\"lazy\" \/>\t\t\t\t\t\t\t\t\t\t\t\t\t\t\t<\/div>\n\t\t\t\t<\/div>\n\t\t<div class=\"elementor-element elementor-element-9670333 e-con-full e-flex wpr-particle-no wpr-jarallax-no wpr-parallax-no wpr-sticky-section-no e-con e-child\" data-id=\"9670333\" data-element_type=\"container\" data-e-type=\"container\">\n\t\t<div class=\"elementor-element elementor-element-f3f9dfb e-con-full e-flex wpr-particle-no wpr-jarallax-no wpr-parallax-no wpr-sticky-section-no e-con e-child\" data-id=\"f3f9dfb\" data-element_type=\"container\" data-e-type=\"container\">\n\t\t\t\t<div class=\"elementor-element elementor-element-b6d683a elementor-widget elementor-widget-heading\" data-id=\"b6d683a\" data-element_type=\"widget\" data-e-type=\"widget\" data-widget_type=\"heading.default\">\n\t\t\t\t\t<h2 class=\"elementor-heading-title elementor-size-default\">Ulla Coester<\/h2>\t\t\t\t<\/div>\n\t\t\t\t<div class=\"elementor-element elementor-element-6113653 elementor-widget elementor-widget-text-editor\" data-id=\"6113653\" data-element_type=\"widget\" data-e-type=\"widget\" data-widget_type=\"text-editor.default\">\n\t\t\t\t\t\t\t\t\t<div class=\"\"><strong>Thema: Digitale Vertrauensw\u00fcrdigkeit<\/strong><\/div><div>\u00a0<\/div><div class=\"\">Gr\u00fcnderin und CEO xethix Empowerment, Beratung f\u00fcr Digitale Ethik &amp; Vertrauensw\u00fcrdigkeit | Digitale Kommunikation &amp; Management<\/div><div><a href=\"https:\/\/xethix-empowerment.de\" target=\"_blank\" rel=\"noopener\">https:\/\/xethix-empowerment.de<\/a><\/div><div>\u00a0<\/div><div><span class=\"\">Kontakt: <a class=\"mailto-link\" href=\"mailto:Ursula.Coester@integrata-stiftung.de\" target=\"_blank\" rel=\"noopener\">Ursula.Coester@integrata-stiftung.de<\/a><\/span><\/div>\t\t\t\t\t\t\t\t<\/div>\n\t\t\t\t<\/div>\n\t\t\t\t<div class=\"elementor-element elementor-element-e32af2e elementor-widget__width-initial elementor-widget elementor-widget-image\" data-id=\"e32af2e\" data-element_type=\"widget\" data-e-type=\"widget\" data-widget_type=\"image.default\">\n\t\t\t\t\t\t\t\t\t\t\t\t\t\t\t<img decoding=\"async\" src=\"https:\/\/integrata-stiftung.de\/wp-content\/uploads\/2022\/09\/Ulla-Coester-400x400-1-150x150.jpg\" title=\"\" alt=\"\" loading=\"lazy\" \/>\t\t\t\t\t\t\t\t\t\t\t\t\t\t\t<\/div>\n\t\t\t\t<\/div>\n\t\t<div class=\"elementor-element elementor-element-c1db7d0 e-con-full e-flex wpr-particle-no wpr-jarallax-no wpr-parallax-no wpr-sticky-section-no e-con e-child\" data-id=\"c1db7d0\" data-element_type=\"container\" data-e-type=\"container\">\n\t\t<div class=\"elementor-element elementor-element-c912ff4 e-con-full e-flex wpr-particle-no wpr-jarallax-no wpr-parallax-no wpr-sticky-section-no e-con e-child\" data-id=\"c912ff4\" data-element_type=\"container\" data-e-type=\"container\">\n\t\t\t\t<div class=\"elementor-element elementor-element-8caa52e elementor-widget elementor-widget-heading\" data-id=\"8caa52e\" data-element_type=\"widget\" data-e-type=\"widget\" data-widget_type=\"heading.default\">\n\t\t\t\t\t<h2 class=\"elementor-heading-title elementor-size-default\">Danilo Kardel<\/h2>\t\t\t\t<\/div>\n\t\t\t\t<div class=\"elementor-element elementor-element-27699d1 elementor-widget elementor-widget-text-editor\" data-id=\"27699d1\" data-element_type=\"widget\" data-e-type=\"widget\" data-widget_type=\"text-editor.default\">\n\t\t\t\t\t\t\t\t\t<p><strong>Themen: IT Sicherheit und Datenschutz, F\u00fchrungskultur<\/strong><\/p><p>Kontakt:<br \/><a href=\"mailto:dk@kardel-it.de\">dk@kardel-it.de<\/a><\/p>\t\t\t\t\t\t\t\t<\/div>\n\t\t\t\t<\/div>\n\t\t\t\t<div class=\"elementor-element elementor-element-163eec1 elementor-widget__width-initial elementor-widget elementor-widget-image\" data-id=\"163eec1\" data-element_type=\"widget\" data-e-type=\"widget\" data-widget_type=\"image.default\">\n\t\t\t\t\t\t\t\t\t\t\t\t\t\t\t<img decoding=\"async\" src=\"https:\/\/integrata-stiftung.de\/wp-content\/uploads\/2018\/06\/danilokardel-150x150.jpg\" title=\"\" alt=\"\" loading=\"lazy\" \/>\t\t\t\t\t\t\t\t\t\t\t\t\t\t\t<\/div>\n\t\t\t\t<\/div>\n\t\t<div class=\"elementor-element elementor-element-5708008 e-con-full e-flex wpr-particle-no wpr-jarallax-no wpr-parallax-no wpr-sticky-section-no e-con e-child\" data-id=\"5708008\" data-element_type=\"container\" data-e-type=\"container\">\n\t\t<div class=\"elementor-element elementor-element-97a31e6 e-con-full e-flex wpr-particle-no wpr-jarallax-no wpr-parallax-no wpr-sticky-section-no e-con e-child\" data-id=\"97a31e6\" data-element_type=\"container\" data-e-type=\"container\">\n\t\t\t\t<div class=\"elementor-element elementor-element-27ea82a elementor-widget elementor-widget-heading\" data-id=\"27ea82a\" data-element_type=\"widget\" data-e-type=\"widget\" data-widget_type=\"heading.default\">\n\t\t\t\t\t<h2 class=\"elementor-heading-title elementor-size-default\">Dr. Sylke Pi\u00e9ch<\/h2>\t\t\t\t<\/div>\n\t\t\t\t<div class=\"elementor-element elementor-element-4baf87d elementor-widget elementor-widget-text-editor\" data-id=\"4baf87d\" data-element_type=\"widget\" data-e-type=\"widget\" data-widget_type=\"text-editor.default\">\n\t\t\t\t\t\t\t\t\t<p><strong>Thema: F\u00fchrung, K\u00fcnstliche Intelligenz und Digitalisierung<\/strong><\/p><p>Kontakt:<br \/><a href=\"mailto:Sylke.Piech@integrata-stiftung.de\" target=\"_blank\" rel=\"noopener\">Sylke.Piech@integrata-stiftung.de<\/a><\/p>\t\t\t\t\t\t\t\t<\/div>\n\t\t\t\t<\/div>\n\t\t\t\t<div class=\"elementor-element elementor-element-b9450a9 elementor-widget__width-initial elementor-widget elementor-widget-image\" data-id=\"b9450a9\" data-element_type=\"widget\" data-e-type=\"widget\" data-widget_type=\"image.default\">\n\t\t\t\t\t\t\t\t\t\t\t\t\t\t\t<img decoding=\"async\" src=\"https:\/\/integrata-stiftung.de\/wp-content\/uploads\/2023\/01\/Dr.-Sylke-Piech-150x150.jpg\" title=\"\" alt=\"\" loading=\"lazy\" \/>\t\t\t\t\t\t\t\t\t\t\t\t\t\t\t<\/div>\n\t\t\t\t<\/div>\n\t\t<div class=\"elementor-element elementor-element-64b50bf e-con-full e-flex wpr-particle-no wpr-jarallax-no wpr-parallax-no wpr-sticky-section-no e-con e-child\" data-id=\"64b50bf\" data-element_type=\"container\" data-e-type=\"container\">\n\t\t<div class=\"elementor-element elementor-element-2ad73cd e-con-full e-flex wpr-particle-no wpr-jarallax-no wpr-parallax-no wpr-sticky-section-no e-con e-child\" data-id=\"2ad73cd\" data-element_type=\"container\" data-e-type=\"container\">\n\t\t\t\t<div class=\"elementor-element elementor-element-c3af717 elementor-widget elementor-widget-heading\" data-id=\"c3af717\" data-element_type=\"widget\" data-e-type=\"widget\" data-widget_type=\"heading.default\">\n\t\t\t\t\t<h2 class=\"elementor-heading-title elementor-size-default\">Consuela Utsch<\/h2>\t\t\t\t<\/div>\n\t\t\t\t<div class=\"elementor-element elementor-element-2667617 elementor-widget elementor-widget-text-editor\" data-id=\"2667617\" data-element_type=\"widget\" data-e-type=\"widget\" data-widget_type=\"text-editor.default\">\n\t\t\t\t\t\t\t\t\t<p><strong>Thema: Change-Management<\/strong><\/p><p>https:\/\/www.xing.com\/profile\/Consuela_Utsch\/portfolio<\/p><p>Kontakt:<br \/><a href=\"http:\/\/www.acuroc-solutions.de\" target=\"_blank\" rel=\"noopener\">Acuroc Solution GmbH<\/a><\/p>\t\t\t\t\t\t\t\t<\/div>\n\t\t\t\t<\/div>\n\t\t\t\t<div class=\"elementor-element elementor-element-9f595b4 elementor-widget__width-initial elementor-widget elementor-widget-image\" data-id=\"9f595b4\" data-element_type=\"widget\" data-e-type=\"widget\" data-widget_type=\"image.default\">\n\t\t\t\t\t\t\t\t\t\t\t\t\t\t\t<img decoding=\"async\" src=\"https:\/\/integrata-stiftung.de\/wp-content\/uploads\/2021\/01\/Dr.-Consuela-Utsch-150x150.jpg\" title=\"\" alt=\"\" loading=\"lazy\" \/>\t\t\t\t\t\t\t\t\t\t\t\t\t\t\t<\/div>\n\t\t\t\t<\/div>\n\t\t<div class=\"elementor-element elementor-element-ffbfc91 e-con-full e-flex wpr-particle-no wpr-jarallax-no wpr-parallax-no wpr-sticky-section-no e-con e-child\" data-id=\"ffbfc91\" data-element_type=\"container\" data-e-type=\"container\">\n\t\t<div class=\"elementor-element elementor-element-2a339af e-con-full e-flex wpr-particle-no wpr-jarallax-no wpr-parallax-no wpr-sticky-section-no e-con e-child\" data-id=\"2a339af\" data-element_type=\"container\" data-e-type=\"container\">\n\t\t\t\t<div class=\"elementor-element elementor-element-a21a222 elementor-widget elementor-widget-heading\" data-id=\"a21a222\" data-element_type=\"widget\" data-e-type=\"widget\" data-widget_type=\"heading.default\">\n\t\t\t\t\t<h2 class=\"elementor-heading-title elementor-size-default\">Thomas Krau\u00df<\/h2>\t\t\t\t<\/div>\n\t\t\t\t<div class=\"elementor-element elementor-element-eeff745 elementor-widget elementor-widget-text-editor\" data-id=\"eeff745\" data-element_type=\"widget\" data-e-type=\"widget\" data-widget_type=\"text-editor.default\">\n\t\t\t\t\t\t\t\t\t<p><strong>Thema: IT Sicherheit und K\u00fcnstliche Intelligenz<\/strong><\/p><p>Kontakt:<br \/><a href=\"mailto:thomas.krauss@integrata-stiftung.de\" target=\"_blank\" rel=\"noopener\">thomas.krauss@integrata-stiftung.de<\/a><\/p>\t\t\t\t\t\t\t\t<\/div>\n\t\t\t\t<\/div>\n\t\t\t\t<div class=\"elementor-element elementor-element-15578a8 elementor-widget__width-initial elementor-widget elementor-widget-image\" data-id=\"15578a8\" data-element_type=\"widget\" data-e-type=\"widget\" data-widget_type=\"image.default\">\n\t\t\t\t\t\t\t\t\t\t\t\t\t\t\t<img decoding=\"async\" src=\"https:\/\/integrata-stiftung.de\/wp-content\/uploads\/2022\/03\/thomas-krauss-integrata-150x150.jpg\" title=\"\" alt=\"\" loading=\"lazy\" \/>\t\t\t\t\t\t\t\t\t\t\t\t\t\t\t<\/div>\n\t\t\t\t<\/div>\n\t\t<div class=\"elementor-element elementor-element-94067fb e-con-full e-flex wpr-particle-no wpr-jarallax-no wpr-parallax-no wpr-sticky-section-no e-con e-child\" data-id=\"94067fb\" data-element_type=\"container\" data-e-type=\"container\">\n\t\t<div class=\"elementor-element elementor-element-48bc52d e-con-full e-flex wpr-particle-no wpr-jarallax-no wpr-parallax-no wpr-sticky-section-no e-con e-child\" data-id=\"48bc52d\" data-element_type=\"container\" data-e-type=\"container\">\n\t\t\t\t<div class=\"elementor-element elementor-element-5927a5c elementor-widget elementor-widget-heading\" data-id=\"5927a5c\" data-element_type=\"widget\" data-e-type=\"widget\" data-widget_type=\"heading.default\">\n\t\t\t\t\t<h2 class=\"elementor-heading-title elementor-size-default\">Dr. rer. nat. Stefan Berres<\/h2>\t\t\t\t<\/div>\n\t\t\t\t<div class=\"elementor-element elementor-element-85f1e5d elementor-widget elementor-widget-text-editor\" data-id=\"85f1e5d\" data-element_type=\"widget\" data-e-type=\"widget\" data-widget_type=\"text-editor.default\">\n\t\t\t\t\t\t\t\t\t<p><strong><strong class=\"\">Thema: Ethik in der digitalen und automatisierten B\u00fcrgerbeteiligung<\/strong><br \/><\/strong><\/p><ul><li>Mathematiker\/Naturwissenschaftl<wbr \/>er<\/li><li>Hochschuldozent a.D.<\/li><li>Hobby-Anthropologe<\/li><li>\u201eKI-Experte\u201c<\/li><\/ul><p>Kontakt:<br \/><a class=\"moz-txt-link-freetext mailto-link\" href=\"mailto:stefan.berres@integrata-stiftung.de\" target=\"_blank\" rel=\"noopener\">stefan.berres@integrata-stiftung.de<\/a><\/p>\t\t\t\t\t\t\t\t<\/div>\n\t\t\t\t<\/div>\n\t\t\t\t<div class=\"elementor-element elementor-element-426bfa5 elementor-widget__width-initial elementor-widget elementor-widget-image\" data-id=\"426bfa5\" data-element_type=\"widget\" data-e-type=\"widget\" data-widget_type=\"image.default\">\n\t\t\t\t\t\t\t\t\t\t\t\t\t\t\t<img decoding=\"async\" src=\"https:\/\/integrata-stiftung.de\/wp-content\/uploads\/2024\/03\/foto-BeS-website-150x150.png\" title=\"\" alt=\"\" loading=\"lazy\" \/>\t\t\t\t\t\t\t\t\t\t\t\t\t\t\t<\/div>\n\t\t\t\t<\/div>\n\t\t<div class=\"elementor-element elementor-element-c3e0e2c e-con-full e-flex wpr-particle-no wpr-jarallax-no wpr-parallax-no wpr-sticky-section-no e-con e-child\" data-id=\"c3e0e2c\" data-element_type=\"container\" data-e-type=\"container\">\n\t\t<div class=\"elementor-element elementor-element-dce9318 e-con-full e-flex wpr-particle-no wpr-jarallax-no wpr-parallax-no wpr-sticky-section-no e-con e-child\" data-id=\"dce9318\" data-element_type=\"container\" data-e-type=\"container\">\n\t\t\t\t<div class=\"elementor-element elementor-element-ac97c1f elementor-widget elementor-widget-heading\" data-id=\"ac97c1f\" data-element_type=\"widget\" data-e-type=\"widget\" data-widget_type=\"heading.default\">\n\t\t\t\t\t<h2 class=\"elementor-heading-title elementor-size-default\">Dr. Wolfgang Issel<\/h2>\t\t\t\t<\/div>\n\t\t\t\t<div class=\"elementor-element elementor-element-a540c91 elementor-widget elementor-widget-text-editor\" data-id=\"a540c91\" data-element_type=\"widget\" data-e-type=\"widget\" data-widget_type=\"text-editor.default\">\n\t\t\t\t\t\t\t\t\t<p><strong>Themen: Psycho-Mathematik und deren Anwendungen, humanoide Roboter, KI<\/strong><\/p><div class=\"\"><p>Ing. -B\u00fcro in Karlsruhe<\/p><p>Kontakt:<br \/><a href=\"mailto:wolf_issel@web.de\">wolf_issel@web.de<\/a><\/p><\/div>\t\t\t\t\t\t\t\t<\/div>\n\t\t\t\t<\/div>\n\t\t\t\t<div class=\"elementor-element elementor-element-f6c2123 elementor-widget__width-initial elementor-widget elementor-widget-image\" data-id=\"f6c2123\" data-element_type=\"widget\" data-e-type=\"widget\" data-widget_type=\"image.default\">\n\t\t\t\t\t\t\t\t\t\t\t\t\t\t\t<img decoding=\"async\" src=\"https:\/\/integrata-stiftung.de\/wp-content\/uploads\/2024\/02\/140326-1-W-Bild-037-Neubauer-XING-150x150.jpg\" title=\"\" alt=\"\" loading=\"lazy\" \/>\t\t\t\t\t\t\t\t\t\t\t\t\t\t\t<\/div>\n\t\t\t\t<\/div>\n\t\t<div class=\"elementor-element elementor-element-fc5b25d e-con-full e-flex wpr-particle-no wpr-jarallax-no wpr-parallax-no wpr-sticky-section-no e-con e-child\" data-id=\"fc5b25d\" data-element_type=\"container\" data-e-type=\"container\">\n\t\t<div class=\"elementor-element elementor-element-a8e58f9 e-con-full e-flex wpr-particle-no wpr-jarallax-no wpr-parallax-no wpr-sticky-section-no e-con e-child\" data-id=\"a8e58f9\" data-element_type=\"container\" data-e-type=\"container\">\n\t\t\t\t<div class=\"elementor-element elementor-element-820bd3e elementor-widget elementor-widget-heading\" data-id=\"820bd3e\" data-element_type=\"widget\" data-e-type=\"widget\" data-widget_type=\"heading.default\">\n\t\t\t\t\t<h2 class=\"elementor-heading-title elementor-size-default\">Dirk Sch\u00fctz<\/h2>\t\t\t\t<\/div>\n\t\t\t\t<div class=\"elementor-element elementor-element-0da4d71 elementor-widget elementor-widget-text-editor\" data-id=\"0da4d71\" data-element_type=\"widget\" data-e-type=\"widget\" data-widget_type=\"text-editor.default\">\n\t\t\t\t\t\t\t\t\t<p><strong>Thema: K\u00fcnstliche Intelligenz, Kultur, Kunst und Medien<br \/><\/strong><\/p><p>Gesch\u00e4ftsf\u00fchrer und Personal-Experte der KM Kulturmanagement Network GmbH. Verlagsleiter, Herausgeber von Fach-Magazinen und verschiedenen Publikationen. Trainer, Autor und Berater.\u00a0<\/p><p>Kontakt:<br \/><a href=\"mailto:martin.butz@integrata-stiftung.de\">direkt.schuetz@integrata-stiftung.de<\/a><\/p>\t\t\t\t\t\t\t\t<\/div>\n\t\t\t\t<\/div>\n\t\t\t\t<div class=\"elementor-element elementor-element-7c82478 elementor-widget__width-initial elementor-widget elementor-widget-image\" data-id=\"7c82478\" data-element_type=\"widget\" data-e-type=\"widget\" data-widget_type=\"image.default\">\n\t\t\t\t\t\t\t\t\t\t\t\t\t\t\t<img decoding=\"async\" src=\"https:\/\/integrata-stiftung.de\/wp-content\/uploads\/2025\/04\/dirk-schuetz-150x150.jpg\" title=\"\" alt=\"\" loading=\"lazy\" \/>\t\t\t\t\t\t\t\t\t\t\t\t\t\t\t<\/div>\n\t\t\t\t<\/div>\n\t\t<div class=\"elementor-element elementor-element-a1a4f1a e-con-full e-flex wpr-particle-no wpr-jarallax-no wpr-parallax-no wpr-sticky-section-no e-con e-child\" data-id=\"a1a4f1a\" data-element_type=\"container\" data-e-type=\"container\">\n\t\t<div class=\"elementor-element elementor-element-61ef92b e-con-full e-flex wpr-particle-no wpr-jarallax-no wpr-parallax-no wpr-sticky-section-no e-con e-child\" data-id=\"61ef92b\" data-element_type=\"container\" data-e-type=\"container\">\n\t\t\t\t<div class=\"elementor-element elementor-element-efdcd01 elementor-widget elementor-widget-heading\" data-id=\"efdcd01\" data-element_type=\"widget\" data-e-type=\"widget\" data-widget_type=\"heading.default\">\n\t\t\t\t\t<h2 class=\"elementor-heading-title elementor-size-default\">Phil Zinser<\/h2>\t\t\t\t<\/div>\n\t\t\t\t<div class=\"elementor-element elementor-element-330cd3f elementor-widget elementor-widget-text-editor\" data-id=\"330cd3f\" data-element_type=\"widget\" data-e-type=\"widget\" data-widget_type=\"text-editor.default\">\n\t\t\t\t\t\t\t\t\t<p><b class=\"\">Thema:\u00a0<\/b><strong>Entwicklung von virtuellen Lernwelten mit Hilfe von KI basierten Werkzeugen in enger Zusammenarbeit mit Sch\u00fclerinnen und Sch\u00fclern sowie Lehrerinnen und Lehrern<\/strong><\/p><p>Gr\u00fcnder Holo-Stunden <a class=\"\" href=\"http:\/\/www.holo-stunden.de\/\" target=\"_blank\" rel=\"noopener\">www.holo-stunden.de<\/a> <br \/>Futurist bei RaumZeit GmbH &amp; Co. KG <a class=\"\" href=\"http:\/\/www.raumzeit-holodeck.de\/\" target=\"_blank\" rel=\"noopener\">www.raumzeit-holodeck.de<\/a><\/p><p>Kontakt:<br \/><a class=\"mailto-link\" href=\"mailto:phil@holo-stunden.de\" target=\"_blank\" rel=\"noopener\">phil@holo-stunden.de<\/a>\u00a0<\/p>\t\t\t\t\t\t\t\t<\/div>\n\t\t\t\t<\/div>\n\t\t\t\t<div class=\"elementor-element elementor-element-0909659 elementor-widget__width-initial elementor-widget elementor-widget-image\" data-id=\"0909659\" data-element_type=\"widget\" data-e-type=\"widget\" data-widget_type=\"image.default\">\n\t\t\t\t\t\t\t\t\t\t\t\t\t\t\t<img decoding=\"async\" src=\"https:\/\/integrata-stiftung.de\/wp-content\/uploads\/2023\/05\/image-3-e1684833262488-150x150.png\" title=\"\" alt=\"\" loading=\"lazy\" \/>\t\t\t\t\t\t\t\t\t\t\t\t\t\t\t<\/div>\n\t\t\t\t<\/div>\n\t\t<div class=\"elementor-element elementor-element-f5ed905 e-con-full e-flex wpr-particle-no wpr-jarallax-no wpr-parallax-no wpr-sticky-section-no e-con e-child\" data-id=\"f5ed905\" data-element_type=\"container\" data-e-type=\"container\">\n\t\t<div class=\"elementor-element elementor-element-fdfe9a2 e-con-full e-flex wpr-particle-no wpr-jarallax-no wpr-parallax-no wpr-sticky-section-no e-con e-child\" data-id=\"fdfe9a2\" data-element_type=\"container\" data-e-type=\"container\">\n\t\t\t\t<div class=\"elementor-element elementor-element-e242b0c elementor-widget elementor-widget-heading\" data-id=\"e242b0c\" data-element_type=\"widget\" data-e-type=\"widget\" data-widget_type=\"heading.default\">\n\t\t\t\t\t<h2 class=\"elementor-heading-title elementor-size-default\">Norbert Katzmarczyk <\/h2>\t\t\t\t<\/div>\n\t\t\t\t<div class=\"elementor-element elementor-element-ce9875e elementor-widget elementor-widget-text-editor\" data-id=\"ce9875e\" data-element_type=\"widget\" data-e-type=\"widget\" data-widget_type=\"text-editor.default\">\n\t\t\t\t\t\t\t\t\t<p><b class=\"\">Thema: Begleitung in die digitale und nachhaltige Zukunft<\/b><\/p><p><a href=\"http:\/\/digitalisierung-und-costing.de\/\" target=\"_blank\" rel=\"noopener\">digitalisierung-und-costing.de<\/a><\/p><p>Kontakt:<br \/><a class=\"moz-txt-link-freetext mailto-link\" href=\"mailto:norbert.katzmarczyk@integrata-stiftung.de\" target=\"_blank\" rel=\"noopener\">norbert.katzmarczyk@integrata-stiftung.de<\/a>\u00a0<\/p>\t\t\t\t\t\t\t\t<\/div>\n\t\t\t\t<\/div>\n\t\t\t\t<div class=\"elementor-element elementor-element-522a2f5 elementor-widget__width-initial elementor-widget elementor-widget-image\" data-id=\"522a2f5\" data-element_type=\"widget\" data-e-type=\"widget\" data-widget_type=\"image.default\">\n\t\t\t\t\t\t\t\t\t\t\t\t\t\t\t<img decoding=\"async\" src=\"https:\/\/integrata-stiftung.de\/wp-content\/uploads\/2023\/07\/Norbert-Katzmarczyk-150x150.jpg\" title=\"\" alt=\"\" loading=\"lazy\" \/>\t\t\t\t\t\t\t\t\t\t\t\t\t\t\t<\/div>\n\t\t\t\t<\/div>\n\t\t<div class=\"elementor-element elementor-element-4aef81a e-con-full e-flex wpr-particle-no wpr-jarallax-no wpr-parallax-no wpr-sticky-section-no e-con e-child\" data-id=\"4aef81a\" data-element_type=\"container\" data-e-type=\"container\">\n\t\t<div class=\"elementor-element elementor-element-2a23adb e-con-full e-flex wpr-particle-no wpr-jarallax-no wpr-parallax-no wpr-sticky-section-no e-con e-child\" data-id=\"2a23adb\" data-element_type=\"container\" data-e-type=\"container\">\n\t\t\t\t<div class=\"elementor-element elementor-element-ef412d7 elementor-widget elementor-widget-heading\" data-id=\"ef412d7\" data-element_type=\"widget\" data-e-type=\"widget\" data-widget_type=\"heading.default\">\n\t\t\t\t\t<h2 class=\"elementor-heading-title elementor-size-default\">Swen Heinemann<\/h2>\t\t\t\t<\/div>\n\t\t\t\t<div class=\"elementor-element elementor-element-e08e077 elementor-widget elementor-widget-text-editor\" data-id=\"e08e077\" data-element_type=\"widget\" data-e-type=\"widget\" data-widget_type=\"text-editor.default\">\n\t\t\t\t\t\t\t\t\t<p><b class=\"\">Thema: <b>Bildung, Coaching und Beratung.\u00a0<br \/><\/b><\/b><b class=\"\"><b>T<\/b><\/b><b class=\"\"><b>rends, Technologien und Innovation.<br \/>AI Transformation, HR, Learning &amp; Development.<\/b><\/b><\/p><p><b class=\"\"><b>Vorstand der Integrata Stiftung<\/b><\/b><\/p><p>Kontakt:<br \/><a href=\"mailto:swen.heinemann@integrata-stiftung.de\">swen.heinemann@integrata-stiftung.de<\/a>\u00a0<\/p>\t\t\t\t\t\t\t\t<\/div>\n\t\t\t\t<\/div>\n\t\t\t\t<div class=\"elementor-element elementor-element-7922e30 elementor-widget__width-initial elementor-widget elementor-widget-image\" data-id=\"7922e30\" data-element_type=\"widget\" data-e-type=\"widget\" data-widget_type=\"image.default\">\n\t\t\t\t\t\t\t\t\t\t\t\t\t\t\t<img decoding=\"async\" src=\"https:\/\/integrata-stiftung.de\/wp-content\/uploads\/2025\/03\/IMG_1002-scaled-e1743257960404-150x150.jpeg\" title=\"\" alt=\"\" loading=\"lazy\" \/>\t\t\t\t\t\t\t\t\t\t\t\t\t\t\t<\/div>\n\t\t\t\t<\/div>\n\t\t<div class=\"elementor-element elementor-element-f36762d e-con-full e-flex wpr-particle-no wpr-jarallax-no wpr-parallax-no wpr-sticky-section-no e-con e-child\" data-id=\"f36762d\" data-element_type=\"container\" data-e-type=\"container\">\n\t\t<div class=\"elementor-element elementor-element-e8778e6 e-con-full e-flex wpr-particle-no wpr-jarallax-no wpr-parallax-no wpr-sticky-section-no e-con e-child\" data-id=\"e8778e6\" data-element_type=\"container\" data-e-type=\"container\">\n\t\t\t\t<div class=\"elementor-element elementor-element-c7c9085 elementor-widget elementor-widget-heading\" data-id=\"c7c9085\" data-element_type=\"widget\" data-e-type=\"widget\" data-widget_type=\"heading.default\">\n\t\t\t\t\t<h2 class=\"elementor-heading-title elementor-size-default\">Dr. Volker Ohlinger<\/h2>\t\t\t\t<\/div>\n\t\t\t\t<div class=\"elementor-element elementor-element-bb3d198 elementor-widget elementor-widget-text-editor\" data-id=\"bb3d198\" data-element_type=\"widget\" data-e-type=\"widget\" data-widget_type=\"text-editor.default\">\n\t\t\t\t\t\t\t\t\t<p><strong>Thema: Ver\u00e4nderungsstrategien und Changemanagement<\/strong><\/p><p>Strategie- &amp; Managementberatung<\/p><p>Kontakt:<br \/><a class=\"mailto-link\" href=\"mailto:Volker.ohlinger@t-online.de\" target=\"_blank\" rel=\"noopener\">Volker.ohlinger@t-online.de<\/a><\/p>\t\t\t\t\t\t\t\t<\/div>\n\t\t\t\t<\/div>\n\t\t\t\t<div class=\"elementor-element elementor-element-de52173 elementor-widget__width-initial elementor-widget elementor-widget-image\" data-id=\"de52173\" data-element_type=\"widget\" data-e-type=\"widget\" data-widget_type=\"image.default\">\n\t\t\t\t\t\t\t\t\t\t\t\t\t\t\t<img decoding=\"async\" src=\"https:\/\/integrata-stiftung.de\/wp-content\/uploads\/2023\/09\/image1-150x150.jpeg\" title=\"\" alt=\"\" loading=\"lazy\" \/>\t\t\t\t\t\t\t\t\t\t\t\t\t\t\t<\/div>\n\t\t\t\t<\/div>\n\t\t<div class=\"elementor-element elementor-element-a6f5801 e-con-full e-flex wpr-particle-no wpr-jarallax-no wpr-parallax-no wpr-sticky-section-no e-con e-child\" data-id=\"a6f5801\" data-element_type=\"container\" data-e-type=\"container\">\n\t\t<div class=\"elementor-element elementor-element-6068a5e e-con-full e-flex wpr-particle-no wpr-jarallax-no wpr-parallax-no wpr-sticky-section-no e-con e-child\" data-id=\"6068a5e\" data-element_type=\"container\" data-e-type=\"container\">\n\t\t\t\t<div class=\"elementor-element elementor-element-abcadae elementor-widget elementor-widget-heading\" data-id=\"abcadae\" data-element_type=\"widget\" data-e-type=\"widget\" data-widget_type=\"heading.default\">\n\t\t\t\t\t<h2 class=\"elementor-heading-title elementor-size-default\">Johannes Schleiss<\/h2>\t\t\t\t<\/div>\n\t\t\t\t<div class=\"elementor-element elementor-element-ff47d9f elementor-widget elementor-widget-text-editor\" data-id=\"ff47d9f\" data-element_type=\"widget\" data-e-type=\"widget\" data-widget_type=\"text-editor.default\">\n\t\t\t\t\t\t\t\t\t<p><strong>Thema: KI und Bildung<\/strong><\/p><p>Forscher und Bildungsvordenker<strong><br \/><\/strong><\/p><p>Kontakt:<br \/><a href=\"mailto:johannes.schleiss@ovgu.de\">johannes.schleiss@ovgu.de<\/a><\/p>\t\t\t\t\t\t\t\t<\/div>\n\t\t\t\t<\/div>\n\t\t\t\t<div class=\"elementor-element elementor-element-dfa8871 elementor-widget__width-initial elementor-widget elementor-widget-image\" data-id=\"dfa8871\" data-element_type=\"widget\" data-e-type=\"widget\" data-widget_type=\"image.default\">\n\t\t\t\t\t\t\t\t\t\t\t\t\t\t\t<img decoding=\"async\" src=\"https:\/\/integrata-stiftung.de\/wp-content\/uploads\/2024\/01\/Johannes_Bild_small-2-150x150.jpeg\" title=\"\" alt=\"\" loading=\"lazy\" \/>\t\t\t\t\t\t\t\t\t\t\t\t\t\t\t<\/div>\n\t\t\t\t<\/div>\n\t\t<div class=\"elementor-element elementor-element-32b6904 e-con-full e-flex wpr-particle-no wpr-jarallax-no wpr-parallax-no wpr-sticky-section-no e-con e-child\" data-id=\"32b6904\" data-element_type=\"container\" data-e-type=\"container\">\n\t\t<div class=\"elementor-element elementor-element-7cab96b e-con-full e-flex wpr-particle-no wpr-jarallax-no wpr-parallax-no wpr-sticky-section-no e-con e-child\" data-id=\"7cab96b\" data-element_type=\"container\" data-e-type=\"container\">\n\t\t\t\t<div class=\"elementor-element elementor-element-ee38935 elementor-widget elementor-widget-heading\" data-id=\"ee38935\" data-element_type=\"widget\" data-e-type=\"widget\" data-widget_type=\"heading.default\">\n\t\t\t\t\t<h2 class=\"elementor-heading-title elementor-size-default\">Christopher Autenrieth<\/h2>\t\t\t\t<\/div>\n\t\t\t\t<div class=\"elementor-element elementor-element-ecd3d5d elementor-widget elementor-widget-text-editor\" data-id=\"ecd3d5d\" data-element_type=\"widget\" data-e-type=\"widget\" data-widget_type=\"text-editor.default\">\n\t\t\t\t\t\t\t\t\t<p>Kontakt:<br \/><a href=\"mailto:cl.autenrieth@gmail.com\">cl.autenrieth@gmail.com<\/a><\/p>\t\t\t\t\t\t\t\t<\/div>\n\t\t\t\t<\/div>\n\t\t\t\t<div class=\"elementor-element elementor-element-2a9b606 elementor-widget__width-initial elementor-widget elementor-widget-image\" data-id=\"2a9b606\" data-element_type=\"widget\" data-e-type=\"widget\" data-widget_type=\"image.default\">\n\t\t\t\t\t\t\t\t\t\t\t\t\t\t\t<img decoding=\"async\" src=\"https:\/\/integrata-stiftung.de\/wp-content\/uploads\/2025\/05\/Chris-Authenriet-600x600.jpeg\" title=\"\" alt=\"\" loading=\"lazy\" \/>\t\t\t\t\t\t\t\t\t\t\t\t\t\t\t<\/div>\n\t\t\t\t<\/div>\n\t\t<div class=\"elementor-element elementor-element-5517081 e-con-full e-flex wpr-particle-no wpr-jarallax-no wpr-parallax-no wpr-sticky-section-no e-con e-child\" data-id=\"5517081\" data-element_type=\"container\" data-e-type=\"container\">\n\t\t<div class=\"elementor-element elementor-element-26e5bf4 e-con-full e-flex wpr-particle-no wpr-jarallax-no wpr-parallax-no wpr-sticky-section-no e-con e-child\" data-id=\"26e5bf4\" data-element_type=\"container\" data-e-type=\"container\">\n\t\t\t\t<div class=\"elementor-element elementor-element-8c45eeb elementor-widget elementor-widget-heading\" data-id=\"8c45eeb\" data-element_type=\"widget\" data-e-type=\"widget\" data-widget_type=\"heading.default\">\n\t\t\t\t\t<h2 class=\"elementor-heading-title elementor-size-default\">Klaus Giebermann<\/h2>\t\t\t\t<\/div>\n\t\t\t\t<div class=\"elementor-element elementor-element-ca1774d elementor-widget elementor-widget-text-editor\" data-id=\"ca1774d\" data-element_type=\"widget\" data-e-type=\"widget\" data-widget_type=\"text-editor.default\">\n\t\t\t\t\t\t\t\t\t<p><strong>Thema: Bildung und Digitalisierung<\/strong><\/p><p>Kontakt:<br \/><a href=\"mailto:klaus.giebermann@hs-ruhrwest.de\">klaus.giebermann@hs-ruhrwest.de<\/a><\/p>\t\t\t\t\t\t\t\t<\/div>\n\t\t\t\t<\/div>\n\t\t\t\t<div class=\"elementor-element elementor-element-e12eb61 elementor-widget__width-initial elementor-widget elementor-widget-image\" data-id=\"e12eb61\" data-element_type=\"widget\" data-e-type=\"widget\" data-widget_type=\"image.default\">\n\t\t\t\t\t\t\t\t\t\t\t\t\t\t\t<img decoding=\"async\" src=\"https:\/\/integrata-stiftung.de\/wp-content\/uploads\/2024\/07\/Klaus-Giebermann-150x150.jpeg\" title=\"\" alt=\"\" loading=\"lazy\" \/>\t\t\t\t\t\t\t\t\t\t\t\t\t\t\t<\/div>\n\t\t\t\t<\/div>\n\t\t<div class=\"elementor-element elementor-element-db9b1a5 e-con-full e-flex wpr-particle-no wpr-jarallax-no wpr-parallax-no wpr-sticky-section-no e-con e-child\" data-id=\"db9b1a5\" data-element_type=\"container\" data-e-type=\"container\">\n\t\t<div class=\"elementor-element elementor-element-047fab3 e-con-full e-flex wpr-particle-no wpr-jarallax-no wpr-parallax-no wpr-sticky-section-no e-con e-child\" data-id=\"047fab3\" data-element_type=\"container\" data-e-type=\"container\">\n\t\t\t\t<div class=\"elementor-element elementor-element-5887ce9 elementor-widget elementor-widget-heading\" data-id=\"5887ce9\" data-element_type=\"widget\" data-e-type=\"widget\" data-widget_type=\"heading.default\">\n\t\t\t\t\t<h2 class=\"elementor-heading-title elementor-size-default\">Stefan Holtel<\/h2>\t\t\t\t<\/div>\n\t\t\t\t<div class=\"elementor-element elementor-element-ba3b62c elementor-widget elementor-widget-text-editor\" data-id=\"ba3b62c\" data-element_type=\"widget\" data-e-type=\"widget\" data-widget_type=\"text-editor.default\">\n\t\t\t\t\t\t\t\t\t<div class=\"elementToProof\"><strong>Thema: Kuration des digitalen Wandels im Spannungsfeld von Technik, Organisation, Psychologie und Philosophie<\/strong><\/div><div>\u00a0<\/div><p>Kontakt:<br \/><a class=\"mailto-link\" href=\"mailto:stefan.holtel@gmail.com\" target=\"_blank\" rel=\"noopener\">stefan.holtel@gmail.com<\/a><\/p>\t\t\t\t\t\t\t\t<\/div>\n\t\t\t\t<\/div>\n\t\t\t\t<div class=\"elementor-element elementor-element-8acbd6c elementor-widget__width-initial elementor-widget elementor-widget-image\" data-id=\"8acbd6c\" data-element_type=\"widget\" data-e-type=\"widget\" data-widget_type=\"image.default\">\n\t\t\t\t\t\t\t\t\t\t\t\t\t\t\t<img decoding=\"async\" src=\"https:\/\/integrata-stiftung.de\/wp-content\/uploads\/2024\/07\/2021-10-Holtel-Portraet-150x150.jpg\" title=\"\" alt=\"\" loading=\"lazy\" \/>\t\t\t\t\t\t\t\t\t\t\t\t\t\t\t<\/div>\n\t\t\t\t<\/div>\n\t\t<div class=\"elementor-element elementor-element-c13f5b8 e-con-full e-flex wpr-particle-no wpr-jarallax-no wpr-parallax-no wpr-sticky-section-no e-con e-child\" data-id=\"c13f5b8\" data-element_type=\"container\" data-e-type=\"container\">\n\t\t<div class=\"elementor-element elementor-element-7d347a9 e-con-full e-flex wpr-particle-no wpr-jarallax-no wpr-parallax-no wpr-sticky-section-no e-con e-child\" data-id=\"7d347a9\" data-element_type=\"container\" data-e-type=\"container\">\n\t\t\t\t<div class=\"elementor-element elementor-element-0396556 elementor-widget elementor-widget-heading\" data-id=\"0396556\" data-element_type=\"widget\" data-e-type=\"widget\" data-widget_type=\"heading.default\">\n\t\t\t\t\t<h2 class=\"elementor-heading-title elementor-size-default\">Susanne Moser<\/h2>\t\t\t\t<\/div>\n\t\t\t\t<div class=\"elementor-element elementor-element-3844110 elementor-widget elementor-widget-text-editor\" data-id=\"3844110\" data-element_type=\"widget\" data-e-type=\"widget\" data-widget_type=\"text-editor.default\">\n\t\t\t\t\t\t\t\t\t<div>Philosophin und Werteforscherin,<\/div><div>Institut f\u00fcr Axiologische Forschungen, Wien.<\/div><div>\u00a0<\/div><p>Kontakt:<br \/><a href=\"mailto:moser@iaf.ac.at\">moser@iaf.ac.at<\/a><\/p>\t\t\t\t\t\t\t\t<\/div>\n\t\t\t\t<\/div>\n\t\t\t\t<div class=\"elementor-element elementor-element-edd8d24 elementor-widget__width-initial elementor-widget elementor-widget-image\" data-id=\"edd8d24\" data-element_type=\"widget\" data-e-type=\"widget\" data-widget_type=\"image.default\">\n\t\t\t\t\t\t\t\t\t\t\t\t\t\t\t<img decoding=\"async\" src=\"https:\/\/integrata-stiftung.de\/wp-content\/uploads\/2024\/09\/SMoser3-150x150.png\" title=\"\" alt=\"\" loading=\"lazy\" \/>\t\t\t\t\t\t\t\t\t\t\t\t\t\t\t<\/div>\n\t\t\t\t<\/div>\n\t\t<div class=\"elementor-element elementor-element-439c957 e-con-full e-flex wpr-particle-no wpr-jarallax-no wpr-parallax-no wpr-sticky-section-no e-con e-child\" data-id=\"439c957\" data-element_type=\"container\" data-e-type=\"container\">\n\t\t<div class=\"elementor-element elementor-element-eaa66c8 e-con-full e-flex wpr-particle-no wpr-jarallax-no wpr-parallax-no wpr-sticky-section-no e-con e-child\" data-id=\"eaa66c8\" data-element_type=\"container\" data-e-type=\"container\">\n\t\t\t\t<div class=\"elementor-element elementor-element-e83a8d2 elementor-widget elementor-widget-heading\" data-id=\"e83a8d2\" data-element_type=\"widget\" data-e-type=\"widget\" data-widget_type=\"heading.default\">\n\t\t\t\t\t<h2 class=\"elementor-heading-title elementor-size-default\">Martin Lengefeld<\/h2>\t\t\t\t<\/div>\n\t\t\t\t<div class=\"elementor-element elementor-element-861956d elementor-widget elementor-widget-text-editor\" data-id=\"861956d\" data-element_type=\"widget\" data-e-type=\"widget\" data-widget_type=\"text-editor.default\">\n\t\t\t\t\t\t\t\t\t<div class=\"elementToProof\"><strong>Thema:<\/strong><p>Digitales Lernen, Bildung, Trainer &amp; Coach f\u00fcr F\u00fchrung, Kommunikation &amp; Pr\u00e4sentation, Gr\u00fcnder und Gesch\u00e4ftsf\u00fchrer der Little Helper Verlags GmbH, Inhaber der BET,\u00a0 Training, Coaching &amp; Moderation<\/p><\/div><p>Kontakt:<br \/><a class=\"moz-txt-link-freetext mailto-link\" href=\"mailto:martin.lengefeld@integrata-stiftung.de\" target=\"_blank\" rel=\"noopener\">martin.lengefeld@integrata-stiftung.de<\/a>\u00a0<\/p>\t\t\t\t\t\t\t\t<\/div>\n\t\t\t\t<\/div>\n\t\t\t\t<div class=\"elementor-element elementor-element-2fed791 elementor-widget__width-initial elementor-widget elementor-widget-image\" data-id=\"2fed791\" data-element_type=\"widget\" data-e-type=\"widget\" data-widget_type=\"image.default\">\n\t\t\t\t\t\t\t\t\t\t\t\t\t\t\t<img decoding=\"async\" src=\"https:\/\/integrata-stiftung.de\/wp-content\/uploads\/2024\/08\/passfoto-klein-150x150.png\" title=\"\" alt=\"\" loading=\"lazy\" \/>\t\t\t\t\t\t\t\t\t\t\t\t\t\t\t<\/div>\n\t\t\t\t<\/div>\n\t\t<div class=\"elementor-element elementor-element-03e0d4e e-con-full e-flex wpr-particle-no wpr-jarallax-no wpr-parallax-no wpr-sticky-section-no e-con e-child\" data-id=\"03e0d4e\" data-element_type=\"container\" data-e-type=\"container\">\n\t\t<div class=\"elementor-element elementor-element-0c0b765 e-con-full e-flex wpr-particle-no wpr-jarallax-no wpr-parallax-no wpr-sticky-section-no e-con e-child\" data-id=\"0c0b765\" data-element_type=\"container\" data-e-type=\"container\">\n\t\t\t\t<div class=\"elementor-element elementor-element-abef453 elementor-widget elementor-widget-heading\" data-id=\"abef453\" data-element_type=\"widget\" data-e-type=\"widget\" data-widget_type=\"heading.default\">\n\t\t\t\t\t<h2 class=\"elementor-heading-title elementor-size-default\">Prof. Dr. Yvanka B. Raynova<\/h2>\t\t\t\t<\/div>\n\t\t\t\t<div class=\"elementor-element elementor-element-c9cec44 elementor-widget elementor-widget-text-editor\" data-id=\"c9cec44\" data-element_type=\"widget\" data-e-type=\"widget\" data-widget_type=\"text-editor.default\">\n\t\t\t\t\t\t\t\t\t<div class=\"elementToProof\"><p><strong>Thema:<br \/><\/strong>Verantwortung und Werte im digitalen Zeitalter<\/p><p>Leiterin des Instituts f\u00fcr Axiologische Forschungen (Wien); Hochschulprofessorin, Werteforscherin; <a href=\"https:\/\/www.raynova.eu\/\">https:\/\/www.raynova.eu<\/a><\/p><\/div><p>Kontakt:<br \/><a class=\"mailto-link\" href=\"mailto:yvanka.raynova@integrata-stiftung.de\" target=\"_blank\" rel=\"noopener\">yvanka.raynova@integrata-stiftung.de<\/a><\/p>\t\t\t\t\t\t\t\t<\/div>\n\t\t\t\t<\/div>\n\t\t\t\t<div class=\"elementor-element elementor-element-7930e03 elementor-widget__width-initial elementor-widget elementor-widget-image\" data-id=\"7930e03\" data-element_type=\"widget\" data-e-type=\"widget\" data-widget_type=\"image.default\">\n\t\t\t\t\t\t\t\t\t\t\t\t\t\t\t<img decoding=\"async\" src=\"https:\/\/integrata-stiftung.de\/wp-content\/uploads\/2024\/08\/Yvanka-Raynova-150x150.jpg\" title=\"\" alt=\"\" loading=\"lazy\" \/>\t\t\t\t\t\t\t\t\t\t\t\t\t\t\t<\/div>\n\t\t\t\t<\/div>\n\t\t<div class=\"elementor-element elementor-element-25a3557 e-con-full e-flex wpr-particle-no wpr-jarallax-no wpr-parallax-no wpr-sticky-section-no e-con e-child\" data-id=\"25a3557\" data-element_type=\"container\" data-e-type=\"container\">\n\t\t<div class=\"elementor-element elementor-element-07a2e73 e-con-full e-flex wpr-particle-no wpr-jarallax-no wpr-parallax-no wpr-sticky-section-no e-con e-child\" data-id=\"07a2e73\" data-element_type=\"container\" data-e-type=\"container\">\n\t\t\t\t<div class=\"elementor-element elementor-element-19647ba elementor-widget elementor-widget-heading\" data-id=\"19647ba\" data-element_type=\"widget\" data-e-type=\"widget\" data-widget_type=\"heading.default\">\n\t\t\t\t\t<h2 class=\"elementor-heading-title elementor-size-default\">Thomas Vehmeier<\/h2>\t\t\t\t<\/div>\n\t\t\t\t<div class=\"elementor-element elementor-element-a6b40cd elementor-widget elementor-widget-text-editor\" data-id=\"a6b40cd\" data-element_type=\"widget\" data-e-type=\"widget\" data-widget_type=\"text-editor.default\">\n\t\t\t\t\t\t\t\t\t<div class=\"elementToProof\"><p><strong>Thema:<\/strong><\/p><p>Digitalstrategie, Innovation, Digital Leadership, Design Thinking, KI-Tools<\/p><\/div><p>Kontakt:<br \/><a class=\"moz-txt-link-freetext mailto-link\" href=\"mailto:martin.lengefeld@integrata-stiftung.de\" target=\"_blank\" rel=\"noopener\">thomas.vehmeier@integrata-stiftung.de<\/a>\u00a0<\/p>\t\t\t\t\t\t\t\t<\/div>\n\t\t\t\t<\/div>\n\t\t\t\t<div class=\"elementor-element elementor-element-e780b38 elementor-widget__width-initial elementor-widget elementor-widget-image\" data-id=\"e780b38\" data-element_type=\"widget\" data-e-type=\"widget\" data-widget_type=\"image.default\">\n\t\t\t\t\t\t\t\t\t\t\t\t\t\t\t<img decoding=\"async\" src=\"https:\/\/integrata-stiftung.de\/wp-content\/uploads\/2024\/11\/Bildschirmfoto-2024-11-20-um-08.46.59-150x150.png\" title=\"\" alt=\"\" loading=\"lazy\" \/>\t\t\t\t\t\t\t\t\t\t\t\t\t\t\t<\/div>\n\t\t\t\t<\/div>\n\t\t<div class=\"elementor-element elementor-element-03e3d64 e-con-full e-flex wpr-particle-no wpr-jarallax-no wpr-parallax-no wpr-sticky-section-no e-con e-child\" data-id=\"03e3d64\" data-element_type=\"container\" data-e-type=\"container\">\n\t\t<div class=\"elementor-element elementor-element-2dd0fdb e-con-full e-flex wpr-particle-no wpr-jarallax-no wpr-parallax-no wpr-sticky-section-no e-con e-child\" data-id=\"2dd0fdb\" data-element_type=\"container\" data-e-type=\"container\">\n\t\t\t\t<div class=\"elementor-element elementor-element-9df5750 elementor-widget elementor-widget-heading\" data-id=\"9df5750\" data-element_type=\"widget\" data-e-type=\"widget\" data-widget_type=\"heading.default\">\n\t\t\t\t\t<h2 class=\"elementor-heading-title elementor-size-default\">Martin Salzwedel<\/h2>\t\t\t\t<\/div>\n\t\t\t\t<div class=\"elementor-element elementor-element-4d8da04 elementor-widget elementor-widget-text-editor\" data-id=\"4d8da04\" data-element_type=\"widget\" data-e-type=\"widget\" data-widget_type=\"text-editor.default\">\n\t\t\t\t\t\t\t\t\t<div class=\"elementToProof\"><p><strong>Thema:<br \/><\/strong>Pers\u00f6nlichkeitsentwicklung, Kommunikation in F\u00fchrung, Verhandlung und Vertrieb, Netzwerk (als Steuerungsform sozialer Systeme), Leadership by Music, Business-Enneagramm<\/p><\/div><p>Kontakt:<br \/><a class=\"mailto-link\" href=\"mailto:yvanka.raynova@integrata-stiftung.de\" target=\"_blank\" rel=\"noopener\">martin.salzwedel@integrata-stiftung.de<\/a><\/p>\t\t\t\t\t\t\t\t<\/div>\n\t\t\t\t<\/div>\n\t\t\t\t<div class=\"elementor-element elementor-element-24fd1c4 elementor-widget__width-initial elementor-widget elementor-widget-image\" data-id=\"24fd1c4\" data-element_type=\"widget\" data-e-type=\"widget\" data-widget_type=\"image.default\">\n\t\t\t\t\t\t\t\t\t\t\t\t\t\t\t<img decoding=\"async\" src=\"https:\/\/integrata-stiftung.de\/wp-content\/uploads\/2024\/11\/Bildschirmfoto-2024-11-20-um-08.47.19-150x150.png\" title=\"\" alt=\"\" loading=\"lazy\" \/>\t\t\t\t\t\t\t\t\t\t\t\t\t\t\t<\/div>\n\t\t\t\t<\/div>\n\t\t<div class=\"elementor-element elementor-element-aca5e3a e-con-full e-flex wpr-particle-no wpr-jarallax-no wpr-parallax-no wpr-sticky-section-no e-con e-child\" data-id=\"aca5e3a\" data-element_type=\"container\" data-e-type=\"container\">\n\t\t<div class=\"elementor-element elementor-element-be619b3 e-con-full e-flex wpr-particle-no wpr-jarallax-no wpr-parallax-no wpr-sticky-section-no e-con e-child\" data-id=\"be619b3\" data-element_type=\"container\" data-e-type=\"container\">\n\t\t\t\t<div class=\"elementor-element elementor-element-c31df26 elementor-widget elementor-widget-heading\" data-id=\"c31df26\" data-element_type=\"widget\" data-e-type=\"widget\" data-widget_type=\"heading.default\">\n\t\t\t\t\t<h2 class=\"elementor-heading-title elementor-size-default\">Fridtjof Wandt<\/h2>\t\t\t\t<\/div>\n\t\t\t\t<div class=\"elementor-element elementor-element-64eb689 elementor-widget elementor-widget-text-editor\" data-id=\"64eb689\" data-element_type=\"widget\" data-e-type=\"widget\" data-widget_type=\"text-editor.default\">\n\t\t\t\t\t\t\t\t\t<div class=\"elementToProof\"><p><strong>Thema: Life Coaching, Pers\u00f6nkichkeitsentwicklung, Coaching in Krisensituationen<\/strong><\/p><\/div><p>Kontakt:<br \/><a href=\"mailto:fridtjof.wandt@integrata-stiftung.de\">fridtjof.wandt@integrata-stiftung.de\u00a0<\/a><\/p>\t\t\t\t\t\t\t\t<\/div>\n\t\t\t\t<\/div>\n\t\t\t\t<div class=\"elementor-element elementor-element-7598cc5 elementor-widget__width-initial elementor-widget elementor-widget-image\" data-id=\"7598cc5\" data-element_type=\"widget\" data-e-type=\"widget\" data-widget_type=\"image.default\">\n\t\t\t\t\t\t\t\t\t\t\t\t\t\t\t<img decoding=\"async\" src=\"https:\/\/integrata-stiftung.de\/wp-content\/uploads\/2025\/03\/DSC02284-qxofzqrat3b4rl0et1sf84u1afmpgpmugh36bw3cmw-e1743259368754-150x150.jpeg\" title=\"\" alt=\"\" loading=\"lazy\" \/>\t\t\t\t\t\t\t\t\t\t\t\t\t\t\t<\/div>\n\t\t\t\t<\/div>\n\t\t<div class=\"elementor-element elementor-element-428b256 e-con-full e-flex wpr-particle-no wpr-jarallax-no wpr-parallax-no wpr-sticky-section-no e-con e-child\" data-id=\"428b256\" data-element_type=\"container\" data-e-type=\"container\">\n\t\t<div class=\"elementor-element elementor-element-0d3ec06 e-con-full e-flex wpr-particle-no wpr-jarallax-no wpr-parallax-no wpr-sticky-section-no e-con e-child\" data-id=\"0d3ec06\" data-element_type=\"container\" data-e-type=\"container\">\n\t\t\t\t<div class=\"elementor-element elementor-element-7b08182 elementor-widget elementor-widget-heading\" data-id=\"7b08182\" data-element_type=\"widget\" data-e-type=\"widget\" data-widget_type=\"heading.default\">\n\t\t\t\t\t<h2 class=\"elementor-heading-title elementor-size-default\">Sven Jung<\/h2>\t\t\t\t<\/div>\n\t\t\t\t<div class=\"elementor-element elementor-element-3fe5fa7 elementor-widget elementor-widget-text-editor\" data-id=\"3fe5fa7\" data-element_type=\"widget\" data-e-type=\"widget\" data-widget_type=\"text-editor.default\">\n\t\t\t\t\t\t\t\t\t<p><strong>Thema: Ver\u00e4nderungsmanagement, Methoden und Tools sowie Begleitung f\u00fcr kooperative Entscheidungsfindung \u00a0<br \/><\/strong>Kontakt:<br \/><a class=\"mailto-link\" href=\"mailto:sven.jung@integrata-stiftung.de\" target=\"_blank\" rel=\"noopener\">sven.jung@integrata-stiftung.de<\/a><\/p>\t\t\t\t\t\t\t\t<\/div>\n\t\t\t\t<\/div>\n\t\t\t\t<div class=\"elementor-element elementor-element-af4393f elementor-widget__width-initial elementor-widget elementor-widget-image\" data-id=\"af4393f\" data-element_type=\"widget\" data-e-type=\"widget\" data-widget_type=\"image.default\">\n\t\t\t\t\t\t\t\t\t\t\t\t\t\t\t<img decoding=\"async\" src=\"https:\/\/integrata-stiftung.de\/wp-content\/uploads\/2025\/03\/P1010871-B-02-Quadrat-300x300-1-e1743259603807-150x150.jpg\" title=\"\" alt=\"\" loading=\"lazy\" \/>\t\t\t\t\t\t\t\t\t\t\t\t\t\t\t<\/div>\n\t\t\t\t<\/div>\n\t\t<div class=\"elementor-element elementor-element-035b42c e-con-full e-flex wpr-particle-no wpr-jarallax-no wpr-parallax-no wpr-sticky-section-no e-con e-child\" data-id=\"035b42c\" data-element_type=\"container\" data-e-type=\"container\">\n\t\t<div class=\"elementor-element elementor-element-d7558d7 e-con-full e-flex wpr-particle-no wpr-jarallax-no wpr-parallax-no wpr-sticky-section-no e-con e-child\" data-id=\"d7558d7\" data-element_type=\"container\" data-e-type=\"container\">\n\t\t\t\t<div class=\"elementor-element elementor-element-3a2cd09 elementor-widget elementor-widget-heading\" data-id=\"3a2cd09\" data-element_type=\"widget\" data-e-type=\"widget\" data-widget_type=\"heading.default\">\n\t\t\t\t\t<h2 class=\"elementor-heading-title elementor-size-default\">Sirius Noske<\/h2>\t\t\t\t<\/div>\n\t\t\t\t<div class=\"elementor-element elementor-element-239e78f elementor-widget elementor-widget-text-editor\" data-id=\"239e78f\" data-element_type=\"widget\" data-e-type=\"widget\" data-widget_type=\"text-editor.default\">\n\t\t\t\t\t\t\t\t\t<div class=\"elementToProof\"><p>T<b>hema:\u00a0<\/b><b>KI, digitale Medien und deren Einfluss auf Gesellschaft, Demokratie und Kommunikation<\/b><\/p><p>Master-Student der allgemeinen Rhetorik, Dozent im Rahmen des TRACS (Universit\u00e4t\u00a0T\u00fcbingen), Mitbegr\u00fcnder der studentischen Initiative \u201eparanova\u201c<\/p><\/div><p>Kontakt:<br \/><a href=\"mailto:sirius.noske@integrata-stiftung.de\">sirius.noske@integrat-stiftung.de<\/a><\/p>\t\t\t\t\t\t\t\t<\/div>\n\t\t\t\t<\/div>\n\t\t\t\t<div class=\"elementor-element elementor-element-350e380 elementor-widget__width-initial elementor-widget elementor-widget-image\" data-id=\"350e380\" data-element_type=\"widget\" data-e-type=\"widget\" data-widget_type=\"image.default\">\n\t\t\t\t\t\t\t\t\t\t\t\t\t\t\t<img decoding=\"async\" src=\"https:\/\/integrata-stiftung.de\/wp-content\/uploads\/2025\/10\/Jaquett-1-e1761561440149-150x150.png\" title=\"\" alt=\"\" loading=\"lazy\" \/>\t\t\t\t\t\t\t\t\t\t\t\t\t\t\t<\/div>\n\t\t\t\t<\/div>\n\t\t<div class=\"elementor-element elementor-element-54a3cb3 e-con-full e-flex wpr-particle-no wpr-jarallax-no wpr-parallax-no wpr-sticky-section-no e-con e-child\" data-id=\"54a3cb3\" data-element_type=\"container\" data-e-type=\"container\">\n\t\t<div class=\"elementor-element elementor-element-dd2345c e-con-full e-flex wpr-particle-no wpr-jarallax-no wpr-parallax-no wpr-sticky-section-no e-con e-child\" data-id=\"dd2345c\" data-element_type=\"container\" data-e-type=\"container\">\n\t\t\t\t<div class=\"elementor-element elementor-element-e502d94 elementor-widget elementor-widget-heading\" data-id=\"e502d94\" data-element_type=\"widget\" data-e-type=\"widget\" data-widget_type=\"heading.default\">\n\t\t\t\t\t<h2 class=\"elementor-heading-title elementor-size-default\">Dr. Jakub Sowula<\/h2>\t\t\t\t<\/div>\n\t\t\t\t<div class=\"elementor-element elementor-element-20438b6 elementor-widget elementor-widget-text-editor\" data-id=\"20438b6\" data-element_type=\"widget\" data-e-type=\"widget\" data-widget_type=\"text-editor.default\">\n\t\t\t\t\t\t\t\t\t<div class=\"elementToProof\"><p><strong>Thema: KI-Einsatz in der sozialwissenschaftlichen Forschung, Auswirkung von KI auf die soziale Sicherheit und das Wohlbefinden von Menschen<\/strong><\/p><p>Forschender (Post-Doc) und Dozent an der Universit\u00e4t T\u00fcbingen (Institut f\u00fcr Politikwissenschaft)<\/p><\/div><p>Kontakt:<br \/><a href=\"mailto:jakub.sowula@integrata-stiftung.de\">jakub.sowula@integrata-stiftung.de<\/a><\/p>\t\t\t\t\t\t\t\t<\/div>\n\t\t\t\t<\/div>\n\t\t\t\t<div class=\"elementor-element elementor-element-19f88e4 elementor-widget__width-initial elementor-widget elementor-widget-image\" data-id=\"19f88e4\" data-element_type=\"widget\" data-e-type=\"widget\" data-widget_type=\"image.default\">\n\t\t\t\t\t\t\t\t\t\t\t\t\t\t\t<img decoding=\"async\" src=\"https:\/\/integrata-stiftung.de\/wp-content\/uploads\/2025\/09\/01-Sowula_Jakub-Highres-300x300.jpg\" title=\"\" alt=\"\" loading=\"lazy\" \/>\t\t\t\t\t\t\t\t\t\t\t\t\t\t\t<\/div>\n\t\t\t\t<\/div>\n\t\t<div class=\"elementor-element elementor-element-ae42270 e-con-full e-flex wpr-particle-no wpr-jarallax-no wpr-parallax-no wpr-sticky-section-no e-con e-child\" data-id=\"ae42270\" data-element_type=\"container\" data-e-type=\"container\">\n\t\t<div class=\"elementor-element elementor-element-5d68b3e e-con-full e-flex wpr-particle-no wpr-jarallax-no wpr-parallax-no wpr-sticky-section-no e-con e-child\" data-id=\"5d68b3e\" data-element_type=\"container\" data-e-type=\"container\">\n\t\t\t\t<div class=\"elementor-element elementor-element-2c4f2c2 elementor-widget elementor-widget-heading\" data-id=\"2c4f2c2\" data-element_type=\"widget\" data-e-type=\"widget\" data-widget_type=\"heading.default\">\n\t\t\t\t\t<h2 class=\"elementor-heading-title elementor-size-default\">Dr. Berthold Kratzenstein<\/h2>\t\t\t\t<\/div>\n\t\t\t\t<div class=\"elementor-element elementor-element-b99954a elementor-widget elementor-widget-text-editor\" data-id=\"b99954a\" data-element_type=\"widget\" data-e-type=\"widget\" data-widget_type=\"text-editor.default\">\n\t\t\t\t\t\t\t\t\t<div><p><strong>Thema: Medizin<\/strong><\/p><p>Zahnarzt und Anwender der KI im Praxisalltag\u00a0<\/p><\/div><p>Kontakt:\u00a0<br \/><a href=\"mailto:berthold.kratzenstein@integrata-stiftung.de\">berthold.kratzenstein@integrata-stiftung.de<\/a><\/p>\t\t\t\t\t\t\t\t<\/div>\n\t\t\t\t<\/div>\n\t\t\t\t<\/div>\n\t\t\t\t<\/div>\n\t\t\t\t\t<\/div>\n\t\t\t\t<\/div>\n\t\t<div class=\"elementor-element elementor-element-a391fe9 e-flex e-con-boxed wpr-particle-no wpr-jarallax-no wpr-parallax-no wpr-sticky-section-no e-con e-parent\" data-id=\"a391fe9\" data-element_type=\"container\" data-e-type=\"container\">\n\t\t\t\t\t<div class=\"e-con-inner\">\n\t\t\t\t<div class=\"elementor-element elementor-element-f997b5f elementor-widget elementor-widget-spacer\" data-id=\"f997b5f\" data-element_type=\"widget\" data-e-type=\"widget\" data-widget_type=\"spacer.default\">\n\t\t\t\t\t\t\t<div class=\"elementor-spacer\">\n\t\t\t<div class=\"elementor-spacer-inner\"><\/div>\n\t\t<\/div>\n\t\t\t\t\t\t<\/div>\n\t\t\t\t\t<\/div>\n\t\t\t\t<\/div>\n\t\t\t\t<\/div>\n\t\t","protected":false},"excerpt":{"rendered":"<p>Organe der Integrata Stiftung Unser Fachbeirat: ein Starkes beratendes Gremium Der Fachbeirat der \u201eIntegrata-Stiftung f\u00fcr humane Nutzung der Informationstechnologie\u201c setzt sich aus Vertretern verschiedener Disziplinen zusammen, vorzugsweise aus Kern- und Wirtschafts-Informatikern, Wirtschafts- und Sozialwissenschaftlern, Ingenieuren und Beratern aus Wirtschaft und \u00f6ffentlicher Verwaltung. Es handelt sich um fachlich und menschlich hochqualifizierte Personen, die die Sache der humanen Nutzung der Informationstechnologie \u00fcberzeugt verfolgen und tatkr\u00e4ftig unterst\u00fctzen. Sie werden vom Vorstand der Stiftung f\u00fcr jeweils drei Jahre bestellt und danach jeweils j\u00e4hrlich vom Kuratorium der Stiftung best\u00e4tigt Aufgaben und Funktionen Der Fachbeirat hat eine beratende Funktion und unterst\u00fctzt den Vorstand bei folgenden Aufgaben: Verbreitung des Wissens \u00fcber die M\u00f6glichkeiten zur humanen Nutzung der Informations-technologie und der Idee \u201eMehr Lebensqualit\u00e4t durch Informationstechnologie\u201c. Mitwirkung am Portal f\u00fcr Humane Nutzung der Informationstechnologie (HumanIThesia) und an weiteren Portalen. Die Mitglieder des Fachbeirats \u00fcbernehmen die Themenverantwortlichkeit f\u00fcr jeweils mindestens eines der Themengebiete auf HumanIThesia. Mitwirkung an der Vergabe der Stiftungspreise. Die Fachbeiratsmitglieder werden durch den jeweiligen Stifter des Preises in die Preisjury berufen und unterst\u00fctzen durch:a.\u00a0 Hinweise auf einschl\u00e4gige Arbeitenb.\u00a0 Weitergabe der Ausschreibung an interessierte Kreisec.\u00a0 Pr\u00fcfung der eingereichten Arbeiten nach einem Kriterienkatalogd.\u00a0 Teilnahme an der Sitzung des Kuratoriums zur Ermittlung der Preistr\u00e4gere.\u00a0 Vortr\u00e4ge im Zusammenhang mit der Preisverleihung Mitwirkung an der Gestaltung von Kongressen zur humanen Nutzung der Informationstechnologie Gesch\u00e4ftsordnung des Fachbeirats (.pdf) Zusammenarbeit Die Organe der Stiftung \u2013 Vorstand, Kuratorium und der Fachbeirat \u2013 arbeiten eng zusammen und treffen sich j\u00e4hrlich mindestens einmal, um weitere M\u00f6glichkeiten der gegenseitigen Unterst\u00fctzung zur F\u00f6rderung der Stiftungszwecke zu beraten und zu beschlie\u00dfen. In dieser Sitzung erfolgt auch die Best\u00e4tigung und ggf. die Verl\u00e4ngerung der Mandate durch das Kuratorium. Freiwillige Selbstverpflichtung Alle T\u00e4tigkeiten f\u00fcr die Stiftung sind ehrenamtlich. Im Zusammenhang mit dieser T\u00e4tigkeit anfallende Ausgaben werden nach Absprache auf Nachweis von der Stiftung \u00fcbernommen. Die Fachbeir\u00e4te verpflichten sich, keine pers\u00f6nlichen Vorteile von au\u00dfenstehenden Dritten anzunehmen, die im Zusammenhang mit der T\u00e4tigkeit f\u00fcr die Stiftung stehen und nur sachlich begr\u00fcndete Bewertungen abzugeben. F\u00fcr die Stiftung erhaltene Sponsorengelder leiten sie unverz\u00fcglich an diese weiter. Ihre T\u00e4tigkeit f\u00fcr die Stiftung dient allein der F\u00f6rderung der humanen Nutzung der Informationstechnologie. Regularien Vorsitzender des Fachbeirats ist ein Vorstand der Integrata-Stiftung. Der Fachbeirat w\u00e4hlt aus seiner Mitte einen Sprecher des Fachbeirats f\u00fcr 3 Jahre. Jedes Fachbeiratsmitglied erh\u00e4lt eine \u201eAGENDA\u201c, d.h. eine Sammlung von Richtlinien und Handlungsanweisungen f\u00fcr alle Gremienmitglieder und Mitarbeiter der Stiftung, mit der Bitte, diese bei allen T\u00e4tigkeiten im Namen der Stiftung zu beachten. Die ebenfalls in der Agenda enthaltene Satzung der Stiftung und die Gesch\u00e4ftsordnung f\u00fcr den Fachbeirat sind verbindlich. Unsere Fachbeir\u00e4te Prof. Dr. Martin V. Butz Thema: K\u00fcnstliche Intelligenz, Kognition, Modellierung Professor f\u00fcr Kognitive Modellierung in den Fachbereichen Informatik und Psychologie, Vorsitzender des Cognitive Science Centers in T\u00fcbingen Kontakt:martin.butz@integrata-stiftung.de Barbara Liebermeister Thema: F\u00fchrungskultur im digitalen Zeitalter Gr\u00fcnderin und Leiterin des Instituts f\u00fcr F\u00fchrungskultur im digitalen Zeitalter (ifidz.de), Frankfurt am Main Kontakt:b.liebermeister@ifidz.de Dr. habil. Christina Kl\u00fcver Thema: KI im betrieblichen Kontext; Modellierung sozio-kognitiver Kompetenzen Mitbegr\u00fcnderin und CEO des Unternehmens REBASK (rechnerbasierte Analyse sozio-technischer Komplexit\u00e4t)https:\/\/www.rebask.de\/\u00a0\u00a0 Kontakt:christina.kluever@integrata-stiftung.de Michael M. Roth Thema: Ethische Intelligenz Inhaber von MicialMedia http:\/\/micialmedia.de\u00a0Informatiker und Fotograf Begr\u00fcnder der Ethischen Intelligenz \u00a0 Kontakt:michael.roth@integrata-stiftung.de\u00a0 Dr. med. Sophie Hirsch Themen: Pflege und Medizin, Freiheit und Sicherheit Kontakt:sophie_hirsch@gmx.de\u00a0 Sabine Barth Thema: Bildung und Digitalisierung Gr\u00fcnderin und Vorstand SkillUp e.V.,\u00a0https:\/\/skillup-teaching.de\u00a0Kontakt:\u00a0sabine.barth@integrata-stiftung.de Ulla Coester Thema: Digitale Vertrauensw\u00fcrdigkeit\u00a0Gr\u00fcnderin und CEO xethix Empowerment, Beratung f\u00fcr Digitale Ethik &amp; Vertrauensw\u00fcrdigkeit | Digitale Kommunikation &amp; Managementhttps:\/\/xethix-empowerment.de\u00a0Kontakt: Ursula.Coester@integrata-stiftung.de Danilo Kardel Themen: IT Sicherheit und Datenschutz, F\u00fchrungskultur Kontakt:dk@kardel-it.de Dr. Sylke Pi\u00e9ch Thema: F\u00fchrung, K\u00fcnstliche Intelligenz und Digitalisierung Kontakt:Sylke.Piech@integrata-stiftung.de Consuela Utsch Thema: Change-Management https:\/\/www.xing.com\/profile\/Consuela_Utsch\/portfolio Kontakt:Acuroc Solution GmbH Thomas Krau\u00df Thema: IT Sicherheit und K\u00fcnstliche Intelligenz Kontakt:thomas.krauss@integrata-stiftung.de Dr. rer. nat. Stefan Berres Thema: Ethik in der digitalen und automatisierten B\u00fcrgerbeteiligung Mathematiker\/Naturwissenschaftler Hochschuldozent a.D. Hobby-Anthropologe \u201eKI-Experte\u201c Kontakt:stefan.berres@integrata-stiftung.de Dr. Wolfgang Issel Themen: Psycho-Mathematik und deren Anwendungen, humanoide Roboter, KI Ing. -B\u00fcro in Karlsruhe Kontakt:wolf_issel@web.de Dirk Sch\u00fctz Thema: K\u00fcnstliche Intelligenz, Kultur, Kunst und Medien Gesch\u00e4ftsf\u00fchrer und Personal-Experte der KM Kulturmanagement Network GmbH. Verlagsleiter, Herausgeber von Fach-Magazinen und verschiedenen Publikationen. Trainer, Autor und Berater.\u00a0 Kontakt:direkt.schuetz@integrata-stiftung.de Phil Zinser Thema:\u00a0Entwicklung von virtuellen Lernwelten mit Hilfe von KI basierten Werkzeugen in enger Zusammenarbeit mit Sch\u00fclerinnen und Sch\u00fclern sowie Lehrerinnen und Lehrern Gr\u00fcnder Holo-Stunden www.holo-stunden.de Futurist bei RaumZeit GmbH &amp; Co. KG www.raumzeit-holodeck.de Kontakt:phil@holo-stunden.de\u00a0 Norbert Katzmarczyk Thema: Begleitung in die digitale und nachhaltige Zukunft digitalisierung-und-costing.de Kontakt:norbert.katzmarczyk@integrata-stiftung.de\u00a0 Swen Heinemann Thema: Bildung, Coaching und Beratung.\u00a0Trends, Technologien und Innovation.AI Transformation, HR, Learning &amp; Development. Vorstand der Integrata Stiftung Kontakt:swen.heinemann@integrata-stiftung.de\u00a0 Dr. Volker Ohlinger Thema: Ver\u00e4nderungsstrategien und Changemanagement Strategie- &amp; Managementberatung Kontakt:Volker.ohlinger@t-online.de Johannes Schleiss Thema: KI und Bildung Forscher und Bildungsvordenker Kontakt:johannes.schleiss@ovgu.de Christopher Autenrieth Kontakt:cl.autenrieth@gmail.com Klaus Giebermann Thema: Bildung und Digitalisierung Kontakt:klaus.giebermann@hs-ruhrwest.de Stefan Holtel Thema: Kuration des digitalen Wandels im Spannungsfeld von Technik, Organisation, Psychologie und Philosophie\u00a0 Kontakt:stefan.holtel@gmail.com Susanne Moser Philosophin und Werteforscherin,Institut f\u00fcr Axiologische Forschungen, Wien.\u00a0 Kontakt:moser@iaf.ac.at Martin Lengefeld Thema: Digitales Lernen, Bildung, Trainer &amp; Coach f\u00fcr F\u00fchrung, Kommunikation &amp; Pr\u00e4sentation, Gr\u00fcnder und Gesch\u00e4ftsf\u00fchrer der Little Helper Verlags GmbH, Inhaber der BET,\u00a0 Training, Coaching &amp; Moderation Kontakt:martin.lengefeld@integrata-stiftung.de\u00a0 Prof. Dr. Yvanka B. Raynova Thema:Verantwortung und Werte im digitalen Zeitalter Leiterin des Instituts f\u00fcr Axiologische Forschungen (Wien); Hochschulprofessorin, Werteforscherin; https:\/\/www.raynova.eu Kontakt:yvanka.raynova@integrata-stiftung.de Thomas Vehmeier Thema: Digitalstrategie, Innovation, Digital Leadership, Design Thinking, KI-Tools Kontakt:thomas.vehmeier@integrata-stiftung.de\u00a0 Martin Salzwedel Thema:Pers\u00f6nlichkeitsentwicklung, Kommunikation in F\u00fchrung, Verhandlung und Vertrieb, Netzwerk (als Steuerungsform sozialer Systeme), Leadership by Music, Business-Enneagramm Kontakt:martin.salzwedel@integrata-stiftung.de Fridtjof Wandt Thema: Life Coaching, Pers\u00f6nkichkeitsentwicklung, Coaching in Krisensituationen Kontakt:fridtjof.wandt@integrata-stiftung.de\u00a0 Sven Jung Thema: Ver\u00e4nderungsmanagement, Methoden und Tools sowie Begleitung f\u00fcr kooperative Entscheidungsfindung \u00a0Kontakt:sven.jung@integrata-stiftung.de Sirius Noske Thema:\u00a0KI, digitale Medien und deren Einfluss auf Gesellschaft, Demokratie und Kommunikation Master-Student der allgemeinen Rhetorik, Dozent im Rahmen des TRACS (Universit\u00e4t\u00a0T\u00fcbingen), Mitbegr\u00fcnder der studentischen Initiative \u201eparanova\u201c Kontakt:sirius.noske@integrat-stiftung.de Dr. Jakub Sowula Thema: KI-Einsatz in der sozialwissenschaftlichen Forschung, Auswirkung von KI auf die soziale Sicherheit und das Wohlbefinden von Menschen Forschender (Post-Doc) und Dozent an der Universit\u00e4t T\u00fcbingen (Institut f\u00fcr Politikwissenschaft) Kontakt:jakub.sowula@integrata-stiftung.de Dr. Berthold Kratzenstein Thema: Medizin Zahnarzt und Anwender der KI im Praxisalltag\u00a0 Kontakt:\u00a0berthold.kratzenstein@integrata-stiftung.de<\/p>\n","protected":false},"author":1,"featured_media":0,"parent":22590,"menu_order":0,"comment_status":"closed","ping_status":"closed","template":"","meta":{"footnotes":""},"class_list":["post-22856","page","type-page","status-publish","hentry"],"blocksy_meta":[],"_links":{"self":[{"href":"https:\/\/suspicious-noether.45-82-121-115.plesk.page\/index.php\/wp-json\/wp\/v2\/pages\/22856","targetHints":{"allow":["GET"]}}],"collection":[{"href":"https:\/\/suspicious-noether.45-82-121-115.plesk.page\/index.php\/wp-json\/wp\/v2\/pages"}],"about":[{"href":"https:\/\/suspicious-noether.45-82-121-115.plesk.page\/index.php\/wp-json\/wp\/v2\/types\/page"}],"author":[{"embeddable":true,"href":"https:\/\/suspicious-noether.45-82-121-115.plesk.page\/index.php\/wp-json\/wp\/v2\/users\/1"}],"replies":[{"embeddable":true,"href":"https:\/\/suspicious-noether.45-82-121-115.plesk.page\/index.php\/wp-json\/wp\/v2\/comments?post=22856"}],"version-history":[{"count":7,"href":"https:\/\/suspicious-noether.45-82-121-115.plesk.page\/index.php\/wp-json\/wp\/v2\/pages\/22856\/revisions"}],"predecessor-version":[{"id":22932,"href":"https:\/\/suspicious-noether.45-82-121-115.plesk.page\/index.php\/wp-json\/wp\/v2\/pages\/22856\/revisions\/22932"}],"up":[{"embeddable":true,"href":"https:\/\/suspicious-noether.45-82-121-115.plesk.page\/index.php\/wp-json\/wp\/v2\/pages\/22590"}],"wp:attachment":[{"href":"https:\/\/suspicious-noether.45-82-121-115.plesk.page\/index.php\/wp-json\/wp\/v2\/media?parent=22856"}],"curies":[{"name":"wp","href":"https:\/\/api.w.org\/{rel}","templated":true}]}}