{"id":22854,"date":"2026-04-13T15:39:51","date_gmt":"2026-04-13T15:39:51","guid":{"rendered":"https:\/\/suspicious-noether.45-82-121-115.plesk.page\/?page_id=22854"},"modified":"2026-04-13T15:45:22","modified_gmt":"2026-04-13T15:45:22","slug":"kuratorium","status":"publish","type":"page","link":"https:\/\/suspicious-noether.45-82-121-115.plesk.page\/index.php\/stiftung\/organe\/kuratorium\/","title":{"rendered":"Kuratorium"},"content":{"rendered":"\t\t<div data-elementor-type=\"wp-page\" data-elementor-id=\"22854\" class=\"elementor elementor-22854\">\n\t\t\t\t<div class=\"elementor-element elementor-element-8048f56 e-flex e-con-boxed wpr-particle-no wpr-jarallax-no wpr-parallax-no wpr-sticky-section-no e-con e-parent\" data-id=\"8048f56\" data-element_type=\"container\" data-e-type=\"container\" data-settings=\"{&quot;background_background&quot;:&quot;classic&quot;}\">\n\t\t\t\t\t<div class=\"e-con-inner\">\n\t\t\t\t<div class=\"elementor-element elementor-element-dff2926 elementor-widget elementor-widget-spacer\" data-id=\"dff2926\" data-element_type=\"widget\" data-e-type=\"widget\" data-widget_type=\"spacer.default\">\n\t\t\t\t\t\t\t<div class=\"elementor-spacer\">\n\t\t\t<div class=\"elementor-spacer-inner\"><\/div>\n\t\t<\/div>\n\t\t\t\t\t\t<\/div>\n\t\t\t\t<div class=\"elementor-element elementor-element-8bd48dc elementor-widget elementor-widget-heading\" data-id=\"8bd48dc\" data-element_type=\"widget\" data-e-type=\"widget\" data-widget_type=\"heading.default\">\n\t\t\t\t\t<h1 class=\"elementor-heading-title elementor-size-default\">Kuratorium<\/h1>\t\t\t\t<\/div>\n\t\t\t\t<div class=\"elementor-element elementor-element-fae2235 elementor-widget elementor-widget-spacer\" data-id=\"fae2235\" data-element_type=\"widget\" data-e-type=\"widget\" data-widget_type=\"spacer.default\">\n\t\t\t\t\t\t\t<div class=\"elementor-spacer\">\n\t\t\t<div class=\"elementor-spacer-inner\"><\/div>\n\t\t<\/div>\n\t\t\t\t\t\t<\/div>\n\t\t\t\t\t<\/div>\n\t\t\t\t<\/div>\n\t\t<div class=\"elementor-element elementor-element-25b790f e-flex e-con-boxed wpr-particle-no wpr-jarallax-no wpr-parallax-no wpr-sticky-section-no e-con e-parent\" data-id=\"25b790f\" data-element_type=\"container\" data-e-type=\"container\">\n\t\t\t\t\t<div class=\"e-con-inner\">\n\t\t\t\t<div class=\"elementor-element elementor-element-307b3ee elementor-widget elementor-widget-menu-anchor\" data-id=\"307b3ee\" data-element_type=\"widget\" data-e-type=\"widget\" data-widget_type=\"menu-anchor.default\">\n\t\t\t\t\t\t\t<div class=\"elementor-menu-anchor\" id=\"kuratorium\"><\/div>\n\t\t\t\t\t\t<\/div>\n\t\t\t\t<div class=\"elementor-element elementor-element-bf9d991 elementor-widget elementor-widget-heading\" data-id=\"bf9d991\" data-element_type=\"widget\" data-e-type=\"widget\" data-widget_type=\"heading.default\">\n\t\t\t\t\t<h2 class=\"elementor-heading-title elementor-size-default\">Das Stiftungs-Kuratorium<\/h2>\t\t\t\t<\/div>\n\t\t\t\t<div class=\"elementor-element elementor-element-1c57ee1 elementor-widget elementor-widget-text-editor\" data-id=\"1c57ee1\" data-element_type=\"widget\" data-e-type=\"widget\" data-widget_type=\"text-editor.default\">\n\t\t\t\t\t\t\t\t\t<p>Oberstes Organ der Stiftung ist das Kuratorium. Es w\u00e4hlt aus seiner Mitte einen Pr\u00e4sidenten und einen Stellvertreter. Der Stifter ist auf Lebenszeit Ehrenpr\u00e4sident.<\/p><p>Das Kuratorium tagt in der Regel zweimal im Jahr.<\/p>\t\t\t\t\t\t\t\t<\/div>\n\t\t<div class=\"elementor-element elementor-element-d89f5b8 e-grid e-con-full wpr-particle-no wpr-jarallax-no wpr-parallax-no wpr-sticky-section-no e-con e-child\" data-id=\"d89f5b8\" data-element_type=\"container\" data-e-type=\"container\">\n\t\t<div class=\"elementor-element elementor-element-f2d0345 e-con-full e-flex wpr-particle-no wpr-jarallax-no wpr-parallax-no wpr-sticky-section-no e-con e-child\" data-id=\"f2d0345\" data-element_type=\"container\" data-e-type=\"container\">\n\t\t\t\t<div class=\"elementor-element elementor-element-5bf8da5 elementor-widget elementor-widget-heading\" data-id=\"5bf8da5\" data-element_type=\"widget\" data-e-type=\"widget\" data-widget_type=\"heading.default\">\n\t\t\t\t\t<h2 class=\"elementor-heading-title elementor-size-default\">Aufgaben und Funktionen<\/h2>\t\t\t\t<\/div>\n\t\t\t\t<div class=\"elementor-element elementor-element-f76c367 elementor-widget elementor-widget-text-editor\" data-id=\"f76c367\" data-element_type=\"widget\" data-e-type=\"widget\" data-widget_type=\"text-editor.default\">\n\t\t\t\t\t\t\t\t\t<p>Das Kuratorium nimmt folgende Funktionen wahr:<\/p><ul><li>Wahl, Unterst\u00fctzung und Kontrolle des Vorstands sowie Weisungsbefugnis gegen\u00fcber dem Vorstand bei der Verfolgung des Stiftungszwecks<\/li><li>Begutachtung von Vorschl\u00e4gen f\u00fcr die zu f\u00f6rdernden Projekte<\/li><li>Auswahl der Preistr\u00e4ger des Wolfgang-Heilmann-Preises<\/li><li>Abstimmung von Satzungs\u00e4nderungen<\/li><li>Beschlussfassung \u00fcber die Vergabe der Stiftungsmittel<\/li><li>Genehmigung des vom Vorstand j\u00e4hrlich zu erstellenden Wirtschaftsplanes<\/li><li>Kontrolle der Haushalts- und Wirtschaftspr\u00fcfung unter Einschaltung eines Wirtschaftspr\u00fcfers<\/li><\/ul>\t\t\t\t\t\t\t\t<\/div>\n\t\t\t\t<div class=\"elementor-element elementor-element-909e515 elementor-widget elementor-widget-button\" data-id=\"909e515\" data-element_type=\"widget\" data-e-type=\"widget\" data-widget_type=\"button.default\">\n\t\t\t\t\t\t\t\t\t\t<a class=\"elementor-button elementor-button-link elementor-size-sm\" href=\"http:\/\/www.test1.integrata-stiftung.de\/wp-content\/uploads\/2020\/12\/GO_Vorstand_20110904.pdf\">\n\t\t\t\t\t\t<span class=\"elementor-button-content-wrapper\">\n\t\t\t\t\t\t\t\t\t<span class=\"elementor-button-text\">Gesch\u00e4ftsordnung des Kuratoriums (.pdf)<\/span>\n\t\t\t\t\t<\/span>\n\t\t\t\t\t<\/a>\n\t\t\t\t\t\t\t\t<\/div>\n\t\t\t\t<\/div>\n\t\t<div class=\"elementor-element elementor-element-01e3804 e-con-full e-flex wpr-particle-no wpr-jarallax-no wpr-parallax-no wpr-sticky-section-no e-con e-child\" data-id=\"01e3804\" data-element_type=\"container\" data-e-type=\"container\">\n\t\t\t\t<div class=\"elementor-element elementor-element-72d1783 elementor-widget elementor-widget-heading\" data-id=\"72d1783\" data-element_type=\"widget\" data-e-type=\"widget\" data-widget_type=\"heading.default\">\n\t\t\t\t\t<h2 class=\"elementor-heading-title elementor-size-default\">Mitglieder<\/h2>\t\t\t\t<\/div>\n\t\t\t\t<div class=\"elementor-element elementor-element-54a991c elementor-widget elementor-widget-text-editor\" data-id=\"54a991c\" data-element_type=\"widget\" data-e-type=\"widget\" data-widget_type=\"text-editor.default\">\n\t\t\t\t\t\t\t\t\t<p>Die Mitglieder des Kuratoriums werden f\u00fcr die Dauer von drei Jahren durch Kooption bestellt, wobei Personen, die eine Zustiftung leisten, bevorzugt ber\u00fccksichtigt werden.<\/p><p>Drei Mitglieder des Stiftungskuratoriums sollen aus dem universit\u00e4ren Bereich der Informationstechnologie oder einem nahestehenden Fachbereich, drei weitere Mitglieder des Kuratoriums sollen aus dem Kreis der Wirtschaft berufen werden.<\/p>\t\t\t\t\t\t\t\t<\/div>\n\t\t\t\t<div class=\"elementor-element elementor-element-9166d57 elementor-widget elementor-widget-heading\" data-id=\"9166d57\" data-element_type=\"widget\" data-e-type=\"widget\" data-widget_type=\"heading.default\">\n\t\t\t\t\t<h2 class=\"elementor-heading-title elementor-size-default\">Freiwillige Selbstverpflichtung<\/h2>\t\t\t\t<\/div>\n\t\t\t\t<div class=\"elementor-element elementor-element-c5d009b elementor-widget elementor-widget-text-editor\" data-id=\"c5d009b\" data-element_type=\"widget\" data-e-type=\"widget\" data-widget_type=\"text-editor.default\">\n\t\t\t\t\t\t\t\t\t<p>Alle T\u00e4tigkeiten f\u00fcr die Stiftung sind ehrenamtlich. Im Zusammenhang mit dieser T\u00e4tigkeit anfallende Ausgaben werden auf Nachweis von der Stiftung \u00fcbernommen.<\/p><p>Die Kuratoren verpflichten sich, keine pers\u00f6nlichen Vorteile von au\u00dfenstehenden Dritten anzunehmen, die im Zusammenhang mit der T\u00e4tigkeit f\u00fcr die Stiftung stehen und nur sachlich begr\u00fcndete Bewertungen abzugeben. Erhaltene Sponsorengelder leiten sie unverz\u00fcglich an die Stiftung weiter. Ihre T\u00e4tigkeit f\u00fcr die Stiftung dient allein der F\u00f6rderung der humanen Nutzung der Informationstechnologie.<\/p>\t\t\t\t\t\t\t\t<\/div>\n\t\t\t\t<\/div>\n\t\t\t\t<\/div>\n\t\t<div class=\"elementor-element elementor-element-ff33738 e-grid e-con-full wpr-particle-no wpr-jarallax-no wpr-parallax-no wpr-sticky-section-no e-con e-child\" data-id=\"ff33738\" data-element_type=\"container\" data-e-type=\"container\">\n\t\t<div class=\"elementor-element elementor-element-2bdbd3e e-con-full e-flex wpr-particle-no wpr-jarallax-no wpr-parallax-no wpr-sticky-section-no e-con e-child\" data-id=\"2bdbd3e\" data-element_type=\"container\" data-e-type=\"container\">\n\t\t<div class=\"elementor-element elementor-element-f78cfae e-con-full e-flex wpr-particle-no wpr-jarallax-no wpr-parallax-no wpr-sticky-section-no e-con e-child\" data-id=\"f78cfae\" data-element_type=\"container\" data-e-type=\"container\">\n\t\t\t\t<div class=\"elementor-element elementor-element-c411eb0 elementor-widget elementor-widget-heading\" data-id=\"c411eb0\" data-element_type=\"widget\" data-e-type=\"widget\" data-widget_type=\"heading.default\">\n\t\t\t\t\t<h2 class=\"elementor-heading-title elementor-size-default\">Dr. Frank Sch\u00f6nthaler<\/h2>\t\t\t\t<\/div>\n\t\t\t\t<div class=\"elementor-element elementor-element-3d48081 elementor-widget elementor-widget-text-editor\" data-id=\"3d48081\" data-element_type=\"widget\" data-e-type=\"widget\" data-widget_type=\"text-editor.default\">\n\t\t\t\t\t\t\t\t\t<p>Pr\u00e4sident des Kuratoriums der Integrata-Stiftung, T\u00fcbingen<\/p><p>Gesch\u00e4ftsf\u00fchrer der <a href=\"https:\/\/www.promatis.de\/unternehmen\/management\/\" target=\"_blank\" rel=\"noopener\">PROMATIS software GmbH<\/a>, Ettlingen (TechnologieRegion Karlsruhe)<\/p><p>Kontakt:\u00a0<br \/><a href=\"mailto:frank.schoenthaler@integrata-stiftung.de\">frank.schoenthaler@integrata-stiftung.de<\/a><\/p>\t\t\t\t\t\t\t\t<\/div>\n\t\t\t\t<\/div>\n\t\t\t\t<div class=\"elementor-element elementor-element-f38f5f2 elementor-widget__width-initial elementor-widget elementor-widget-image\" data-id=\"f38f5f2\" data-element_type=\"widget\" data-e-type=\"widget\" data-widget_type=\"image.default\">\n\t\t\t\t\t\t\t\t\t\t\t\t\t\t\t<img decoding=\"async\" src=\"https:\/\/integrata-stiftung.de\/wp-content\/uploads\/2018\/06\/cropped-schoenthaler-1.jpg\" title=\"\" alt=\"\" loading=\"lazy\" \/>\t\t\t\t\t\t\t\t\t\t\t\t\t\t\t<\/div>\n\t\t\t\t<\/div>\n\t\t<div class=\"elementor-element elementor-element-7470953 e-con-full e-flex wpr-particle-no wpr-jarallax-no wpr-parallax-no wpr-sticky-section-no e-con e-child\" data-id=\"7470953\" data-element_type=\"container\" data-e-type=\"container\">\n\t\t<div class=\"elementor-element elementor-element-611e5fb e-con-full e-flex wpr-particle-no wpr-jarallax-no wpr-parallax-no wpr-sticky-section-no e-con e-child\" data-id=\"611e5fb\" data-element_type=\"container\" data-e-type=\"container\">\n\t\t\t\t<div class=\"elementor-element elementor-element-201c762 elementor-widget elementor-widget-heading\" data-id=\"201c762\" data-element_type=\"widget\" data-e-type=\"widget\" data-widget_type=\"heading.default\">\n\t\t\t\t\t<h2 class=\"elementor-heading-title elementor-size-default\">Christiane Eckardt<\/h2>\t\t\t\t<\/div>\n\t\t\t\t<div class=\"elementor-element elementor-element-ed1e9e1 elementor-widget elementor-widget-text-editor\" data-id=\"ed1e9e1\" data-element_type=\"widget\" data-e-type=\"widget\" data-widget_type=\"text-editor.default\">\n\t\t\t\t\t\t\t\t\t<p>Stellvertretende Vorsitzende des Kuratoriums<\/p><ul><li>Unternehmensberaterin i.R.<\/li><li>Ehrenamtliche T\u00e4tigkeit in der Fl\u00fcchtlingshilfe<\/li><\/ul><p>Kontakt:<br \/><a href=\"mailto:christiane.eckardt@integrata-stiftung.de\">christiane.eckardt@integrata-stiftung.de<\/a><\/p>\t\t\t\t\t\t\t\t<\/div>\n\t\t\t\t<\/div>\n\t\t\t\t<div class=\"elementor-element elementor-element-cd41b21 elementor-widget__width-initial elementor-widget elementor-widget-image\" data-id=\"cd41b21\" data-element_type=\"widget\" data-e-type=\"widget\" data-widget_type=\"image.default\">\n\t\t\t\t\t\t\t\t\t\t\t\t\t\t\t<img decoding=\"async\" src=\"https:\/\/integrata-stiftung.de\/wp-content\/uploads\/2021\/01\/CE-Passbild-11_18-hq.jpeg\" title=\"\" alt=\"\" loading=\"lazy\" \/>\t\t\t\t\t\t\t\t\t\t\t\t\t\t\t<\/div>\n\t\t\t\t<\/div>\n\t\t<div class=\"elementor-element elementor-element-242564a e-con-full e-flex wpr-particle-no wpr-jarallax-no wpr-parallax-no wpr-sticky-section-no e-con e-child\" data-id=\"242564a\" data-element_type=\"container\" data-e-type=\"container\">\n\t\t<div class=\"elementor-element elementor-element-f6c5604 e-con-full e-flex wpr-particle-no wpr-jarallax-no wpr-parallax-no wpr-sticky-section-no e-con e-child\" data-id=\"f6c5604\" data-element_type=\"container\" data-e-type=\"container\">\n\t\t\t\t<div class=\"elementor-element elementor-element-7efaca1 elementor-widget elementor-widget-heading\" data-id=\"7efaca1\" data-element_type=\"widget\" data-e-type=\"widget\" data-widget_type=\"heading.default\">\n\t\t\t\t\t<h2 class=\"elementor-heading-title elementor-size-default\">Andrea M\u00f6rike<\/h2>\t\t\t\t<\/div>\n\t\t\t\t<div class=\"elementor-element elementor-element-658fbd1 elementor-widget elementor-widget-text-editor\" data-id=\"658fbd1\" data-element_type=\"widget\" data-e-type=\"widget\" data-widget_type=\"text-editor.default\">\n\t\t\t\t\t\t\t\t\t<p>Co-Gr\u00fcnderin der Sales4Good GmbH, die mit Training, Coaching und Beratung rund um das Thema Ethischer Sales \u00a0gemeinwohlorientierte Unternehmen erfolgreich macht.<\/p><p>Kontakt:\u00a0<a href=\"mailto:andrea.moerike@integrata-stiftung.de\">andrea.moerike@integrata-stiftung.de<\/a><\/p>\t\t\t\t\t\t\t\t<\/div>\n\t\t\t\t<\/div>\n\t\t\t\t<div class=\"elementor-element elementor-element-1a4394a elementor-widget__width-initial elementor-widget elementor-widget-image\" data-id=\"1a4394a\" data-element_type=\"widget\" data-e-type=\"widget\" data-widget_type=\"image.default\">\n\t\t\t\t\t\t\t\t\t\t\t\t\t\t\t<img decoding=\"async\" src=\"https:\/\/integrata-stiftung.de\/wp-content\/uploads\/2020\/12\/Andrea-Moerike.jpg\" title=\"\" alt=\"\" loading=\"lazy\" \/>\t\t\t\t\t\t\t\t\t\t\t\t\t\t\t<\/div>\n\t\t\t\t<\/div>\n\t\t<div class=\"elementor-element elementor-element-972231a e-con-full e-flex wpr-particle-no wpr-jarallax-no wpr-parallax-no wpr-sticky-section-no e-con e-child\" data-id=\"972231a\" data-element_type=\"container\" data-e-type=\"container\">\n\t\t<div class=\"elementor-element elementor-element-6e3410a e-con-full e-flex wpr-particle-no wpr-jarallax-no wpr-parallax-no wpr-sticky-section-no e-con e-child\" data-id=\"6e3410a\" data-element_type=\"container\" data-e-type=\"container\">\n\t\t\t\t<div class=\"elementor-element elementor-element-239c95c elementor-widget elementor-widget-heading\" data-id=\"239c95c\" data-element_type=\"widget\" data-e-type=\"widget\" data-widget_type=\"heading.default\">\n\t\t\t\t\t<h2 class=\"elementor-heading-title elementor-size-default\">Dr. Andreas Rapp<\/h2>\t\t\t\t<\/div>\n\t\t\t\t<div class=\"elementor-element elementor-element-6921d40 elementor-widget elementor-widget-text-editor\" data-id=\"6921d40\" data-element_type=\"widget\" data-e-type=\"widget\" data-widget_type=\"text-editor.default\">\n\t\t\t\t\t\t\t\t\t<p>Stellvertretender Vorsitzender des Kuratoriums<\/p><p>AR Mangagement Consulting<br \/>Freiberuflicher Unternehmensberater<\/p>\t\t\t\t\t\t\t\t<\/div>\n\t\t\t\t<\/div>\n\t\t\t\t<div class=\"elementor-element elementor-element-2b993b1 elementor-widget__width-initial elementor-widget elementor-widget-image\" data-id=\"2b993b1\" data-element_type=\"widget\" data-e-type=\"widget\" data-widget_type=\"image.default\">\n\t\t\t\t\t\t\t\t\t\t\t\t\t\t\t<img decoding=\"async\" src=\"https:\/\/integrata-stiftung.de\/wp-content\/uploads\/2025\/06\/YA-Head-Shot-Andreas-Rapp-1-244x300.jpg\" title=\"\" alt=\"\" loading=\"lazy\" \/>\t\t\t\t\t\t\t\t\t\t\t\t\t\t\t<\/div>\n\t\t\t\t<\/div>\n\t\t<div class=\"elementor-element elementor-element-bb7450c e-con-full e-flex wpr-particle-no wpr-jarallax-no wpr-parallax-no wpr-sticky-section-no e-con e-child\" data-id=\"bb7450c\" data-element_type=\"container\" data-e-type=\"container\">\n\t\t<div class=\"elementor-element elementor-element-c5312bc e-con-full e-flex wpr-particle-no wpr-jarallax-no wpr-parallax-no wpr-sticky-section-no e-con e-child\" data-id=\"c5312bc\" data-element_type=\"container\" data-e-type=\"container\">\n\t\t\t\t<div class=\"elementor-element elementor-element-a20156f elementor-widget elementor-widget-heading\" data-id=\"a20156f\" data-element_type=\"widget\" data-e-type=\"widget\" data-widget_type=\"heading.default\">\n\t\t\t\t\t<h2 class=\"elementor-heading-title elementor-size-default\">Otto Buck<\/h2>\t\t\t\t<\/div>\n\t\t\t\t<div class=\"elementor-element elementor-element-bbc2ea7 elementor-widget elementor-widget-text-editor\" data-id=\"bbc2ea7\" data-element_type=\"widget\" data-e-type=\"widget\" data-widget_type=\"text-editor.default\">\n\t\t\t\t\t\t\t\t\t<p>Program- &amp; Business Changemanager, Onlineverwaltung <a href=\"https:\/\/www.komm.one\/startseite\" target=\"_blank\" rel=\"noopener\">KOMM.ONE A\u00f6R<\/a>, Stuttgart<\/p><p>Kontakt:<br \/><a href=\"mailto:otto.buck@integrata-stiftung.de\">otto.buck@integrata-stiftung.de<\/a><\/p>\t\t\t\t\t\t\t\t<\/div>\n\t\t\t\t<\/div>\n\t\t\t\t<div class=\"elementor-element elementor-element-248a74f elementor-widget__width-initial elementor-widget elementor-widget-image\" data-id=\"248a74f\" data-element_type=\"widget\" data-e-type=\"widget\" data-widget_type=\"image.default\">\n\t\t\t\t\t\t\t\t\t\t\t\t\t\t\t<img decoding=\"async\" src=\"https:\/\/integrata-stiftung.de\/wp-content\/uploads\/2022\/03\/Otto_Buck.png\" title=\"\" alt=\"\" loading=\"lazy\" \/>\t\t\t\t\t\t\t\t\t\t\t\t\t\t\t<\/div>\n\t\t\t\t<\/div>\n\t\t<div class=\"elementor-element elementor-element-5c6d413 e-con-full e-flex wpr-particle-no wpr-jarallax-no wpr-parallax-no wpr-sticky-section-no e-con e-child\" data-id=\"5c6d413\" data-element_type=\"container\" data-e-type=\"container\">\n\t\t<div class=\"elementor-element elementor-element-41d8d2d e-con-full e-flex wpr-particle-no wpr-jarallax-no wpr-parallax-no wpr-sticky-section-no e-con e-child\" data-id=\"41d8d2d\" data-element_type=\"container\" data-e-type=\"container\">\n\t\t\t\t<div class=\"elementor-element elementor-element-4b250dd elementor-widget elementor-widget-heading\" data-id=\"4b250dd\" data-element_type=\"widget\" data-e-type=\"widget\" data-widget_type=\"heading.default\">\n\t\t\t\t\t<h2 class=\"elementor-heading-title elementor-size-default\">Prof. Dr. Wolf-Dieter Hasenclever<\/h2>\t\t\t\t<\/div>\n\t\t\t\t<div class=\"elementor-element elementor-element-80e1256 elementor-widget elementor-widget-text-editor\" data-id=\"80e1256\" data-element_type=\"widget\" data-e-type=\"widget\" data-widget_type=\"text-editor.default\">\n\t\t\t\t\t\t\t\t\t<p>Fachhochschule des Mittelstandes, Berlin<\/p>\t\t\t\t\t\t\t\t<\/div>\n\t\t\t\t<\/div>\n\t\t\t\t<div class=\"elementor-element elementor-element-42918b0 elementor-widget__width-initial elementor-widget elementor-widget-image\" data-id=\"42918b0\" data-element_type=\"widget\" data-e-type=\"widget\" data-widget_type=\"image.default\">\n\t\t\t\t\t\t\t\t\t\t\t\t\t\t\t<img decoding=\"async\" src=\"https:\/\/integrata-stiftung.de\/wp-content\/uploads\/2018\/06\/cropped-Hasenclever201701_kl.jpg\" title=\"\" alt=\"\" loading=\"lazy\" \/>\t\t\t\t\t\t\t\t\t\t\t\t\t\t\t<\/div>\n\t\t\t\t<\/div>\n\t\t<div class=\"elementor-element elementor-element-1340da6 e-con-full e-flex wpr-particle-no wpr-jarallax-no wpr-parallax-no wpr-sticky-section-no e-con e-child\" data-id=\"1340da6\" data-element_type=\"container\" data-e-type=\"container\">\n\t\t<div class=\"elementor-element elementor-element-e0bfa93 e-con-full e-flex wpr-particle-no wpr-jarallax-no wpr-parallax-no wpr-sticky-section-no e-con e-child\" data-id=\"e0bfa93\" data-element_type=\"container\" data-e-type=\"container\">\n\t\t\t\t<div class=\"elementor-element elementor-element-a25f1d9 elementor-widget elementor-widget-heading\" data-id=\"a25f1d9\" data-element_type=\"widget\" data-e-type=\"widget\" data-widget_type=\"heading.default\">\n\t\t\t\t\t<h2 class=\"elementor-heading-title elementor-size-default\">Prof. Dr. Thomas Ertl<\/h2>\t\t\t\t<\/div>\n\t\t\t\t<div class=\"elementor-element elementor-element-6113288 elementor-widget elementor-widget-text-editor\" data-id=\"6113288\" data-element_type=\"widget\" data-e-type=\"widget\" data-widget_type=\"text-editor.default\">\n\t\t\t\t\t\t\t\t\t<p><a href=\"http:\/\/go.visus.uni-stuttgart.de\/ertl\" target=\"_blank\" rel=\"noopener\">Institut f\u00fcr Visualisierung und Interaktive Systeme (VIS) &amp; Visualisierungsinstitut (VISUS),<\/a><\/p><p>Universit\u00e4t Stuttgart<\/p><p>Kontakt: <a href=\"mailto:thomas.ertl@vis.uni-stuttgart.de\" target=\"_blank\" rel=\"noopener\">thomas.ertl@vis.uni-stuttgart.de<\/a><\/p>\t\t\t\t\t\t\t\t<\/div>\n\t\t\t\t<\/div>\n\t\t\t\t<div class=\"elementor-element elementor-element-f502049 elementor-widget__width-initial elementor-widget elementor-widget-image\" data-id=\"f502049\" data-element_type=\"widget\" data-e-type=\"widget\" data-widget_type=\"image.default\">\n\t\t\t\t\t\t\t\t\t\t\t\t\t\t\t<img decoding=\"async\" src=\"https:\/\/integrata-stiftung.de\/wp-content\/uploads\/2021\/01\/Ertl-681x1024.jpg\" title=\"\" alt=\"\" loading=\"lazy\" \/>\t\t\t\t\t\t\t\t\t\t\t\t\t\t\t<\/div>\n\t\t\t\t<\/div>\n\t\t<div class=\"elementor-element elementor-element-19792d1 e-con-full e-flex wpr-particle-no wpr-jarallax-no wpr-parallax-no wpr-sticky-section-no e-con e-child\" data-id=\"19792d1\" data-element_type=\"container\" data-e-type=\"container\">\n\t\t<div class=\"elementor-element elementor-element-6232c19 e-con-full e-flex wpr-particle-no wpr-jarallax-no wpr-parallax-no wpr-sticky-section-no e-con e-child\" data-id=\"6232c19\" data-element_type=\"container\" data-e-type=\"container\">\n\t\t\t\t<div class=\"elementor-element elementor-element-ba94b55 elementor-widget elementor-widget-heading\" data-id=\"ba94b55\" data-element_type=\"widget\" data-e-type=\"widget\" data-widget_type=\"heading.default\">\n\t\t\t\t\t<h2 class=\"elementor-heading-title elementor-size-default\">Thomas Schmischke<\/h2>\t\t\t\t<\/div>\n\t\t\t\t<div class=\"elementor-element elementor-element-16f6931 elementor-widget elementor-widget-text-editor\" data-id=\"16f6931\" data-element_type=\"widget\" data-e-type=\"widget\" data-widget_type=\"text-editor.default\">\n\t\t\t\t\t\t\t\t\t<p>IT-Berater<\/p><p>Kontakt:<br \/><a href=\"mailto:thomas.schmischke@integrata-stiftung.de\">thomas.schmischke@integrata-stiftung.de<\/a><\/p>\t\t\t\t\t\t\t\t<\/div>\n\t\t\t\t<\/div>\n\t\t\t\t<div class=\"elementor-element elementor-element-807b1e6 elementor-widget__width-initial elementor-widget elementor-widget-image\" data-id=\"807b1e6\" data-element_type=\"widget\" data-e-type=\"widget\" data-widget_type=\"image.default\">\n\t\t\t\t\t\t\t\t\t\t\t\t\t\t\t<img decoding=\"async\" src=\"https:\/\/integrata-stiftung.de\/wp-content\/uploads\/2018\/06\/Bild-SchT-e1713526277473-857x1024.jpg\" title=\"\" alt=\"\" loading=\"lazy\" \/>\t\t\t\t\t\t\t\t\t\t\t\t\t\t\t<\/div>\n\t\t\t\t<\/div>\n\t\t<div class=\"elementor-element elementor-element-a78f345 e-con-full e-flex wpr-particle-no wpr-jarallax-no wpr-parallax-no wpr-sticky-section-no e-con e-child\" data-id=\"a78f345\" data-element_type=\"container\" data-e-type=\"container\">\n\t\t<div class=\"elementor-element elementor-element-5c4e4ac e-con-full e-flex wpr-particle-no wpr-jarallax-no wpr-parallax-no wpr-sticky-section-no e-con e-child\" data-id=\"5c4e4ac\" data-element_type=\"container\" data-e-type=\"container\">\n\t\t\t\t<div class=\"elementor-element elementor-element-c3756c0 elementor-widget elementor-widget-heading\" data-id=\"c3756c0\" data-element_type=\"widget\" data-e-type=\"widget\" data-widget_type=\"heading.default\">\n\t\t\t\t\t<h2 class=\"elementor-heading-title elementor-size-default\">Prof. Dr. Karl A. Stroetmann<\/h2>\t\t\t\t<\/div>\n\t\t\t\t<div class=\"elementor-element elementor-element-ff85edc elementor-widget elementor-widget-text-editor\" data-id=\"ff85edc\" data-element_type=\"widget\" data-e-type=\"widget\" data-widget_type=\"text-editor.default\">\n\t\t\t\t\t\t\t\t\t<p>Director International Society for Telemedicine &amp; eHealth<\/p><p>School of Health Information Science, University of Victoria, BC, Canada<\/p>\t\t\t\t\t\t\t\t<\/div>\n\t\t\t\t<\/div>\n\t\t\t\t<div class=\"elementor-element elementor-element-3c9b9e7 elementor-widget__width-initial elementor-widget elementor-widget-image\" data-id=\"3c9b9e7\" data-element_type=\"widget\" data-e-type=\"widget\" data-widget_type=\"image.default\">\n\t\t\t\t\t\t\t\t\t\t\t\t\t\t\t<img decoding=\"async\" src=\"https:\/\/integrata-stiftung.de\/wp-content\/uploads\/2018\/06\/karl-Stroetmasnn-foto-max-683x1024.jpg\" title=\"\" alt=\"\" loading=\"lazy\" \/>\t\t\t\t\t\t\t\t\t\t\t\t\t\t\t<\/div>\n\t\t\t\t<\/div>\n\t\t<div class=\"elementor-element elementor-element-e4ef736 e-con-full e-flex wpr-particle-no wpr-jarallax-no wpr-parallax-no wpr-sticky-section-no e-con e-child\" data-id=\"e4ef736\" data-element_type=\"container\" data-e-type=\"container\">\n\t\t<div class=\"elementor-element elementor-element-1580b6b e-con-full e-flex wpr-particle-no wpr-jarallax-no wpr-parallax-no wpr-sticky-section-no e-con e-child\" data-id=\"1580b6b\" data-element_type=\"container\" data-e-type=\"container\">\n\t\t\t\t<div class=\"elementor-element elementor-element-fa20843 elementor-widget elementor-widget-heading\" data-id=\"fa20843\" data-element_type=\"widget\" data-e-type=\"widget\" data-widget_type=\"heading.default\">\n\t\t\t\t\t<h2 class=\"elementor-heading-title elementor-size-default\">Dr. Volker Ohlinger<\/h2>\t\t\t\t<\/div>\n\t\t\t\t<div class=\"elementor-element elementor-element-7bf4414 elementor-widget elementor-widget-text-editor\" data-id=\"7bf4414\" data-element_type=\"widget\" data-e-type=\"widget\" data-widget_type=\"text-editor.default\">\n\t\t\t\t\t\t\t\t\t<div>Management &amp; Strategy Consulting<\/div><div><br \/>Kontakt:<\/div><div><a href=\"mailto:volker.ohlinger@integrata-stiftung.de\">volker.ohlinger@integrata-stiftung.de<\/a><\/div>\t\t\t\t\t\t\t\t<\/div>\n\t\t\t\t<\/div>\n\t\t\t\t<div class=\"elementor-element elementor-element-6c22b7c elementor-widget__width-initial elementor-widget elementor-widget-image\" data-id=\"6c22b7c\" data-element_type=\"widget\" data-e-type=\"widget\" data-widget_type=\"image.default\">\n\t\t\t\t\t\t\t\t\t\t\t\t\t\t\t<img decoding=\"async\" src=\"https:\/\/integrata-stiftung.de\/wp-content\/uploads\/2023\/09\/image1.jpeg\" title=\"\" alt=\"\" loading=\"lazy\" \/>\t\t\t\t\t\t\t\t\t\t\t\t\t\t\t<\/div>\n\t\t\t\t<\/div>\n\t\t\t\t<\/div>\n\t\t\t\t<div class=\"elementor-element elementor-element-684421c elementor-widget elementor-widget-spacer\" data-id=\"684421c\" data-element_type=\"widget\" data-e-type=\"widget\" data-widget_type=\"spacer.default\">\n\t\t\t\t\t\t\t<div class=\"elementor-spacer\">\n\t\t\t<div class=\"elementor-spacer-inner\"><\/div>\n\t\t<\/div>\n\t\t\t\t\t\t<\/div>\n\t\t\t\t\t<\/div>\n\t\t\t\t<\/div>\n\t\t\t\t<\/div>\n\t\t","protected":false},"excerpt":{"rendered":"<p>Kuratorium Das Stiftungs-Kuratorium Oberstes Organ der Stiftung ist das Kuratorium. Es w\u00e4hlt aus seiner Mitte einen Pr\u00e4sidenten und einen Stellvertreter. Der Stifter ist auf Lebenszeit Ehrenpr\u00e4sident. Das Kuratorium tagt in der Regel zweimal im Jahr. Aufgaben und Funktionen Das Kuratorium nimmt folgende Funktionen wahr: Wahl, Unterst\u00fctzung und Kontrolle des Vorstands sowie Weisungsbefugnis gegen\u00fcber dem Vorstand bei der Verfolgung des Stiftungszwecks Begutachtung von Vorschl\u00e4gen f\u00fcr die zu f\u00f6rdernden Projekte Auswahl der Preistr\u00e4ger des Wolfgang-Heilmann-Preises Abstimmung von Satzungs\u00e4nderungen Beschlussfassung \u00fcber die Vergabe der Stiftungsmittel Genehmigung des vom Vorstand j\u00e4hrlich zu erstellenden Wirtschaftsplanes Kontrolle der Haushalts- und Wirtschaftspr\u00fcfung unter Einschaltung eines Wirtschaftspr\u00fcfers Gesch\u00e4ftsordnung des Kuratoriums (.pdf) Mitglieder Die Mitglieder des Kuratoriums werden f\u00fcr die Dauer von drei Jahren durch Kooption bestellt, wobei Personen, die eine Zustiftung leisten, bevorzugt ber\u00fccksichtigt werden. Drei Mitglieder des Stiftungskuratoriums sollen aus dem universit\u00e4ren Bereich der Informationstechnologie oder einem nahestehenden Fachbereich, drei weitere Mitglieder des Kuratoriums sollen aus dem Kreis der Wirtschaft berufen werden. Freiwillige Selbstverpflichtung Alle T\u00e4tigkeiten f\u00fcr die Stiftung sind ehrenamtlich. Im Zusammenhang mit dieser T\u00e4tigkeit anfallende Ausgaben werden auf Nachweis von der Stiftung \u00fcbernommen. Die Kuratoren verpflichten sich, keine pers\u00f6nlichen Vorteile von au\u00dfenstehenden Dritten anzunehmen, die im Zusammenhang mit der T\u00e4tigkeit f\u00fcr die Stiftung stehen und nur sachlich begr\u00fcndete Bewertungen abzugeben. Erhaltene Sponsorengelder leiten sie unverz\u00fcglich an die Stiftung weiter. Ihre T\u00e4tigkeit f\u00fcr die Stiftung dient allein der F\u00f6rderung der humanen Nutzung der Informationstechnologie. Dr. Frank Sch\u00f6nthaler Pr\u00e4sident des Kuratoriums der Integrata-Stiftung, T\u00fcbingen Gesch\u00e4ftsf\u00fchrer der PROMATIS software GmbH, Ettlingen (TechnologieRegion Karlsruhe) Kontakt:\u00a0frank.schoenthaler@integrata-stiftung.de Christiane Eckardt Stellvertretende Vorsitzende des Kuratoriums Unternehmensberaterin i.R. Ehrenamtliche T\u00e4tigkeit in der Fl\u00fcchtlingshilfe Kontakt:christiane.eckardt@integrata-stiftung.de Andrea M\u00f6rike Co-Gr\u00fcnderin der Sales4Good GmbH, die mit Training, Coaching und Beratung rund um das Thema Ethischer Sales \u00a0gemeinwohlorientierte Unternehmen erfolgreich macht. Kontakt:\u00a0andrea.moerike@integrata-stiftung.de Dr. Andreas Rapp Stellvertretender Vorsitzender des Kuratoriums AR Mangagement ConsultingFreiberuflicher Unternehmensberater Otto Buck Program- &amp; Business Changemanager, Onlineverwaltung KOMM.ONE A\u00f6R, Stuttgart Kontakt:otto.buck@integrata-stiftung.de Prof. Dr. Wolf-Dieter Hasenclever Fachhochschule des Mittelstandes, Berlin Prof. Dr. Thomas Ertl Institut f\u00fcr Visualisierung und Interaktive Systeme (VIS) &amp; Visualisierungsinstitut (VISUS), Universit\u00e4t Stuttgart Kontakt: thomas.ertl@vis.uni-stuttgart.de Thomas Schmischke IT-Berater Kontakt:thomas.schmischke@integrata-stiftung.de Prof. Dr. Karl A. Stroetmann Director International Society for Telemedicine &amp; eHealth School of Health Information Science, University of Victoria, BC, Canada Dr. Volker Ohlinger Management &amp; Strategy ConsultingKontakt:volker.ohlinger@integrata-stiftung.de<\/p>\n","protected":false},"author":1,"featured_media":0,"parent":22590,"menu_order":0,"comment_status":"closed","ping_status":"closed","template":"","meta":{"footnotes":""},"class_list":["post-22854","page","type-page","status-publish","hentry"],"blocksy_meta":[],"_links":{"self":[{"href":"https:\/\/suspicious-noether.45-82-121-115.plesk.page\/index.php\/wp-json\/wp\/v2\/pages\/22854","targetHints":{"allow":["GET"]}}],"collection":[{"href":"https:\/\/suspicious-noether.45-82-121-115.plesk.page\/index.php\/wp-json\/wp\/v2\/pages"}],"about":[{"href":"https:\/\/suspicious-noether.45-82-121-115.plesk.page\/index.php\/wp-json\/wp\/v2\/types\/page"}],"author":[{"embeddable":true,"href":"https:\/\/suspicious-noether.45-82-121-115.plesk.page\/index.php\/wp-json\/wp\/v2\/users\/1"}],"replies":[{"embeddable":true,"href":"https:\/\/suspicious-noether.45-82-121-115.plesk.page\/index.php\/wp-json\/wp\/v2\/comments?post=22854"}],"version-history":[{"count":4,"href":"https:\/\/suspicious-noether.45-82-121-115.plesk.page\/index.php\/wp-json\/wp\/v2\/pages\/22854\/revisions"}],"predecessor-version":[{"id":22860,"href":"https:\/\/suspicious-noether.45-82-121-115.plesk.page\/index.php\/wp-json\/wp\/v2\/pages\/22854\/revisions\/22860"}],"up":[{"embeddable":true,"href":"https:\/\/suspicious-noether.45-82-121-115.plesk.page\/index.php\/wp-json\/wp\/v2\/pages\/22590"}],"wp:attachment":[{"href":"https:\/\/suspicious-noether.45-82-121-115.plesk.page\/index.php\/wp-json\/wp\/v2\/media?parent=22854"}],"curies":[{"name":"wp","href":"https:\/\/api.w.org\/{rel}","templated":true}]}}