{"id":22852,"date":"2026-04-13T15:39:37","date_gmt":"2026-04-13T15:39:37","guid":{"rendered":"https:\/\/suspicious-noether.45-82-121-115.plesk.page\/?page_id=22852"},"modified":"2026-04-13T17:12:02","modified_gmt":"2026-04-13T17:12:02","slug":"vorstand","status":"publish","type":"page","link":"https:\/\/suspicious-noether.45-82-121-115.plesk.page\/index.php\/stiftung\/organe\/vorstand\/","title":{"rendered":"Vorstand"},"content":{"rendered":"\t\t<div data-elementor-type=\"wp-page\" data-elementor-id=\"22852\" class=\"elementor elementor-22852\">\n\t\t\t\t<div class=\"elementor-element elementor-element-8048f56 e-flex e-con-boxed wpr-particle-no wpr-jarallax-no wpr-parallax-no wpr-sticky-section-no e-con e-parent\" data-id=\"8048f56\" data-element_type=\"container\" data-e-type=\"container\" data-settings=\"{&quot;background_background&quot;:&quot;classic&quot;}\">\n\t\t\t\t\t<div class=\"e-con-inner\">\n\t\t\t\t<div class=\"elementor-element elementor-element-dff2926 elementor-widget elementor-widget-spacer\" data-id=\"dff2926\" data-element_type=\"widget\" data-e-type=\"widget\" data-widget_type=\"spacer.default\">\n\t\t\t\t\t\t\t<div class=\"elementor-spacer\">\n\t\t\t<div class=\"elementor-spacer-inner\"><\/div>\n\t\t<\/div>\n\t\t\t\t\t\t<\/div>\n\t\t\t\t<div class=\"elementor-element elementor-element-8bd48dc elementor-widget elementor-widget-heading\" data-id=\"8bd48dc\" data-element_type=\"widget\" data-e-type=\"widget\" data-widget_type=\"heading.default\">\n\t\t\t\t\t<h1 class=\"elementor-heading-title elementor-size-default\">Organe der Integrata Stiftung<\/h1>\t\t\t\t<\/div>\n\t\t\t\t<div class=\"elementor-element elementor-element-fae2235 elementor-widget elementor-widget-spacer\" data-id=\"fae2235\" data-element_type=\"widget\" data-e-type=\"widget\" data-widget_type=\"spacer.default\">\n\t\t\t\t\t\t\t<div class=\"elementor-spacer\">\n\t\t\t<div class=\"elementor-spacer-inner\"><\/div>\n\t\t<\/div>\n\t\t\t\t\t\t<\/div>\n\t\t\t\t\t<\/div>\n\t\t\t\t<\/div>\n\t\t<div class=\"elementor-element elementor-element-8470908 e-flex e-con-boxed wpr-particle-no wpr-jarallax-no wpr-parallax-no wpr-sticky-section-no e-con e-parent\" data-id=\"8470908\" data-element_type=\"container\" data-e-type=\"container\">\n\t\t\t\t\t<div class=\"e-con-inner\">\n\t\t\t\t<div class=\"elementor-element elementor-element-99051aa elementor-widget elementor-widget-menu-anchor\" data-id=\"99051aa\" data-element_type=\"widget\" data-e-type=\"widget\" data-widget_type=\"menu-anchor.default\">\n\t\t\t\t\t\t\t<div class=\"elementor-menu-anchor\" id=\"vorstand\"><\/div>\n\t\t\t\t\t\t<\/div>\n\t\t\t\t<div class=\"elementor-element elementor-element-f9c2383 elementor-widget elementor-widget-heading\" data-id=\"f9c2383\" data-element_type=\"widget\" data-e-type=\"widget\" data-widget_type=\"heading.default\">\n\t\t\t\t\t<h2 class=\"elementor-heading-title elementor-size-default\">Unser Stiftungsvorstand \u2013 Motor des Stiftungslebens<\/h2>\t\t\t\t<\/div>\n\t\t<div class=\"elementor-element elementor-element-3af32ce e-grid e-con-full wpr-particle-no wpr-jarallax-no wpr-parallax-no wpr-sticky-section-no e-con e-child\" data-id=\"3af32ce\" data-element_type=\"container\" data-e-type=\"container\">\n\t\t<div class=\"elementor-element elementor-element-8fdfc71 e-con-full e-flex wpr-particle-no wpr-jarallax-no wpr-parallax-no wpr-sticky-section-no e-con e-child\" data-id=\"8fdfc71\" data-element_type=\"container\" data-e-type=\"container\">\n\t\t\t\t<div class=\"elementor-element elementor-element-bff55d4 elementor-widget elementor-widget-heading\" data-id=\"bff55d4\" data-element_type=\"widget\" data-e-type=\"widget\" data-widget_type=\"heading.default\">\n\t\t\t\t\t<h2 class=\"elementor-heading-title elementor-size-default\">Aufgaben und Funktionen<\/h2>\t\t\t\t<\/div>\n\t\t\t\t<div class=\"elementor-element elementor-element-a5506ba elementor-widget elementor-widget-text-editor\" data-id=\"a5506ba\" data-element_type=\"widget\" data-e-type=\"widget\" data-widget_type=\"text-editor.default\">\n\t\t\t\t\t\t\t\t\t<p>Der Vorstand verwaltet die Stiftung und organisiert den Stiftungsbetrieb. Ihm obliegen insbesondere folgende Aufgaben:<\/p><ul><li>Verwaltung des Stiftungsverm\u00f6gens<\/li><li>Verwendung der Mittel f\u00fcr die Erf\u00fcllung des Stiftungszwecks<\/li><li>Buchf\u00fchrung \u00fcber das Stiftungsverm\u00f6gen sowie \u00fcber Einnahmen und Ausgaben der Stiftung<\/li><li>Vorlage einer Jahresabrechnung mit einer Stiftungs\u00fcbersicht<\/li><li>Bericht \u00fcber die Erf\u00fcllung des Stiftungszweckes an die Stiftungsbeh\u00f6rde<\/li><li>Anzeige jeder \u00c4nderung der Zusammensetzung des Vorstands an die Stiftungsbeh\u00f6rde<\/li><li>Anzeige der \u00c4nderung der Satzung, Aufhebung der Stiftung, Zusammenlegung mit anderen Stiftungen auf Weisung des Kuratoriums an die Stiftungsbeh\u00f6rde<\/li><li>Erlangung von Zustiftungen zur nachhaltigen Verwirklichung des Stiftungszweckes<\/li><\/ul>\t\t\t\t\t\t\t\t<\/div>\n\t\t\t\t<\/div>\n\t\t<div class=\"elementor-element elementor-element-f5396fa e-con-full e-flex wpr-particle-no wpr-jarallax-no wpr-parallax-no wpr-sticky-section-no e-con e-child\" data-id=\"f5396fa\" data-element_type=\"container\" data-e-type=\"container\">\n\t\t\t\t<div class=\"elementor-element elementor-element-4342650 elementor-widget elementor-widget-heading\" data-id=\"4342650\" data-element_type=\"widget\" data-e-type=\"widget\" data-widget_type=\"heading.default\">\n\t\t\t\t\t<h2 class=\"elementor-heading-title elementor-size-default\">Mitglieder<\/h2>\t\t\t\t<\/div>\n\t\t\t\t<div class=\"elementor-element elementor-element-707b89e elementor-widget elementor-widget-text-editor\" data-id=\"707b89e\" data-element_type=\"widget\" data-e-type=\"widget\" data-widget_type=\"text-editor.default\">\n\t\t\t\t\t\t\t\t\t<p>Der Vorstand besteht aus einer oder mehreren, maximal jedoch drei Personen und vertritt die Stiftung gerichtlich und au\u00dfergerichtlich. Jedes Vorstandsmitglied ist nur gemeinschaftlich mit einem anderen Vorstandsmitglied zur Vertretung berechtigt. Besteht der Vorstand nur aus einer Person, unterzeichnet er gemeinschaftlich mit dem Vorsitzenden des Kuratoriums.<\/p><p>\u00a0Die Amtszeit eines Vorstands betr\u00e4gt grunds\u00e4tzlich f\u00fcnf Jahre. Nach Ablauf der Amtszeit bleibt das Vorstandsmitglied bis zur Berufung seines Nachfolgers im Amt. Wiederwahl des Vorstands ist zul\u00e4ssig.<\/p>\t\t\t\t\t\t\t\t<\/div>\n\t\t\t\t<div class=\"elementor-element elementor-element-cbea63a elementor-widget elementor-widget-button\" data-id=\"cbea63a\" data-element_type=\"widget\" data-e-type=\"widget\" data-widget_type=\"button.default\">\n\t\t\t\t\t\t\t\t\t\t<a class=\"elementor-button elementor-button-link elementor-size-sm\" href=\"https:\/\/www.integrata-stiftung.de\/wp-content\/uploads\/2020\/12\/GO_Vorstand_20110904.pdf\">\n\t\t\t\t\t\t<span class=\"elementor-button-content-wrapper\">\n\t\t\t\t\t\t\t\t\t<span class=\"elementor-button-text\">Gesch\u00e4ftsordnung des Vorstands (.pdf)<\/span>\n\t\t\t\t\t<\/span>\n\t\t\t\t\t<\/a>\n\t\t\t\t\t\t\t\t<\/div>\n\t\t\t\t<\/div>\n\t\t\t\t<\/div>\n\t\t\t\t<div class=\"elementor-element elementor-element-73b263d elementor-widget elementor-widget-heading\" data-id=\"73b263d\" data-element_type=\"widget\" data-e-type=\"widget\" data-widget_type=\"heading.default\">\n\t\t\t\t\t<h2 class=\"elementor-heading-title elementor-size-default\">Vorstand<\/h2>\t\t\t\t<\/div>\n\t\t<div class=\"elementor-element elementor-element-c5457e7 e-grid e-con-full wpr-particle-no wpr-jarallax-no wpr-parallax-no wpr-sticky-section-no e-con e-child\" data-id=\"c5457e7\" data-element_type=\"container\" data-e-type=\"container\">\n\t\t<div class=\"elementor-element elementor-element-200f564 e-con-full e-flex wpr-particle-no wpr-jarallax-no wpr-parallax-no wpr-sticky-section-no e-con e-child\" data-id=\"200f564\" data-element_type=\"container\" data-e-type=\"container\">\n\t\t<div class=\"elementor-element elementor-element-1b96c3f e-con-full e-flex wpr-particle-no wpr-jarallax-no wpr-parallax-no wpr-sticky-section-no e-con e-child\" data-id=\"1b96c3f\" data-element_type=\"container\" data-e-type=\"container\">\n\t\t\t\t<div class=\"elementor-element elementor-element-1cc3994 elementor-widget elementor-widget-heading\" data-id=\"1cc3994\" data-element_type=\"widget\" data-e-type=\"widget\" data-widget_type=\"heading.default\">\n\t\t\t\t\t<h2 class=\"elementor-heading-title elementor-size-default\">J\u00fcrgen Bartling<\/h2>\t\t\t\t<\/div>\n\t\t\t\t<div class=\"elementor-element elementor-element-f93088b elementor-widget elementor-widget-text-editor\" data-id=\"f93088b\" data-element_type=\"widget\" data-e-type=\"widget\" data-widget_type=\"text-editor.default\">\n\t\t\t\t\t\t\t\t\t<p>Kontakt:\u00a0<br \/><a href=\"mailto:juergen.bartling@integrata-stiftung.de\">juergen.bartling@integrata-stiftung.de<\/a><\/p>\t\t\t\t\t\t\t\t<\/div>\n\t\t\t\t<\/div>\n\t\t\t\t<div class=\"elementor-element elementor-element-3b0ae59 elementor-widget__width-initial elementor-widget elementor-widget-image\" data-id=\"3b0ae59\" data-element_type=\"widget\" data-e-type=\"widget\" data-widget_type=\"image.default\">\n\t\t\t\t\t\t\t\t\t\t\t\t\t\t\t<img decoding=\"async\" src=\"https:\/\/integrata-stiftung.de\/wp-content\/uploads\/2022\/11\/BaJ-scaled-e1743257232537-220x300.jpg\" title=\"\" alt=\"\" loading=\"lazy\" \/>\t\t\t\t\t\t\t\t\t\t\t\t\t\t\t<\/div>\n\t\t\t\t<\/div>\n\t\t<div class=\"elementor-element elementor-element-f010d31 e-con-full e-flex wpr-particle-no wpr-jarallax-no wpr-parallax-no wpr-sticky-section-no e-con e-child\" data-id=\"f010d31\" data-element_type=\"container\" data-e-type=\"container\">\n\t\t<div class=\"elementor-element elementor-element-6ebc78b e-con-full e-flex wpr-particle-no wpr-jarallax-no wpr-parallax-no wpr-sticky-section-no e-con e-child\" data-id=\"6ebc78b\" data-element_type=\"container\" data-e-type=\"container\">\n\t\t\t\t<div class=\"elementor-element elementor-element-0570d78 elementor-widget elementor-widget-heading\" data-id=\"0570d78\" data-element_type=\"widget\" data-e-type=\"widget\" data-widget_type=\"heading.default\">\n\t\t\t\t\t<h2 class=\"elementor-heading-title elementor-size-default\">Swen Heinemann<\/h2>\t\t\t\t<\/div>\n\t\t\t\t<div class=\"elementor-element elementor-element-3dd3f99 elementor-widget elementor-widget-text-editor\" data-id=\"3dd3f99\" data-element_type=\"widget\" data-e-type=\"widget\" data-widget_type=\"text-editor.default\">\n\t\t\t\t\t\t\t\t\t<p>Kontakt:<br \/><a href=\"mailto:swen.heinemann@integrata-stiftung.de\">swen.heinemann@integrata-stiftung.de\u00a0\u00a0<\/a><\/p>\t\t\t\t\t\t\t\t<\/div>\n\t\t\t\t<\/div>\n\t\t\t\t<div class=\"elementor-element elementor-element-f4a66e2 elementor-widget__width-initial elementor-widget elementor-widget-image\" data-id=\"f4a66e2\" data-element_type=\"widget\" data-e-type=\"widget\" data-widget_type=\"image.default\">\n\t\t\t\t\t\t\t\t\t\t\t\t\t\t\t<img decoding=\"async\" src=\"https:\/\/integrata-stiftung.de\/wp-content\/uploads\/2025\/03\/IMG_1002-scaled-e1743257960404-208x300.jpeg\" title=\"\" alt=\"\" loading=\"lazy\" \/>\t\t\t\t\t\t\t\t\t\t\t\t\t\t\t<\/div>\n\t\t\t\t<\/div>\n\t\t\t\t<\/div>\n\t\t\t\t<div class=\"elementor-element elementor-element-6d31c2f elementor-widget elementor-widget-heading\" data-id=\"6d31c2f\" data-element_type=\"widget\" data-e-type=\"widget\" data-widget_type=\"heading.default\">\n\t\t\t\t\t<h2 class=\"elementor-heading-title elementor-size-default\">Ehrenpr\u00e4sident<\/h2>\t\t\t\t<\/div>\n\t\t<div class=\"elementor-element elementor-element-fd3d630 e-con-full e-flex wpr-particle-no wpr-jarallax-no wpr-parallax-no wpr-sticky-section-no e-con e-child\" data-id=\"fd3d630\" data-element_type=\"container\" data-e-type=\"container\">\n\t\t\t\t<div class=\"elementor-element elementor-element-7824e0b elementor-widget__width-initial elementor-widget elementor-widget-image\" data-id=\"7824e0b\" data-element_type=\"widget\" data-e-type=\"widget\" data-widget_type=\"image.default\">\n\t\t\t\t\t\t\t\t\t\t\t\t\t\t\t<img decoding=\"async\" src=\"https:\/\/integrata-stiftung.de\/wp-content\/uploads\/2025\/02\/MoMimAufzug20220917-e1743258218587-207x300.png\" title=\"\" alt=\"\" loading=\"lazy\" \/>\t\t\t\t\t\t\t\t\t\t\t\t\t\t\t<\/div>\n\t\t<div class=\"elementor-element elementor-element-f871f89 e-con-full e-flex wpr-particle-no wpr-jarallax-no wpr-parallax-no wpr-sticky-section-no e-con e-child\" data-id=\"f871f89\" data-element_type=\"container\" data-e-type=\"container\">\n\t\t\t\t<div class=\"elementor-element elementor-element-7bc09b7 elementor-widget elementor-widget-heading\" data-id=\"7bc09b7\" data-element_type=\"widget\" data-e-type=\"widget\" data-widget_type=\"heading.default\">\n\t\t\t\t\t<h2 class=\"elementor-heading-title elementor-size-default\">Michael M\u00f6rike<\/h2>\t\t\t\t<\/div>\n\t\t\t\t<div class=\"elementor-element elementor-element-336f794 elementor-widget elementor-widget-text-editor\" data-id=\"336f794\" data-element_type=\"widget\" data-e-type=\"widget\" data-widget_type=\"text-editor.default\">\n\t\t\t\t\t\t\t\t\t<p>Kontakt:<br \/><a href=\"mailto:michael.moerike@integrata-stiftung.de\">michael.moerike@integrata-stiftung.de\u00a0\u00a0<\/a><\/p>\t\t\t\t\t\t\t\t<\/div>\n\t\t\t\t<\/div>\n\t\t\t\t<\/div>\n\t\t\t\t<div class=\"elementor-element elementor-element-ca2f8c0 elementor-widget elementor-widget-heading\" data-id=\"ca2f8c0\" data-element_type=\"widget\" data-e-type=\"widget\" data-widget_type=\"heading.default\">\n\t\t\t\t\t<h2 class=\"elementor-heading-title elementor-size-default\">Erweiterter Vorstand<\/h2>\t\t\t\t<\/div>\n\t\t<div class=\"elementor-element elementor-element-de5a505 e-grid e-con-full wpr-particle-no wpr-jarallax-no wpr-parallax-no wpr-sticky-section-no e-con e-child\" data-id=\"de5a505\" data-element_type=\"container\" data-e-type=\"container\">\n\t\t<div class=\"elementor-element elementor-element-e3f5a87 e-con-full e-flex wpr-particle-no wpr-jarallax-no wpr-parallax-no wpr-sticky-section-no e-con e-child\" data-id=\"e3f5a87\" data-element_type=\"container\" data-e-type=\"container\">\n\t\t<div class=\"elementor-element elementor-element-22b9add e-con-full e-flex wpr-particle-no wpr-jarallax-no wpr-parallax-no wpr-sticky-section-no e-con e-child\" data-id=\"22b9add\" data-element_type=\"container\" data-e-type=\"container\">\n\t\t\t\t<div class=\"elementor-element elementor-element-0d4653a elementor-widget elementor-widget-heading\" data-id=\"0d4653a\" data-element_type=\"widget\" data-e-type=\"widget\" data-widget_type=\"heading.default\">\n\t\t\t\t\t<h2 class=\"elementor-heading-title elementor-size-default\">Annerose Eberhardt<\/h2>\t\t\t\t<\/div>\n\t\t\t\t<div class=\"elementor-element elementor-element-f75491c elementor-widget elementor-widget-text-editor\" data-id=\"f75491c\" data-element_type=\"widget\" data-e-type=\"widget\" data-widget_type=\"text-editor.default\">\n\t\t\t\t\t\t\t\t\t<p>Vorsitzende des <strong><a href=\"https:\/\/integrata-stiftung.de\/foerdern\/foerderverein\/\">F\u00f6rdervereins<\/a><\/strong><\/p><p>Kontakt:<br \/><a href=\"mailto:vorstand@integrata-freunde.de\">vorstand@integrata-freunde.de<\/a><\/p>\t\t\t\t\t\t\t\t<\/div>\n\t\t\t\t<\/div>\n\t\t\t\t<div class=\"elementor-element elementor-element-3f9a906 elementor-widget__width-initial elementor-widget elementor-widget-image\" data-id=\"3f9a906\" data-element_type=\"widget\" data-e-type=\"widget\" data-widget_type=\"image.default\">\n\t\t\t\t\t\t\t\t\t\t\t\t\t\t\t<img decoding=\"async\" src=\"https:\/\/integrata-stiftung.de\/wp-content\/uploads\/2020\/09\/Annerose2017-150x150.jpg\" title=\"\" alt=\"\" loading=\"lazy\" \/>\t\t\t\t\t\t\t\t\t\t\t\t\t\t\t<\/div>\n\t\t\t\t<\/div>\n\t\t<div class=\"elementor-element elementor-element-eeeb6a9 e-con-full e-flex wpr-particle-no wpr-jarallax-no wpr-parallax-no wpr-sticky-section-no e-con e-child\" data-id=\"eeeb6a9\" data-element_type=\"container\" data-e-type=\"container\">\n\t\t<div class=\"elementor-element elementor-element-a560472 e-con-full e-flex wpr-particle-no wpr-jarallax-no wpr-parallax-no wpr-sticky-section-no e-con e-child\" data-id=\"a560472\" data-element_type=\"container\" data-e-type=\"container\">\n\t\t\t\t<div class=\"elementor-element elementor-element-f62f50f elementor-widget elementor-widget-heading\" data-id=\"f62f50f\" data-element_type=\"widget\" data-e-type=\"widget\" data-widget_type=\"heading.default\">\n\t\t\t\t\t<h2 class=\"elementor-heading-title elementor-size-default\">\nMartin Salzwedel\n<\/h2>\t\t\t\t<\/div>\n\t\t\t\t<div class=\"elementor-element elementor-element-6201f9f elementor-widget elementor-widget-text-editor\" data-id=\"6201f9f\" data-element_type=\"widget\" data-e-type=\"widget\" data-widget_type=\"text-editor.default\">\n\t\t\t\t\t\t\t\t\t<p>Vorsitzender &amp; Sprecher des <strong><a href=\"https:\/\/integrata-stiftung.de\/fachbeirat\/#heinemann\">Fachbeirats<\/a>\u00a0<\/strong><\/p><p>Kontakt:<br \/><a href=\"mailto:martin.salzwedel@integrata-stiftung.de\">martin.salzwedel@integrata-stiftung.de<\/a><\/p>\t\t\t\t\t\t\t\t<\/div>\n\t\t\t\t<\/div>\n\t\t\t\t<div class=\"elementor-element elementor-element-eec430f elementor-widget__width-initial elementor-widget elementor-widget-image\" data-id=\"eec430f\" data-element_type=\"widget\" data-e-type=\"widget\" data-widget_type=\"image.default\">\n\t\t\t\t\t\t\t\t\t\t\t\t\t\t\t<img decoding=\"async\" src=\"https:\/\/integrata-stiftung.de\/wp-content\/uploads\/2024\/11\/Bildschirmfoto-2024-11-20-um-08.47.19-150x150.png\" title=\"\" alt=\"\" loading=\"lazy\" \/>\t\t\t\t\t\t\t\t\t\t\t\t\t\t\t<\/div>\n\t\t\t\t<\/div>\n\t\t<div class=\"elementor-element elementor-element-47bfe4f e-con-full e-flex wpr-particle-no wpr-jarallax-no wpr-parallax-no wpr-sticky-section-no e-con e-child\" data-id=\"47bfe4f\" data-element_type=\"container\" data-e-type=\"container\">\n\t\t<div class=\"elementor-element elementor-element-a38e1a5 e-con-full e-flex wpr-particle-no wpr-jarallax-no wpr-parallax-no wpr-sticky-section-no e-con e-child\" data-id=\"a38e1a5\" data-element_type=\"container\" data-e-type=\"container\">\n\t\t\t\t<div class=\"elementor-element elementor-element-d55161f elementor-widget elementor-widget-heading\" data-id=\"d55161f\" data-element_type=\"widget\" data-e-type=\"widget\" data-widget_type=\"heading.default\">\n\t\t\t\t\t<h2 class=\"elementor-heading-title elementor-size-default\">Thomas Schmischke<\/h2>\t\t\t\t<\/div>\n\t\t\t\t<div class=\"elementor-element elementor-element-039d468 elementor-widget elementor-widget-text-editor\" data-id=\"039d468\" data-element_type=\"widget\" data-e-type=\"widget\" data-widget_type=\"text-editor.default\">\n\t\t\t\t\t\t\t\t\t<p>Mitglied des <strong><a href=\"https:\/\/integrata-stiftung.de\/ueber-uns\/organisation\/kuratorium\/#schmischke\">Kuratoriums<\/a><\/strong><\/p><p>Kontakt:<br \/><a href=\"mailto:thomas.schmischke@integrata-stiftung.de\">thomas.schmischke@integrata-stiftung.de<\/a><\/p>\t\t\t\t\t\t\t\t<\/div>\n\t\t\t\t<\/div>\n\t\t\t\t<div class=\"elementor-element elementor-element-2c8b5ab elementor-widget__width-initial elementor-widget elementor-widget-image\" data-id=\"2c8b5ab\" data-element_type=\"widget\" data-e-type=\"widget\" data-widget_type=\"image.default\">\n\t\t\t\t\t\t\t\t\t\t\t\t\t\t\t<img decoding=\"async\" src=\"https:\/\/integrata-stiftung.de\/wp-content\/uploads\/2018\/06\/Bild-SchT-e1713526277473-150x150.jpg\" title=\"\" alt=\"\" loading=\"lazy\" \/>\t\t\t\t\t\t\t\t\t\t\t\t\t\t\t<\/div>\n\t\t\t\t<\/div>\n\t\t<div class=\"elementor-element elementor-element-d300e6d e-con-full e-flex wpr-particle-no wpr-jarallax-no wpr-parallax-no wpr-sticky-section-no e-con e-child\" data-id=\"d300e6d\" data-element_type=\"container\" data-e-type=\"container\">\n\t\t<div class=\"elementor-element elementor-element-7adc536 e-con-full e-flex wpr-particle-no wpr-jarallax-no wpr-parallax-no wpr-sticky-section-no e-con e-child\" data-id=\"7adc536\" data-element_type=\"container\" data-e-type=\"container\">\n\t\t\t\t<div class=\"elementor-element elementor-element-1451742 elementor-widget elementor-widget-heading\" data-id=\"1451742\" data-element_type=\"widget\" data-e-type=\"widget\" data-widget_type=\"heading.default\">\n\t\t\t\t\t<h2 class=\"elementor-heading-title elementor-size-default\">Consuela Utsch<\/h2>\t\t\t\t<\/div>\n\t\t\t\t<div class=\"elementor-element elementor-element-cb65bba elementor-widget elementor-widget-text-editor\" data-id=\"cb65bba\" data-element_type=\"widget\" data-e-type=\"widget\" data-widget_type=\"text-editor.default\">\n\t\t\t\t\t\t\t\t\t<p>Mitglied des<a href=\"https:\/\/integrata-stiftung.de\/fachbeirat\/#utsch\"><strong> Fachbeirats<\/strong><\/a><\/p><p>Kontakt:<br \/><a href=\"mailto:utsch.c@acuroc-solutions.de\">utsch.c@acuroc-solutions.de<\/a><\/p>\t\t\t\t\t\t\t\t<\/div>\n\t\t\t\t<\/div>\n\t\t\t\t<div class=\"elementor-element elementor-element-c49dc41 elementor-widget__width-initial elementor-widget elementor-widget-image\" data-id=\"c49dc41\" data-element_type=\"widget\" data-e-type=\"widget\" data-widget_type=\"image.default\">\n\t\t\t\t\t\t\t\t\t\t\t\t\t\t\t<img decoding=\"async\" src=\"https:\/\/integrata-stiftung.de\/wp-content\/uploads\/2021\/01\/Dr.-Consuela-Utsch-150x150.jpg\" title=\"\" alt=\"\" loading=\"lazy\" \/>\t\t\t\t\t\t\t\t\t\t\t\t\t\t\t<\/div>\n\t\t\t\t<\/div>\n\t\t<div class=\"elementor-element elementor-element-487791f e-con-full e-flex wpr-particle-no wpr-jarallax-no wpr-parallax-no wpr-sticky-section-no e-con e-child\" data-id=\"487791f\" data-element_type=\"container\" data-e-type=\"container\">\n\t\t<div class=\"elementor-element elementor-element-b6fce35 e-con-full e-flex wpr-particle-no wpr-jarallax-no wpr-parallax-no wpr-sticky-section-no e-con e-child\" data-id=\"b6fce35\" data-element_type=\"container\" data-e-type=\"container\">\n\t\t\t\t<div class=\"elementor-element elementor-element-7392a1f elementor-widget elementor-widget-heading\" data-id=\"7392a1f\" data-element_type=\"widget\" data-e-type=\"widget\" data-widget_type=\"heading.default\">\n\t\t\t\t\t<h2 class=\"elementor-heading-title elementor-size-default\">Dr. Volker Ohlinger<\/h2>\t\t\t\t<\/div>\n\t\t\t\t<div class=\"elementor-element elementor-element-ea3de26 elementor-widget elementor-widget-text-editor\" data-id=\"ea3de26\" data-element_type=\"widget\" data-e-type=\"widget\" data-widget_type=\"text-editor.default\">\n\t\t\t\t\t\t\t\t\t<p>Mitglied des <a href=\"https:\/\/integrata-stiftung.de\/ueber-uns\/organisation\/kuratorium\/\"><strong>Kuratoriums<\/strong><\/a><\/p><p>Kontakt:<br \/>volker.ohlinger@integrata-stiftung.de<\/p>\t\t\t\t\t\t\t\t<\/div>\n\t\t\t\t<\/div>\n\t\t\t\t<div class=\"elementor-element elementor-element-77a134b elementor-widget__width-initial elementor-widget elementor-widget-image\" data-id=\"77a134b\" data-element_type=\"widget\" data-e-type=\"widget\" data-widget_type=\"image.default\">\n\t\t\t\t\t\t\t\t\t\t\t\t\t\t\t<img decoding=\"async\" src=\"https:\/\/integrata-stiftung.de\/wp-content\/uploads\/2023\/09\/image1-150x150.jpeg\" title=\"\" alt=\"\" loading=\"lazy\" \/>\t\t\t\t\t\t\t\t\t\t\t\t\t\t\t<\/div>\n\t\t\t\t<\/div>\n\t\t\t\t<\/div>\n\t\t\t\t\t<\/div>\n\t\t\t\t<\/div>\n\t\t<div class=\"elementor-element elementor-element-a391fe9 e-flex e-con-boxed wpr-particle-no wpr-jarallax-no wpr-parallax-no wpr-sticky-section-no e-con e-parent\" data-id=\"a391fe9\" data-element_type=\"container\" data-e-type=\"container\">\n\t\t\t\t\t<div class=\"e-con-inner\">\n\t\t\t\t<div class=\"elementor-element elementor-element-f997b5f elementor-widget elementor-widget-spacer\" data-id=\"f997b5f\" data-element_type=\"widget\" data-e-type=\"widget\" data-widget_type=\"spacer.default\">\n\t\t\t\t\t\t\t<div class=\"elementor-spacer\">\n\t\t\t<div class=\"elementor-spacer-inner\"><\/div>\n\t\t<\/div>\n\t\t\t\t\t\t<\/div>\n\t\t\t\t\t<\/div>\n\t\t\t\t<\/div>\n\t\t\t\t<\/div>\n\t\t","protected":false},"excerpt":{"rendered":"<p>Organe der Integrata Stiftung Unser Stiftungsvorstand \u2013 Motor des Stiftungslebens Aufgaben und Funktionen Der Vorstand verwaltet die Stiftung und organisiert den Stiftungsbetrieb. Ihm obliegen insbesondere folgende Aufgaben: Verwaltung des Stiftungsverm\u00f6gens Verwendung der Mittel f\u00fcr die Erf\u00fcllung des Stiftungszwecks Buchf\u00fchrung \u00fcber das Stiftungsverm\u00f6gen sowie \u00fcber Einnahmen und Ausgaben der Stiftung Vorlage einer Jahresabrechnung mit einer Stiftungs\u00fcbersicht Bericht \u00fcber die Erf\u00fcllung des Stiftungszweckes an die Stiftungsbeh\u00f6rde Anzeige jeder \u00c4nderung der Zusammensetzung des Vorstands an die Stiftungsbeh\u00f6rde Anzeige der \u00c4nderung der Satzung, Aufhebung der Stiftung, Zusammenlegung mit anderen Stiftungen auf Weisung des Kuratoriums an die Stiftungsbeh\u00f6rde Erlangung von Zustiftungen zur nachhaltigen Verwirklichung des Stiftungszweckes Mitglieder Der Vorstand besteht aus einer oder mehreren, maximal jedoch drei Personen und vertritt die Stiftung gerichtlich und au\u00dfergerichtlich. Jedes Vorstandsmitglied ist nur gemeinschaftlich mit einem anderen Vorstandsmitglied zur Vertretung berechtigt. Besteht der Vorstand nur aus einer Person, unterzeichnet er gemeinschaftlich mit dem Vorsitzenden des Kuratoriums. \u00a0Die Amtszeit eines Vorstands betr\u00e4gt grunds\u00e4tzlich f\u00fcnf Jahre. Nach Ablauf der Amtszeit bleibt das Vorstandsmitglied bis zur Berufung seines Nachfolgers im Amt. Wiederwahl des Vorstands ist zul\u00e4ssig. Gesch\u00e4ftsordnung des Vorstands (.pdf) Vorstand J\u00fcrgen Bartling Kontakt:\u00a0juergen.bartling@integrata-stiftung.de Swen Heinemann Kontakt:swen.heinemann@integrata-stiftung.de\u00a0\u00a0 Ehrenpr\u00e4sident Michael M\u00f6rike Kontakt:michael.moerike@integrata-stiftung.de\u00a0\u00a0 Erweiterter Vorstand Annerose Eberhardt Vorsitzende des F\u00f6rdervereins Kontakt:vorstand@integrata-freunde.de Martin Salzwedel Vorsitzender &amp; Sprecher des Fachbeirats\u00a0 Kontakt:martin.salzwedel@integrata-stiftung.de Thomas Schmischke Mitglied des Kuratoriums Kontakt:thomas.schmischke@integrata-stiftung.de Consuela Utsch Mitglied des Fachbeirats Kontakt:utsch.c@acuroc-solutions.de Dr. Volker Ohlinger Mitglied des Kuratoriums Kontakt:volker.ohlinger@integrata-stiftung.de<\/p>\n","protected":false},"author":1,"featured_media":0,"parent":22590,"menu_order":0,"comment_status":"closed","ping_status":"closed","template":"","meta":{"footnotes":""},"class_list":["post-22852","page","type-page","status-publish","hentry"],"blocksy_meta":[],"_links":{"self":[{"href":"https:\/\/suspicious-noether.45-82-121-115.plesk.page\/index.php\/wp-json\/wp\/v2\/pages\/22852","targetHints":{"allow":["GET"]}}],"collection":[{"href":"https:\/\/suspicious-noether.45-82-121-115.plesk.page\/index.php\/wp-json\/wp\/v2\/pages"}],"about":[{"href":"https:\/\/suspicious-noether.45-82-121-115.plesk.page\/index.php\/wp-json\/wp\/v2\/types\/page"}],"author":[{"embeddable":true,"href":"https:\/\/suspicious-noether.45-82-121-115.plesk.page\/index.php\/wp-json\/wp\/v2\/users\/1"}],"replies":[{"embeddable":true,"href":"https:\/\/suspicious-noether.45-82-121-115.plesk.page\/index.php\/wp-json\/wp\/v2\/comments?post=22852"}],"version-history":[{"count":7,"href":"https:\/\/suspicious-noether.45-82-121-115.plesk.page\/index.php\/wp-json\/wp\/v2\/pages\/22852\/revisions"}],"predecessor-version":[{"id":22939,"href":"https:\/\/suspicious-noether.45-82-121-115.plesk.page\/index.php\/wp-json\/wp\/v2\/pages\/22852\/revisions\/22939"}],"up":[{"embeddable":true,"href":"https:\/\/suspicious-noether.45-82-121-115.plesk.page\/index.php\/wp-json\/wp\/v2\/pages\/22590"}],"wp:attachment":[{"href":"https:\/\/suspicious-noether.45-82-121-115.plesk.page\/index.php\/wp-json\/wp\/v2\/media?parent=22852"}],"curies":[{"name":"wp","href":"https:\/\/api.w.org\/{rel}","templated":true}]}}