{"id":22548,"date":"2026-04-11T01:03:51","date_gmt":"2026-04-11T01:03:51","guid":{"rendered":"https:\/\/suspicious-noether.45-82-121-115.plesk.page\/?page_id=22548"},"modified":"2026-04-13T17:03:01","modified_gmt":"2026-04-13T17:03:01","slug":"politaktiv","status":"publish","type":"page","link":"https:\/\/suspicious-noether.45-82-121-115.plesk.page\/index.php\/projekte\/politaktiv\/","title":{"rendered":"Politaktiv"},"content":{"rendered":"\t\t<div data-elementor-type=\"wp-page\" data-elementor-id=\"22548\" class=\"elementor elementor-22548\">\n\t\t\t\t<div class=\"elementor-element elementor-element-8048f56 e-flex e-con-boxed wpr-particle-no wpr-jarallax-no wpr-parallax-no wpr-sticky-section-no e-con e-parent\" data-id=\"8048f56\" data-element_type=\"container\" data-e-type=\"container\" data-settings=\"{&quot;background_background&quot;:&quot;classic&quot;}\">\n\t\t\t\t\t<div class=\"e-con-inner\">\n\t\t\t\t<div class=\"elementor-element elementor-element-dff2926 elementor-widget elementor-widget-spacer\" data-id=\"dff2926\" data-element_type=\"widget\" data-e-type=\"widget\" data-widget_type=\"spacer.default\">\n\t\t\t\t\t\t\t<div class=\"elementor-spacer\">\n\t\t\t<div class=\"elementor-spacer-inner\"><\/div>\n\t\t<\/div>\n\t\t\t\t\t\t<\/div>\n\t\t\t\t<div class=\"elementor-element elementor-element-8bd48dc elementor-widget elementor-widget-heading\" data-id=\"8bd48dc\" data-element_type=\"widget\" data-e-type=\"widget\" data-widget_type=\"heading.default\">\n\t\t\t\t\t<h1 class=\"elementor-heading-title elementor-size-default\">Polit@aktiv<br>B\u00fcrgerbeteiligung dank humaner Nutzung der IT<\/h1>\t\t\t\t<\/div>\n\t\t\t\t<div class=\"elementor-element elementor-element-fae2235 elementor-widget elementor-widget-spacer\" data-id=\"fae2235\" data-element_type=\"widget\" data-e-type=\"widget\" data-widget_type=\"spacer.default\">\n\t\t\t\t\t\t\t<div class=\"elementor-spacer\">\n\t\t\t<div class=\"elementor-spacer-inner\"><\/div>\n\t\t<\/div>\n\t\t\t\t\t\t<\/div>\n\t\t\t\t\t<\/div>\n\t\t\t\t<\/div>\n\t\t<div class=\"elementor-element elementor-element-7b25d0b elementor-hidden-tablet elementor-hidden-mobile e-flex e-con-boxed wpr-particle-no wpr-jarallax-no wpr-parallax-no wpr-sticky-section-no e-con e-parent\" data-id=\"7b25d0b\" data-element_type=\"container\" data-e-type=\"container\">\n\t\t\t\t\t<div class=\"e-con-inner\">\n\t\t\t\t<div class=\"elementor-element elementor-element-0d17e0a elementor-widget__width-initial elementor-widget elementor-widget-spacer\" data-id=\"0d17e0a\" data-element_type=\"widget\" data-e-type=\"widget\" data-widget_type=\"spacer.default\">\n\t\t\t\t\t\t\t<div class=\"elementor-spacer\">\n\t\t\t<div class=\"elementor-spacer-inner\"><\/div>\n\t\t<\/div>\n\t\t\t\t\t\t<\/div>\n\t\t\t\t<div class=\"elementor-element elementor-element-5d54f38 elementor-widget__width-initial elementor-widget elementor-widget-text-editor\" data-id=\"5d54f38\" data-element_type=\"widget\" data-e-type=\"widget\" data-widget_type=\"text-editor.default\">\n\t\t\t\t\t\t\t\t\t<p>Wir stehen in erster Linie f\u00fcr methodische Vielfalt. Wir organisieren und begleiten Ihr Beteiligungsprojekt auf unterschiedlichen Kan\u00e4len und erreichen auf diese Weise weitaus mehr Menschen als andere Beteiligungsanbieter.<\/p>\t\t\t\t\t\t\t\t<\/div>\n\t\t\t\t\t<\/div>\n\t\t\t\t<\/div>\n\t\t<div class=\"elementor-element elementor-element-9b703ff elementor-hidden-desktop e-flex e-con-boxed wpr-particle-no wpr-jarallax-no wpr-parallax-no wpr-sticky-section-no e-con e-parent\" data-id=\"9b703ff\" data-element_type=\"container\" data-e-type=\"container\">\n\t\t\t\t\t<div class=\"e-con-inner\">\n\t\t\t\t<div class=\"elementor-element elementor-element-f8e137b elementor-widget__width-initial elementor-widget elementor-widget-text-editor\" data-id=\"f8e137b\" data-element_type=\"widget\" data-e-type=\"widget\" data-widget_type=\"text-editor.default\">\n\t\t\t\t\t\t\t\t\t<p>Wir stehen in erster Linie f\u00fcr methodische Vielfalt. Wir organisieren und begleiten Ihr Beteiligungsprojekt auf unterschiedlichen Kan\u00e4len und erreichen auf diese Weise weitaus mehr Menschen als andere Beteiligungsanbieter.<\/p>\t\t\t\t\t\t\t\t<\/div>\n\t\t\t\t<div class=\"elementor-element elementor-element-a4e16fa elementor-align-center elementor-tablet-align-center elementor-widget elementor-widget-button\" data-id=\"a4e16fa\" data-element_type=\"widget\" data-e-type=\"widget\" data-widget_type=\"button.default\">\n\t\t\t\t\t\t\t\t\t\t<a class=\"elementor-button elementor-button-link elementor-size-sm\" href=\"#\">\n\t\t\t\t\t\t<span class=\"elementor-button-content-wrapper\">\n\t\t\t\t\t\t\t\t\t<span class=\"elementor-button-text\">Mehr erfahren<\/span>\n\t\t\t\t\t<\/span>\n\t\t\t\t\t<\/a>\n\t\t\t\t\t\t\t\t<\/div>\n\t\t\t\t\t<\/div>\n\t\t\t\t<\/div>\n\t\t<div class=\"elementor-element elementor-element-d815982 e-flex e-con-boxed wpr-particle-no wpr-jarallax-no wpr-parallax-no wpr-sticky-section-no e-con e-parent\" data-id=\"d815982\" data-element_type=\"container\" data-e-type=\"container\">\n\t\t\t\t\t<div class=\"e-con-inner\">\n\t\t<div class=\"elementor-element elementor-element-9678289 e-con-full e-grid wpr-particle-no wpr-jarallax-no wpr-parallax-no wpr-sticky-section-no e-con e-child\" data-id=\"9678289\" data-element_type=\"container\" data-e-type=\"container\" data-settings=\"{&quot;background_background&quot;:&quot;classic&quot;}\">\n\t\t<div class=\"elementor-element elementor-element-8b5803b e-con-full e-flex wpr-particle-no wpr-jarallax-no wpr-parallax-no wpr-sticky-section-no e-con e-child\" data-id=\"8b5803b\" data-element_type=\"container\" data-e-type=\"container\">\n\t\t\t\t<div class=\"elementor-element elementor-element-b029c16 elementor-widget elementor-widget-heading\" data-id=\"b029c16\" data-element_type=\"widget\" data-e-type=\"widget\" data-widget_type=\"heading.default\">\n\t\t\t\t\t<h2 class=\"elementor-heading-title elementor-size-default\">Werdegang des Projekts Polit@ktiv<\/h2>\t\t\t\t<\/div>\n\t\t\t\t<div class=\"elementor-element elementor-element-0624638 elementor-widget elementor-widget-heading\" data-id=\"0624638\" data-element_type=\"widget\" data-e-type=\"widget\" data-widget_type=\"heading.default\">\n\t\t\t\t\t<h2 class=\"elementor-heading-title elementor-size-default\">Wie ist Polit@ktiv entstanden? Und welche Philosophie steckt dahinter?<\/h2>\t\t\t\t<\/div>\n\t\t\t\t<div class=\"elementor-element elementor-element-dd958f1 elementor-widget elementor-widget-text-editor\" data-id=\"dd958f1\" data-element_type=\"widget\" data-e-type=\"widget\" data-widget_type=\"text-editor.default\">\n\t\t\t\t\t\t\t\t\t<p>Polit@ktiv wurde 2011\u00a0von einer kleinen Gruppe haupts\u00e4chlich ehrenamtlicher Mitarbeiter gestartet, die sich f\u00fcr mehr B\u00fcrgerbeteiligung einsetzen und ein Beispiel schaffen wollten, wie dies mit Hilfe des Internets m\u00f6glich sein kann. Nach ersten erfolgreichen Modellprojekten\u00a0in einzelnen Kommunen\u00a0gr\u00fcndete die Integrata-Stiftung im Januar 2014 eine\u00a0Tochterfirma, die\u00a0<a href=\"http:\/\/www.hit-buergerbeteiligung.de\/\">Human IT Service GmbH<\/a>, welche die Dienstleistungen rund um Polit@ktiv \u00fcbernimmt. Dazu z\u00e4hlt\u00a0vor allem die Moderation der B\u00fcrgerdiskussionen und die kontinuierliche Online-Dokumentation, aber auch Marketing und Vertrieb der Plattform.\u00a0<\/p><p>Zur F\u00f6rderung kommunaler Beteiligungsprozesse \u00fcbernimmt die Integrata-Stiftung die Kosten f\u00fcr Server, Software-Entwicklung und Lizenzen, sodass die Nutzung von Polit@ktiv f\u00fcr die \u00f6ffentliche Verwaltung kostenlos ist. Ihr technischer Betrieb und ihre Weiterentwicklung liegt weiterhin in den H\u00e4nden der Stiftung.\u00a0<\/p>\t\t\t\t\t\t\t\t<\/div>\n\t\t\t\t<\/div>\n\t\t\t\t<div class=\"elementor-element elementor-element-27a5753 elementor-widget elementor-widget-image\" data-id=\"27a5753\" data-element_type=\"widget\" data-e-type=\"widget\" data-widget_type=\"image.default\">\n\t\t\t\t\t\t\t\t\t\t\t\t\t\t\t<img fetchpriority=\"high\" decoding=\"async\" width=\"1024\" height=\"680\" src=\"https:\/\/suspicious-noether.45-82-121-115.plesk.page\/wp-content\/uploads\/2020\/12\/DSC03894-scaled-1-1024x680.jpg\" class=\"attachment-large size-large wp-image-2342\" alt=\"\" srcset=\"https:\/\/suspicious-noether.45-82-121-115.plesk.page\/wp-content\/uploads\/2020\/12\/DSC03894-scaled-1-1024x680.jpg 1024w, https:\/\/suspicious-noether.45-82-121-115.plesk.page\/wp-content\/uploads\/2020\/12\/DSC03894-scaled-1-300x199.jpg 300w, https:\/\/suspicious-noether.45-82-121-115.plesk.page\/wp-content\/uploads\/2020\/12\/DSC03894-scaled-1-768x510.jpg 768w, https:\/\/suspicious-noether.45-82-121-115.plesk.page\/wp-content\/uploads\/2020\/12\/DSC03894-scaled-1-1536x1021.jpg 1536w, https:\/\/suspicious-noether.45-82-121-115.plesk.page\/wp-content\/uploads\/2020\/12\/DSC03894-scaled-1-2048x1361.jpg 2048w\" sizes=\"(max-width: 1024px) 100vw, 1024px\" \/>\t\t\t\t\t\t\t\t\t\t\t\t\t\t\t<\/div>\n\t\t\t\t<\/div>\n\t\t<div class=\"elementor-element elementor-element-706d469 e-con-full e-flex wpr-particle-no wpr-jarallax-no wpr-parallax-no wpr-sticky-section-no e-con e-child\" data-id=\"706d469\" data-element_type=\"container\" data-e-type=\"container\">\n\t\t\t\t<div class=\"elementor-element elementor-element-9db5f36 elementor-widget elementor-widget-spacer\" data-id=\"9db5f36\" data-element_type=\"widget\" data-e-type=\"widget\" data-widget_type=\"spacer.default\">\n\t\t\t\t\t\t\t<div class=\"elementor-spacer\">\n\t\t\t<div class=\"elementor-spacer-inner\"><\/div>\n\t\t<\/div>\n\t\t\t\t\t\t<\/div>\n\t\t\t\t<div class=\"elementor-element elementor-element-eca5d51 elementor-widget elementor-widget-heading\" data-id=\"eca5d51\" data-element_type=\"widget\" data-e-type=\"widget\" data-widget_type=\"heading.default\">\n\t\t\t\t\t<h2 class=\"elementor-heading-title elementor-size-default\">Vision und Ansatz von Polit@ktiv<\/h2>\t\t\t\t<\/div>\n\t\t\t\t<div class=\"elementor-element elementor-element-db9b86e elementor-widget elementor-widget-text-editor\" data-id=\"db9b86e\" data-element_type=\"widget\" data-e-type=\"widget\" data-widget_type=\"text-editor.default\">\n\t\t\t\t\t\t\t\t\t<p><em>Unsere Vision ist eine Gesellschaft aus\u00a0Menschen\u00a0mit einer\u00a0fundierter Meinung, die sich als B\u00fcrger selbstbewusst am kommunalen Geschehen beteiligen und ihre Zukunft gemeinsam mit den repr\u00e4sentativen politischen Institutionen und\u00a0der Verwaltung gestalten.<\/em><\/p><p>Polit@ktiv soll dabei\u00a0als Synonym f\u00fcr fundierte Meinungsbildung und ernsthafte Diskussion im Netz stehen. Kommunen und Partner setzen Polit@ktiv\u00a0bei ihren Meinungsbildungsprozessen ein, da es umf\u00e4ngliche Information bietet\u00a0und die Tranparenz des Gesamtprozesses st\u00e4rkt, weil es\u00a0qualifizierte\u00a0Diskussionen unter allen Beteiligten erm\u00f6glicht\u00a0und aktive Meinungsbildung in einem gesch\u00fctzten Umfeld f\u00f6rdert.<\/p>\t\t\t\t\t\t\t\t<\/div>\n\t\t\t\t<div class=\"elementor-element elementor-element-0615671 elementor-widget elementor-widget-button\" data-id=\"0615671\" data-element_type=\"widget\" data-e-type=\"widget\" data-widget_type=\"button.default\">\n\t\t\t\t\t\t\t\t\t\t<a class=\"elementor-button elementor-button-link elementor-size-sm\" href=\"https:\/\/www.politaktiv.org\/\" target=\"_blank\">\n\t\t\t\t\t\t<span class=\"elementor-button-content-wrapper\">\n\t\t\t\t\t\t\t\t\t<span class=\"elementor-button-text\">www.politaktiv.org<\/span>\n\t\t\t\t\t<\/span>\n\t\t\t\t\t<\/a>\n\t\t\t\t\t\t\t\t<\/div>\n\t\t\t\t<div class=\"elementor-element elementor-element-1a31300 elementor-widget elementor-widget-spacer\" data-id=\"1a31300\" data-element_type=\"widget\" data-e-type=\"widget\" data-widget_type=\"spacer.default\">\n\t\t\t\t\t\t\t<div class=\"elementor-spacer\">\n\t\t\t<div class=\"elementor-spacer-inner\"><\/div>\n\t\t<\/div>\n\t\t\t\t\t\t<\/div>\n\t\t\t\t<\/div>\n\t\t\t\t\t<\/div>\n\t\t\t\t<\/div>\n\t\t<div class=\"elementor-element elementor-element-8eb5f9d e-flex e-con-boxed wpr-particle-no wpr-jarallax-no wpr-parallax-no wpr-sticky-section-no e-con e-parent\" data-id=\"8eb5f9d\" data-element_type=\"container\" data-e-type=\"container\" data-settings=\"{&quot;background_background&quot;:&quot;classic&quot;}\">\n\t\t\t\t\t<div class=\"e-con-inner\">\n\t\t<div class=\"elementor-element elementor-element-03fea09 e-con-full e-flex wpr-particle-no wpr-jarallax-no wpr-parallax-no wpr-sticky-section-no e-con e-child\" data-id=\"03fea09\" data-element_type=\"container\" data-e-type=\"container\">\n\t\t<div class=\"elementor-element elementor-element-6a309fb e-con-full e-flex wpr-particle-no wpr-jarallax-no wpr-parallax-no wpr-sticky-section-no e-con e-child\" data-id=\"6a309fb\" data-element_type=\"container\" data-e-type=\"container\" data-settings=\"{&quot;background_background&quot;:&quot;classic&quot;}\">\n\t\t<div class=\"elementor-element elementor-element-9a962be e-con-full e-flex wpr-particle-no wpr-jarallax-no wpr-parallax-no wpr-sticky-section-no e-con e-child\" data-id=\"9a962be\" data-element_type=\"container\" data-e-type=\"container\">\n\t\t\t\t<div class=\"elementor-element elementor-element-4b6074c elementor-widget elementor-widget-heading\" data-id=\"4b6074c\" data-element_type=\"widget\" data-e-type=\"widget\" data-widget_type=\"heading.default\">\n\t\t\t\t\t<h2 class=\"elementor-heading-title elementor-size-default\">Die Weitergabe von Wissen<\/h2>\t\t\t\t<\/div>\n\t\t\t\t<div class=\"elementor-element elementor-element-c5de810 elementor-widget elementor-widget-text-editor\" data-id=\"c5de810\" data-element_type=\"widget\" data-e-type=\"widget\" data-widget_type=\"text-editor.default\">\n\t\t\t\t\t\t\t\t\t<p>Aus den Diskussionen k\u00f6nnen sich Standpunkte entwickeln, die dann in Abstimmung mit dem Vorstand der Stiftung in die \u00d6ffentlichkeit getragen werden. Als wichtiges Medium dient dazu der Blog, sowohl in Text- als auch im Videoformat. Hierbei ist es erfreulich, dass uns heute neben unserer eigenen Website und deren Blogsmit Medien wie YouTube preiswerte Kan\u00e4le zur Verf\u00fcgung stehen, um auch komplexere Sachverhalte zu vermitteln. Der Anspruch besteht dabei weniger in der perfekten Pr\u00e4sentation als vielmehr in der sachlich korrekten Vermittlung der Inhalte.<\/p>\t\t\t\t\t\t\t\t<\/div>\n\t\t\t\t<\/div>\n\t\t\t\t<\/div>\n\t\t<div class=\"elementor-element elementor-element-937c1eb e-con-full e-flex wpr-particle-no wpr-jarallax-no wpr-parallax-no wpr-sticky-section-no e-con e-child\" data-id=\"937c1eb\" data-element_type=\"container\" data-e-type=\"container\" data-settings=\"{&quot;background_background&quot;:&quot;classic&quot;}\">\n\t\t<div class=\"elementor-element elementor-element-75e5c83 e-con-full e-flex wpr-particle-no wpr-jarallax-no wpr-parallax-no wpr-sticky-section-no e-con e-child\" data-id=\"75e5c83\" data-element_type=\"container\" data-e-type=\"container\">\n\t\t\t\t<div class=\"elementor-element elementor-element-be47264 elementor-widget elementor-widget-heading\" data-id=\"be47264\" data-element_type=\"widget\" data-e-type=\"widget\" data-widget_type=\"heading.default\">\n\t\t\t\t\t<h2 class=\"elementor-heading-title elementor-size-default\">Prozessberatung und -konzeption<\/h2>\t\t\t\t<\/div>\n\t\t\t\t<div class=\"elementor-element elementor-element-2a125ff elementor-widget elementor-widget-text-editor\" data-id=\"2a125ff\" data-element_type=\"widget\" data-e-type=\"widget\" data-widget_type=\"text-editor.default\">\n\t\t\t\t\t\t\t\t\t<p>Statt One-Size-Fits-All beraten wir mit Ihnen gemeinsam, welche Methoden und Schritte f\u00fcr Ihren Beteiligungsprozess und Ihre Kommune passen. Mit Offenheit, Empathie und Neugier entwickeln wir gemeinsam ein passendes Konzept f\u00fcr Ihren Dialog.<\/p><p><strong>FORMATE <\/strong>B\u00fcrgerversammlungen, Zukunftswerkstatt, Planungswerkstatt, Konsensuskonferenz, Podiumsdiskussionen, Online-Beteiligung, B\u00fcrgerbefragung, u.v.m.<\/p><p><strong>THEMEN <\/strong>Innenentwicklung, Leitbild, Infrastruktur, Klimaschutz, Schulentwicklung, Inklusion, Verkehrsplanung u.v.m.<\/p>\t\t\t\t\t\t\t\t<\/div>\n\t\t\t\t<\/div>\n\t\t\t\t<\/div>\n\t\t<div class=\"elementor-element elementor-element-90fe7ce e-con-full e-flex wpr-particle-no wpr-jarallax-no wpr-parallax-no wpr-sticky-section-no e-con e-child\" data-id=\"90fe7ce\" data-element_type=\"container\" data-e-type=\"container\" data-settings=\"{&quot;background_background&quot;:&quot;classic&quot;}\">\n\t\t<div class=\"elementor-element elementor-element-8bd5666 e-con-full e-flex wpr-particle-no wpr-jarallax-no wpr-parallax-no wpr-sticky-section-no e-con e-child\" data-id=\"8bd5666\" data-element_type=\"container\" data-e-type=\"container\">\n\t\t\t\t<div class=\"elementor-element elementor-element-a269ff4 elementor-widget elementor-widget-heading\" data-id=\"a269ff4\" data-element_type=\"widget\" data-e-type=\"widget\" data-widget_type=\"heading.default\">\n\t\t\t\t\t<h2 class=\"elementor-heading-title elementor-size-default\">Polit@ktiv \u2013 Eine Plattform f\u00fcr viele Projekte<\/h2>\t\t\t\t<\/div>\n\t\t\t\t<div class=\"elementor-element elementor-element-3d9f3f8 elementor-widget elementor-widget-text-editor\" data-id=\"3d9f3f8\" data-element_type=\"widget\" data-e-type=\"widget\" data-widget_type=\"text-editor.default\">\n\t\t\t\t\t\t\t\t\t<p>Sie m\u00f6chten einen erfolgreichen kommunalen oder interkommunalen B\u00fcrgerdialog gestalten und dabei<\/p><ul><li>m\u00f6glichst viele B\u00fcrgerinnen und B\u00fcrger einbeziehen<\/li><li>eine hohe Transparenz erreichen<\/li><li>sachorientierte Dialoge gestalten<\/li><li>die Teilnehmenden rundum gut betreut wissen<\/li><li>ein passgenaues Projektdesign statt \u201eone-size-fits-all\u201c\u2013L\u00f6sungen<\/li><li>pers\u00f6nliche und vertrauensvolle Beratung?<\/li><\/ul><p>Dann sind Sie bei uns richtig!<\/p>\t\t\t\t\t\t\t\t<\/div>\n\t\t\t\t<\/div>\n\t\t\t\t<\/div>\n\t\t<div class=\"elementor-element elementor-element-8e59e0b e-con-full e-flex wpr-particle-no wpr-jarallax-no wpr-parallax-no wpr-sticky-section-no e-con e-child\" data-id=\"8e59e0b\" data-element_type=\"container\" data-e-type=\"container\" data-settings=\"{&quot;background_background&quot;:&quot;classic&quot;}\">\n\t\t<div class=\"elementor-element elementor-element-768e1f6 e-con-full e-flex wpr-particle-no wpr-jarallax-no wpr-parallax-no wpr-sticky-section-no e-con e-child\" data-id=\"768e1f6\" data-element_type=\"container\" data-e-type=\"container\">\n\t\t\t\t<div class=\"elementor-element elementor-element-7500d35 elementor-widget elementor-widget-heading\" data-id=\"7500d35\" data-element_type=\"widget\" data-e-type=\"widget\" data-widget_type=\"heading.default\">\n\t\t\t\t\t<h2 class=\"elementor-heading-title elementor-size-default\">Beteiligung vor Ort<\/h2>\t\t\t\t<\/div>\n\t\t\t\t<div class=\"elementor-element elementor-element-3465f2f elementor-widget elementor-widget-text-editor\" data-id=\"3465f2f\" data-element_type=\"widget\" data-e-type=\"widget\" data-widget_type=\"text-editor.default\">\n\t\t\t\t\t\t\t\t\t<p>Mindestens so wichtig f\u00fcr das Gelingen eines Beteiligungsprozesses neben der Reichweite, ist der direkte Kontakt mit den B\u00fcrgerinnen und B\u00fcrgern. Egal, ob im Rahmen einer gro\u00dfen Veranstaltung in ihrer Stadthalle oder an einem Stand auf dem \u00f6rtlichen Wochenmarkt \u2013 wir informieren Ihre B\u00fcrgerinnen und B\u00fcrger durch aktive Ansprache \u00fcber das Beteiligungsformat, sammeln je nach inhaltlicher Ausrichtung des B\u00fcrgerdialogs ihre Ideen und Argumente und dokumentieren ausf\u00fchrlich die Eindr\u00fccke und Ergebnisse der Vor-Ort-Beteiligung in Form zusammenfassender Berichte. Dabei sind immer mindestens zwei Moderatoren von Polit@ktiv im Einsatz. Auch Video-Streams von den Veranstaltungen geh\u00f6ren in unserer Dienstleistungsportfolio.<\/p>\t\t\t\t\t\t\t\t<\/div>\n\t\t\t\t<\/div>\n\t\t\t\t<\/div>\n\t\t<div class=\"elementor-element elementor-element-00600ca e-con-full e-flex wpr-particle-no wpr-jarallax-no wpr-parallax-no wpr-sticky-section-no e-con e-child\" data-id=\"00600ca\" data-element_type=\"container\" data-e-type=\"container\" data-settings=\"{&quot;background_background&quot;:&quot;classic&quot;}\">\n\t\t<div class=\"elementor-element elementor-element-72becc0 e-con-full e-flex wpr-particle-no wpr-jarallax-no wpr-parallax-no wpr-sticky-section-no e-con e-child\" data-id=\"72becc0\" data-element_type=\"container\" data-e-type=\"container\">\n\t\t\t\t<div class=\"elementor-element elementor-element-4677dc1 elementor-widget elementor-widget-heading\" data-id=\"4677dc1\" data-element_type=\"widget\" data-e-type=\"widget\" data-widget_type=\"heading.default\">\n\t\t\t\t\t<h2 class=\"elementor-heading-title elementor-size-default\">Online und Offline<\/h2>\t\t\t\t<\/div>\n\t\t\t\t<div class=\"elementor-element elementor-element-cdddaeb elementor-widget elementor-widget-text-editor\" data-id=\"cdddaeb\" data-element_type=\"widget\" data-e-type=\"widget\" data-widget_type=\"text-editor.default\">\n\t\t\t\t\t\t\t\t\t<p>Erfolgreiche B\u00fcrgerbeteiligung braucht eine breite Basis. Um m\u00f6glichst viele Teilnehmerinnen und Teilnehmer aus unterschiedlichen Bev\u00f6lkerungsteilen zu erreichen und diese auch aktiv in den Beteiligungsprozess einzubinden, organisiert Polit@ktiv sogenannte integrierte Verfahren. Dabei haben die B\u00fcrgerinnen und B\u00fcrger die M\u00f6glichkeit, sich\u00a0sowohl bei <strong>Veranstaltungen vor Ort<\/strong> (B\u00fcrgerversammlungen, Workshops)\u00a0einzubringen als auch ihre Ideen und Vorstellungen \u00fcber die <strong>Online-Plattform<\/strong>\u00a0in den Prozess einflie\u00dfen zu lassen. Zentral f\u00fcr das integrierte\u00a0Verfahren\u00a0von Polit@ktiv ist, dass alle Beteiligungsformen\u00a0<strong>gleichberechtigt<\/strong> miteinander kombiniert werden. Dies gelingt unter anderem durch eine intensive Dokumentation aller Beitr\u00e4ge vor Ort und die Extraktion von Aussagen. Statt eines losen Nebeneinanders verschiedener Verfahren gelingt es mit Polit@ktiv, die Diskussion auf mehreren Kan\u00e4len synchron verlaufen zu lassen.<\/p>\t\t\t\t\t\t\t\t<\/div>\n\t\t\t\t<\/div>\n\t\t\t\t<\/div>\n\t\t\t\t<\/div>\n\t\t\t\t\t<\/div>\n\t\t\t\t<\/div>\n\t\t<div class=\"elementor-element elementor-element-3e5ce67 e-flex e-con-boxed wpr-particle-no wpr-jarallax-no wpr-parallax-no wpr-sticky-section-no e-con e-parent\" data-id=\"3e5ce67\" data-element_type=\"container\" data-e-type=\"container\">\n\t\t\t\t\t<div class=\"e-con-inner\">\n\t\t<div class=\"elementor-element elementor-element-45edd77 e-con-full e-flex wpr-particle-no wpr-jarallax-no wpr-parallax-no wpr-sticky-section-no e-con e-child\" data-id=\"45edd77\" data-element_type=\"container\" data-e-type=\"container\">\n\t\t\t\t<div class=\"elementor-element elementor-element-cb9dd3b elementor-widget elementor-widget-spacer\" data-id=\"cb9dd3b\" data-element_type=\"widget\" data-e-type=\"widget\" data-widget_type=\"spacer.default\">\n\t\t\t\t\t\t\t<div class=\"elementor-spacer\">\n\t\t\t<div class=\"elementor-spacer-inner\"><\/div>\n\t\t<\/div>\n\t\t\t\t\t\t<\/div>\n\t\t\t\t<div class=\"elementor-element elementor-element-44efe7d elementor-widget elementor-widget-heading\" data-id=\"44efe7d\" data-element_type=\"widget\" data-e-type=\"widget\" data-widget_type=\"heading.default\">\n\t\t\t\t\t<h2 class=\"elementor-heading-title elementor-size-default\">Ansprechpartner<\/h2>\t\t\t\t<\/div>\n\t\t\t\t<\/div>\n\t\t<div class=\"elementor-element elementor-element-82c0d58 e-con-full e-flex wpr-particle-no wpr-jarallax-no wpr-parallax-no wpr-sticky-section-no e-con e-child\" data-id=\"82c0d58\" data-element_type=\"container\" data-e-type=\"container\">\n\t\t\t\t<div class=\"elementor-element elementor-element-029c895 elementor-widget__width-initial elementor-widget elementor-widget-image\" data-id=\"029c895\" data-element_type=\"widget\" data-e-type=\"widget\" data-widget_type=\"image.default\">\n\t\t\t\t\t\t\t\t\t\t\t\t\t\t\t<img decoding=\"async\" width=\"800\" height=\"800\" src=\"https:\/\/suspicious-noether.45-82-121-115.plesk.page\/wp-content\/uploads\/2026\/04\/AlexanderOrlowski.jpg\" class=\"attachment-2048x2048 size-2048x2048 wp-image-22917\" alt=\"\" srcset=\"https:\/\/suspicious-noether.45-82-121-115.plesk.page\/wp-content\/uploads\/2026\/04\/AlexanderOrlowski.jpg 800w, https:\/\/suspicious-noether.45-82-121-115.plesk.page\/wp-content\/uploads\/2026\/04\/AlexanderOrlowski-300x300.jpg 300w, https:\/\/suspicious-noether.45-82-121-115.plesk.page\/wp-content\/uploads\/2026\/04\/AlexanderOrlowski-150x150.jpg 150w, https:\/\/suspicious-noether.45-82-121-115.plesk.page\/wp-content\/uploads\/2026\/04\/AlexanderOrlowski-768x768.jpg 768w\" sizes=\"(max-width: 800px) 100vw, 800px\" \/>\t\t\t\t\t\t\t\t\t\t\t\t\t\t\t<\/div>\n\t\t<div class=\"elementor-element elementor-element-07e44bb e-con-full e-flex wpr-particle-no wpr-jarallax-no wpr-parallax-no wpr-sticky-section-no e-con e-child\" data-id=\"07e44bb\" data-element_type=\"container\" data-e-type=\"container\">\n\t\t\t\t<div class=\"elementor-element elementor-element-09f62a6 elementor-widget elementor-widget-heading\" data-id=\"09f62a6\" data-element_type=\"widget\" data-e-type=\"widget\" data-widget_type=\"heading.default\">\n\t\t\t\t\t<h2 class=\"elementor-heading-title elementor-size-default\">Alexander Orlowski<\/h2>\t\t\t\t<\/div>\n\t\t\t\t<div class=\"elementor-element elementor-element-3a5006f elementor-widget elementor-widget-text-editor\" data-id=\"3a5006f\" data-element_type=\"widget\" data-e-type=\"widget\" data-widget_type=\"text-editor.default\">\n\t\t\t\t\t\t\t\t\t<p>Bereichsleitung B\u00fcrgerbeteiligung<\/p><p>Human IT Service GmbH<br \/>Vor dem Kreuzberg 28<br \/>72070 T\u00fcbingen<\/p><p>Telefon: 07071\/56676-38<\/p>\t\t\t\t\t\t\t\t<\/div>\n\t\t\t\t<div class=\"elementor-element elementor-element-5baea3e elementor-mobile-align-left elementor-widget elementor-widget-button\" data-id=\"5baea3e\" data-element_type=\"widget\" data-e-type=\"widget\" data-widget_type=\"button.default\">\n\t\t\t\t\t\t\t\t\t\t<a class=\"elementor-button elementor-button-link elementor-size-sm\" href=\"mailto:alexander.orlowski@hit-buergerbeteiligung.de\" target=\"_blank\">\n\t\t\t\t\t\t<span class=\"elementor-button-content-wrapper\">\n\t\t\t\t\t\t\t\t\t<span class=\"elementor-button-text\">Kontakt<\/span>\n\t\t\t\t\t<\/span>\n\t\t\t\t\t<\/a>\n\t\t\t\t\t\t\t\t<\/div>\n\t\t\t\t<div class=\"elementor-element elementor-element-ad4af7c elementor-widget elementor-widget-spacer\" data-id=\"ad4af7c\" data-element_type=\"widget\" data-e-type=\"widget\" data-widget_type=\"spacer.default\">\n\t\t\t\t\t\t\t<div class=\"elementor-spacer\">\n\t\t\t<div class=\"elementor-spacer-inner\"><\/div>\n\t\t<\/div>\n\t\t\t\t\t\t<\/div>\n\t\t\t\t<\/div>\n\t\t\t\t<\/div>\n\t\t\t\t\t<\/div>\n\t\t\t\t<\/div>\n\t\t\t\t<\/div>\n\t\t","protected":false},"excerpt":{"rendered":"<p>Polit@aktivB\u00fcrgerbeteiligung dank humaner Nutzung der IT Wir stehen in erster Linie f\u00fcr methodische Vielfalt. Wir organisieren und begleiten Ihr Beteiligungsprojekt auf unterschiedlichen Kan\u00e4len und erreichen auf diese Weise weitaus mehr Menschen als andere Beteiligungsanbieter. Wir stehen in erster Linie f\u00fcr methodische Vielfalt. Wir organisieren und begleiten Ihr Beteiligungsprojekt auf unterschiedlichen Kan\u00e4len und erreichen auf diese Weise weitaus mehr Menschen als andere Beteiligungsanbieter. Mehr erfahren Werdegang des Projekts Polit@ktiv Wie ist Polit@ktiv entstanden? Und welche Philosophie steckt dahinter? Polit@ktiv wurde 2011\u00a0von einer kleinen Gruppe haupts\u00e4chlich ehrenamtlicher Mitarbeiter gestartet, die sich f\u00fcr mehr B\u00fcrgerbeteiligung einsetzen und ein Beispiel schaffen wollten, wie dies mit Hilfe des Internets m\u00f6glich sein kann. Nach ersten erfolgreichen Modellprojekten\u00a0in einzelnen Kommunen\u00a0gr\u00fcndete die Integrata-Stiftung im Januar 2014 eine\u00a0Tochterfirma, die\u00a0Human IT Service GmbH, welche die Dienstleistungen rund um Polit@ktiv \u00fcbernimmt. Dazu z\u00e4hlt\u00a0vor allem die Moderation der B\u00fcrgerdiskussionen und die kontinuierliche Online-Dokumentation, aber auch Marketing und Vertrieb der Plattform.\u00a0 Zur F\u00f6rderung kommunaler Beteiligungsprozesse \u00fcbernimmt die Integrata-Stiftung die Kosten f\u00fcr Server, Software-Entwicklung und Lizenzen, sodass die Nutzung von Polit@ktiv f\u00fcr die \u00f6ffentliche Verwaltung kostenlos ist. Ihr technischer Betrieb und ihre Weiterentwicklung liegt weiterhin in den H\u00e4nden der Stiftung.\u00a0 Vision und Ansatz von Polit@ktiv Unsere Vision ist eine Gesellschaft aus\u00a0Menschen\u00a0mit einer\u00a0fundierter Meinung, die sich als B\u00fcrger selbstbewusst am kommunalen Geschehen beteiligen und ihre Zukunft gemeinsam mit den repr\u00e4sentativen politischen Institutionen und\u00a0der Verwaltung gestalten. Polit@ktiv soll dabei\u00a0als Synonym f\u00fcr fundierte Meinungsbildung und ernsthafte Diskussion im Netz stehen. Kommunen und Partner setzen Polit@ktiv\u00a0bei ihren Meinungsbildungsprozessen ein, da es umf\u00e4ngliche Information bietet\u00a0und die Tranparenz des Gesamtprozesses st\u00e4rkt, weil es\u00a0qualifizierte\u00a0Diskussionen unter allen Beteiligten erm\u00f6glicht\u00a0und aktive Meinungsbildung in einem gesch\u00fctzten Umfeld f\u00f6rdert. www.politaktiv.org Die Weitergabe von Wissen Aus den Diskussionen k\u00f6nnen sich Standpunkte entwickeln, die dann in Abstimmung mit dem Vorstand der Stiftung in die \u00d6ffentlichkeit getragen werden. Als wichtiges Medium dient dazu der Blog, sowohl in Text- als auch im Videoformat. Hierbei ist es erfreulich, dass uns heute neben unserer eigenen Website und deren Blogsmit Medien wie YouTube preiswerte Kan\u00e4le zur Verf\u00fcgung stehen, um auch komplexere Sachverhalte zu vermitteln. Der Anspruch besteht dabei weniger in der perfekten Pr\u00e4sentation als vielmehr in der sachlich korrekten Vermittlung der Inhalte. Prozessberatung und -konzeption Statt One-Size-Fits-All beraten wir mit Ihnen gemeinsam, welche Methoden und Schritte f\u00fcr Ihren Beteiligungsprozess und Ihre Kommune passen. Mit Offenheit, Empathie und Neugier entwickeln wir gemeinsam ein passendes Konzept f\u00fcr Ihren Dialog. FORMATE B\u00fcrgerversammlungen, Zukunftswerkstatt, Planungswerkstatt, Konsensuskonferenz, Podiumsdiskussionen, Online-Beteiligung, B\u00fcrgerbefragung, u.v.m. THEMEN Innenentwicklung, Leitbild, Infrastruktur, Klimaschutz, Schulentwicklung, Inklusion, Verkehrsplanung u.v.m. Polit@ktiv \u2013 Eine Plattform f\u00fcr viele Projekte Sie m\u00f6chten einen erfolgreichen kommunalen oder interkommunalen B\u00fcrgerdialog gestalten und dabei m\u00f6glichst viele B\u00fcrgerinnen und B\u00fcrger einbeziehen eine hohe Transparenz erreichen sachorientierte Dialoge gestalten die Teilnehmenden rundum gut betreut wissen ein passgenaues Projektdesign statt \u201eone-size-fits-all\u201c\u2013L\u00f6sungen pers\u00f6nliche und vertrauensvolle Beratung? Dann sind Sie bei uns richtig! Beteiligung vor Ort Mindestens so wichtig f\u00fcr das Gelingen eines Beteiligungsprozesses neben der Reichweite, ist der direkte Kontakt mit den B\u00fcrgerinnen und B\u00fcrgern. Egal, ob im Rahmen einer gro\u00dfen Veranstaltung in ihrer Stadthalle oder an einem Stand auf dem \u00f6rtlichen Wochenmarkt \u2013 wir informieren Ihre B\u00fcrgerinnen und B\u00fcrger durch aktive Ansprache \u00fcber das Beteiligungsformat, sammeln je nach inhaltlicher Ausrichtung des B\u00fcrgerdialogs ihre Ideen und Argumente und dokumentieren ausf\u00fchrlich die Eindr\u00fccke und Ergebnisse der Vor-Ort-Beteiligung in Form zusammenfassender Berichte. Dabei sind immer mindestens zwei Moderatoren von Polit@ktiv im Einsatz. Auch Video-Streams von den Veranstaltungen geh\u00f6ren in unserer Dienstleistungsportfolio. Online und Offline Erfolgreiche B\u00fcrgerbeteiligung braucht eine breite Basis. Um m\u00f6glichst viele Teilnehmerinnen und Teilnehmer aus unterschiedlichen Bev\u00f6lkerungsteilen zu erreichen und diese auch aktiv in den Beteiligungsprozess einzubinden, organisiert Polit@ktiv sogenannte integrierte Verfahren. Dabei haben die B\u00fcrgerinnen und B\u00fcrger die M\u00f6glichkeit, sich\u00a0sowohl bei Veranstaltungen vor Ort (B\u00fcrgerversammlungen, Workshops)\u00a0einzubringen als auch ihre Ideen und Vorstellungen \u00fcber die Online-Plattform\u00a0in den Prozess einflie\u00dfen zu lassen. Zentral f\u00fcr das integrierte\u00a0Verfahren\u00a0von Polit@ktiv ist, dass alle Beteiligungsformen\u00a0gleichberechtigt miteinander kombiniert werden. Dies gelingt unter anderem durch eine intensive Dokumentation aller Beitr\u00e4ge vor Ort und die Extraktion von Aussagen. Statt eines losen Nebeneinanders verschiedener Verfahren gelingt es mit Polit@ktiv, die Diskussion auf mehreren Kan\u00e4len synchron verlaufen zu lassen. Ansprechpartner Alexander Orlowski Bereichsleitung B\u00fcrgerbeteiligung Human IT Service GmbHVor dem Kreuzberg 2872070 T\u00fcbingen Telefon: 07071\/56676-38 Kontakt<\/p>\n","protected":false},"author":1,"featured_media":0,"parent":21971,"menu_order":0,"comment_status":"closed","ping_status":"closed","template":"","meta":{"footnotes":""},"class_list":["post-22548","page","type-page","status-publish","hentry"],"blocksy_meta":[],"_links":{"self":[{"href":"https:\/\/suspicious-noether.45-82-121-115.plesk.page\/index.php\/wp-json\/wp\/v2\/pages\/22548","targetHints":{"allow":["GET"]}}],"collection":[{"href":"https:\/\/suspicious-noether.45-82-121-115.plesk.page\/index.php\/wp-json\/wp\/v2\/pages"}],"about":[{"href":"https:\/\/suspicious-noether.45-82-121-115.plesk.page\/index.php\/wp-json\/wp\/v2\/types\/page"}],"author":[{"embeddable":true,"href":"https:\/\/suspicious-noether.45-82-121-115.plesk.page\/index.php\/wp-json\/wp\/v2\/users\/1"}],"replies":[{"embeddable":true,"href":"https:\/\/suspicious-noether.45-82-121-115.plesk.page\/index.php\/wp-json\/wp\/v2\/comments?post=22548"}],"version-history":[{"count":28,"href":"https:\/\/suspicious-noether.45-82-121-115.plesk.page\/index.php\/wp-json\/wp\/v2\/pages\/22548\/revisions"}],"predecessor-version":[{"id":22926,"href":"https:\/\/suspicious-noether.45-82-121-115.plesk.page\/index.php\/wp-json\/wp\/v2\/pages\/22548\/revisions\/22926"}],"up":[{"embeddable":true,"href":"https:\/\/suspicious-noether.45-82-121-115.plesk.page\/index.php\/wp-json\/wp\/v2\/pages\/21971"}],"wp:attachment":[{"href":"https:\/\/suspicious-noether.45-82-121-115.plesk.page\/index.php\/wp-json\/wp\/v2\/media?parent=22548"}],"curies":[{"name":"wp","href":"https:\/\/api.w.org\/{rel}","templated":true}]}}