{"id":22366,"date":"2026-03-28T15:16:29","date_gmt":"2026-03-28T15:16:29","guid":{"rendered":"https:\/\/suspicious-noether.45-82-121-115.plesk.page\/?page_id=22366"},"modified":"2026-04-12T22:37:46","modified_gmt":"2026-04-12T22:37:46","slug":"denkfabrik","status":"publish","type":"page","link":"https:\/\/suspicious-noether.45-82-121-115.plesk.page\/index.php\/projekte\/denkfabrik\/","title":{"rendered":"Denkfabrik"},"content":{"rendered":"\t\t<div data-elementor-type=\"wp-page\" data-elementor-id=\"22366\" class=\"elementor elementor-22366\">\n\t\t\t\t<div class=\"elementor-element elementor-element-8048f56 e-flex e-con-boxed wpr-particle-no wpr-jarallax-no wpr-parallax-no wpr-sticky-section-no e-con e-parent\" data-id=\"8048f56\" data-element_type=\"container\" data-e-type=\"container\" data-settings=\"{&quot;background_background&quot;:&quot;classic&quot;}\">\n\t\t\t\t\t<div class=\"e-con-inner\">\n\t\t\t\t<div class=\"elementor-element elementor-element-dff2926 elementor-widget elementor-widget-spacer\" data-id=\"dff2926\" data-element_type=\"widget\" data-e-type=\"widget\" data-widget_type=\"spacer.default\">\n\t\t\t\t\t\t\t<div class=\"elementor-spacer\">\n\t\t\t<div class=\"elementor-spacer-inner\"><\/div>\n\t\t<\/div>\n\t\t\t\t\t\t<\/div>\n\t\t\t\t<div class=\"elementor-element elementor-element-8bd48dc elementor-widget elementor-widget-heading\" data-id=\"8bd48dc\" data-element_type=\"widget\" data-e-type=\"widget\" data-widget_type=\"heading.default\">\n\t\t\t\t\t<h1 class=\"elementor-heading-title elementor-size-default\">Die Denkfabrik<\/h1>\t\t\t\t<\/div>\n\t\t\t\t<div class=\"elementor-element elementor-element-fae2235 elementor-widget elementor-widget-spacer\" data-id=\"fae2235\" data-element_type=\"widget\" data-e-type=\"widget\" data-widget_type=\"spacer.default\">\n\t\t\t\t\t\t\t<div class=\"elementor-spacer\">\n\t\t\t<div class=\"elementor-spacer-inner\"><\/div>\n\t\t<\/div>\n\t\t\t\t\t\t<\/div>\n\t\t\t\t\t<\/div>\n\t\t\t\t<\/div>\n\t\t<div class=\"elementor-element elementor-element-7b25d0b elementor-hidden-tablet elementor-hidden-mobile e-flex e-con-boxed wpr-particle-no wpr-jarallax-no wpr-parallax-no wpr-sticky-section-no e-con e-parent\" data-id=\"7b25d0b\" data-element_type=\"container\" data-e-type=\"container\">\n\t\t\t\t\t<div class=\"e-con-inner\">\n\t\t\t\t<div class=\"elementor-element elementor-element-e3c7cfc elementor-align-center elementor-widget elementor-widget-button\" data-id=\"e3c7cfc\" data-element_type=\"widget\" data-e-type=\"widget\" data-widget_type=\"button.default\">\n\t\t\t\t\t\t\t\t\t\t<a class=\"elementor-button elementor-button-link elementor-size-sm\" href=\"#\">\n\t\t\t\t\t\t<span class=\"elementor-button-content-wrapper\">\n\t\t\t\t\t\t\t\t\t<span class=\"elementor-button-text\">Mehr erfahren<\/span>\n\t\t\t\t\t<\/span>\n\t\t\t\t\t<\/a>\n\t\t\t\t\t\t\t\t<\/div>\n\t\t\t\t<div class=\"elementor-element elementor-element-5d54f38 elementor-widget__width-initial elementor-widget elementor-widget-text-editor\" data-id=\"5d54f38\" data-element_type=\"widget\" data-e-type=\"widget\" data-widget_type=\"text-editor.default\">\n\t\t\t\t\t\t\t\t\t<p>Humane Nutzung der Informationstechnologie (IT) erfordert, dass die technischen und die sozialen Aspekte der Technologie gut verstanden sind.<\/p><p>Erst dann k\u00f6nnen L\u00f6sungen entwickelt werden, die den Menschen wirklich dienen.<\/p>\t\t\t\t\t\t\t\t<\/div>\n\t\t\t\t\t<\/div>\n\t\t\t\t<\/div>\n\t\t<div class=\"elementor-element elementor-element-9b703ff elementor-hidden-desktop e-flex e-con-boxed wpr-particle-no wpr-jarallax-no wpr-parallax-no wpr-sticky-section-no e-con e-parent\" data-id=\"9b703ff\" data-element_type=\"container\" data-e-type=\"container\">\n\t\t\t\t\t<div class=\"e-con-inner\">\n\t\t\t\t<div class=\"elementor-element elementor-element-f8e137b elementor-widget__width-initial elementor-widget elementor-widget-text-editor\" data-id=\"f8e137b\" data-element_type=\"widget\" data-e-type=\"widget\" data-widget_type=\"text-editor.default\">\n\t\t\t\t\t\t\t\t\t<p>Humane Nutzung der Informationstechnologie (IT) erfordert, dass die technischen und die sozialen Aspekte der Technologie gut verstanden sind.<\/p><p>Erst dann k\u00f6nnen L\u00f6sungen entwickelt werden, die den Menschen wirklich dienen.<\/p>\t\t\t\t\t\t\t\t<\/div>\n\t\t\t\t<div class=\"elementor-element elementor-element-a4e16fa elementor-align-center elementor-tablet-align-center elementor-widget elementor-widget-button\" data-id=\"a4e16fa\" data-element_type=\"widget\" data-e-type=\"widget\" data-widget_type=\"button.default\">\n\t\t\t\t\t\t\t\t\t\t<a class=\"elementor-button elementor-button-link elementor-size-sm\" href=\"#\">\n\t\t\t\t\t\t<span class=\"elementor-button-content-wrapper\">\n\t\t\t\t\t\t\t\t\t<span class=\"elementor-button-text\">Mehr erfahren<\/span>\n\t\t\t\t\t<\/span>\n\t\t\t\t\t<\/a>\n\t\t\t\t\t\t\t\t<\/div>\n\t\t\t\t\t<\/div>\n\t\t\t\t<\/div>\n\t\t<div class=\"elementor-element elementor-element-d815982 e-flex e-con-boxed wpr-particle-no wpr-jarallax-no wpr-parallax-no wpr-sticky-section-no e-con e-parent\" data-id=\"d815982\" data-element_type=\"container\" data-e-type=\"container\">\n\t\t\t\t\t<div class=\"e-con-inner\">\n\t\t<div class=\"elementor-element elementor-element-9678289 e-con-full e-grid wpr-particle-no wpr-jarallax-no wpr-parallax-no wpr-sticky-section-no e-con e-child\" data-id=\"9678289\" data-element_type=\"container\" data-e-type=\"container\" data-settings=\"{&quot;background_background&quot;:&quot;classic&quot;}\">\n\t\t<div class=\"elementor-element elementor-element-8b5803b e-con-full e-flex wpr-particle-no wpr-jarallax-no wpr-parallax-no wpr-sticky-section-no e-con e-child\" data-id=\"8b5803b\" data-element_type=\"container\" data-e-type=\"container\">\n\t\t\t\t<div class=\"elementor-element elementor-element-b029c16 elementor-widget elementor-widget-heading\" data-id=\"b029c16\" data-element_type=\"widget\" data-e-type=\"widget\" data-widget_type=\"heading.default\">\n\t\t\t\t\t<h2 class=\"elementor-heading-title elementor-size-default\">F\u00fcr humane Nutzung der IT<\/h2>\t\t\t\t<\/div>\n\t\t\t\t<div class=\"elementor-element elementor-element-0624638 elementor-widget elementor-widget-heading\" data-id=\"0624638\" data-element_type=\"widget\" data-e-type=\"widget\" data-widget_type=\"heading.default\">\n\t\t\t\t\t<h2 class=\"elementor-heading-title elementor-size-default\">Denkfabrik<\/h2>\t\t\t\t<\/div>\n\t\t\t\t<div class=\"elementor-element elementor-element-dd958f1 elementor-widget elementor-widget-text-editor\" data-id=\"dd958f1\" data-element_type=\"widget\" data-e-type=\"widget\" data-widget_type=\"text-editor.default\">\n\t\t\t\t\t\t\t\t\tDie Denkfabrik der Integrata Stiftung analysiert neue technische Entwicklungen und versucht, Trends zu erkennen, um daraus den Standpunkt der Stiftung zum jeweiligen Thema zu finden und festzulegen.\n<br><br>\nDie Arbeit in der Denkfabrik besteht aus Literaturstudium und Diskussion der Themen in Gespr\u00e4chsrunden unter Ber\u00fccksichtigung des Ziels der Stiftung. In der Denkfabrik k\u00f6nnen alle mitarbeiten, die Teil der Stiftung sind oder von der Stiftung zur Diskussion eingeladen werden, wenn sie sich dazu gemeldet haben.\n\t\t\t\t\t\t\t\t<\/div>\n\t\t\t\t<\/div>\n\t\t\t\t<div class=\"elementor-element elementor-element-27a5753 elementor-widget elementor-widget-image\" data-id=\"27a5753\" data-element_type=\"widget\" data-e-type=\"widget\" data-widget_type=\"image.default\">\n\t\t\t\t\t\t\t\t\t\t\t\t\t\t\t<img fetchpriority=\"high\" decoding=\"async\" width=\"1000\" height=\"600\" src=\"https:\/\/suspicious-noether.45-82-121-115.plesk.page\/wp-content\/uploads\/2020\/10\/think-tank.png\" class=\"attachment-large size-large wp-image-2045\" alt=\"think thank mindmap\" srcset=\"https:\/\/suspicious-noether.45-82-121-115.plesk.page\/wp-content\/uploads\/2020\/10\/think-tank.png 1000w, https:\/\/suspicious-noether.45-82-121-115.plesk.page\/wp-content\/uploads\/2020\/10\/think-tank-300x180.png 300w, https:\/\/suspicious-noether.45-82-121-115.plesk.page\/wp-content\/uploads\/2020\/10\/think-tank-768x461.png 768w\" sizes=\"(max-width: 1000px) 100vw, 1000px\" \/>\t\t\t\t\t\t\t\t\t\t\t\t\t\t\t<\/div>\n\t\t\t\t<\/div>\n\t\t\t\t\t<\/div>\n\t\t\t\t<\/div>\n\t\t<div class=\"elementor-element elementor-element-8eb5f9d e-flex e-con-boxed wpr-particle-no wpr-jarallax-no wpr-parallax-no wpr-sticky-section-no e-con e-parent\" data-id=\"8eb5f9d\" data-element_type=\"container\" data-e-type=\"container\" data-settings=\"{&quot;background_background&quot;:&quot;classic&quot;}\">\n\t\t\t\t\t<div class=\"e-con-inner\">\n\t\t<div class=\"elementor-element elementor-element-03fea09 e-con-full e-flex wpr-particle-no wpr-jarallax-no wpr-parallax-no wpr-sticky-section-no e-con e-child\" data-id=\"03fea09\" data-element_type=\"container\" data-e-type=\"container\">\n\t\t<div class=\"elementor-element elementor-element-7343e12 e-con-full e-grid wpr-particle-no wpr-jarallax-no wpr-parallax-no wpr-sticky-section-no e-con e-child\" data-id=\"7343e12\" data-element_type=\"container\" data-e-type=\"container\" data-settings=\"{&quot;background_background&quot;:&quot;classic&quot;}\">\n\t\t<div class=\"elementor-element elementor-element-706d469 e-con-full e-flex wpr-particle-no wpr-jarallax-no wpr-parallax-no wpr-sticky-section-no e-con e-child\" data-id=\"706d469\" data-element_type=\"container\" data-e-type=\"container\">\n\t\t\t\t<div class=\"elementor-element elementor-element-9db5f36 elementor-widget elementor-widget-spacer\" data-id=\"9db5f36\" data-element_type=\"widget\" data-e-type=\"widget\" data-widget_type=\"spacer.default\">\n\t\t\t\t\t\t\t<div class=\"elementor-spacer\">\n\t\t\t<div class=\"elementor-spacer-inner\"><\/div>\n\t\t<\/div>\n\t\t\t\t\t\t<\/div>\n\t\t\t\t<div class=\"elementor-element elementor-element-eca5d51 elementor-widget elementor-widget-heading\" data-id=\"eca5d51\" data-element_type=\"widget\" data-e-type=\"widget\" data-widget_type=\"heading.default\">\n\t\t\t\t\t<h2 class=\"elementor-heading-title elementor-size-default\">Was verstehen wir unter \u201eDenkfabrik\"?<\/h2>\t\t\t\t<\/div>\n\t\t\t\t<div class=\"elementor-element elementor-element-db9b86e elementor-widget elementor-widget-text-editor\" data-id=\"db9b86e\" data-element_type=\"widget\" data-e-type=\"widget\" data-widget_type=\"text-editor.default\">\n\t\t\t\t\t\t\t\t\t<p>Die behandelten Themen sind mitunter so komplex, dass es meist keine einfachen L\u00f6sungswege gibt; deshalb suchen wir als Denkfabrik den Austausch mit der \u00d6ffentlichkeit. Dabei laden wir einerseits ExpertInnen aus Wissenschaft, Wirtschaft und Politik zur Diskussion ein und tragen andererseits auch selbst den Diskurs nach au\u00dfen in die Zivilgesellschaft.<\/p><p>Den Begriff Denkfabrik wollen wir dabei von dem aus den USA bekannten \u201eThinktank\u201d abgegrenzt sehen, der sich sehr stark durch Lobbyarbeit in den Regierungskreisen auszeichnet.<\/p>\t\t\t\t\t\t\t\t<\/div>\n\t\t\t\t<div class=\"elementor-element elementor-element-1a31300 elementor-widget elementor-widget-spacer\" data-id=\"1a31300\" data-element_type=\"widget\" data-e-type=\"widget\" data-widget_type=\"spacer.default\">\n\t\t\t\t\t\t\t<div class=\"elementor-spacer\">\n\t\t\t<div class=\"elementor-spacer-inner\"><\/div>\n\t\t<\/div>\n\t\t\t\t\t\t<\/div>\n\t\t\t\t<\/div>\n\t\t\t\t<\/div>\n\t\t<div class=\"elementor-element elementor-element-6a309fb e-con-full e-grid wpr-particle-no wpr-jarallax-no wpr-parallax-no wpr-sticky-section-no e-con e-child\" data-id=\"6a309fb\" data-element_type=\"container\" data-e-type=\"container\" data-settings=\"{&quot;background_background&quot;:&quot;classic&quot;}\">\n\t\t<div class=\"elementor-element elementor-element-9a962be e-con-full e-flex wpr-particle-no wpr-jarallax-no wpr-parallax-no wpr-sticky-section-no e-con e-child\" data-id=\"9a962be\" data-element_type=\"container\" data-e-type=\"container\">\n\t\t\t\t<div class=\"elementor-element elementor-element-4b6074c elementor-widget elementor-widget-heading\" data-id=\"4b6074c\" data-element_type=\"widget\" data-e-type=\"widget\" data-widget_type=\"heading.default\">\n\t\t\t\t\t<h2 class=\"elementor-heading-title elementor-size-default\">Die Weitergabe von Wissen<\/h2>\t\t\t\t<\/div>\n\t\t\t\t<div class=\"elementor-element elementor-element-c5de810 elementor-widget elementor-widget-text-editor\" data-id=\"c5de810\" data-element_type=\"widget\" data-e-type=\"widget\" data-widget_type=\"text-editor.default\">\n\t\t\t\t\t\t\t\t\t<p>Aus den Diskussionen k\u00f6nnen sich Standpunkte entwickeln, die dann in Abstimmung mit dem Vorstand der Stiftung in die \u00d6ffentlichkeit getragen werden. Als wichtiges Medium dient dazu der Blog, sowohl in Text- als auch im Videoformat. Hierbei ist es erfreulich, dass uns heute neben unserer eigenen Website und deren Blogsmit Medien wie YouTube preiswerte Kan\u00e4le zur Verf\u00fcgung stehen, um auch komplexere Sachverhalte zu vermitteln. Der Anspruch besteht dabei weniger in der perfekten Pr\u00e4sentation als vielmehr in der sachlich korrekten Vermittlung der Inhalte.<\/p>\t\t\t\t\t\t\t\t<\/div>\n\t\t\t\t<\/div>\n\t\t\t\t<\/div>\n\t\t<div class=\"elementor-element elementor-element-937c1eb e-con-full e-grid wpr-particle-no wpr-jarallax-no wpr-parallax-no wpr-sticky-section-no e-con e-child\" data-id=\"937c1eb\" data-element_type=\"container\" data-e-type=\"container\" data-settings=\"{&quot;background_background&quot;:&quot;classic&quot;}\">\n\t\t<div class=\"elementor-element elementor-element-75e5c83 e-con-full e-flex wpr-particle-no wpr-jarallax-no wpr-parallax-no wpr-sticky-section-no e-con e-child\" data-id=\"75e5c83\" data-element_type=\"container\" data-e-type=\"container\">\n\t\t\t\t<div class=\"elementor-element elementor-element-be47264 elementor-widget elementor-widget-heading\" data-id=\"be47264\" data-element_type=\"widget\" data-e-type=\"widget\" data-widget_type=\"heading.default\">\n\t\t\t\t\t<h2 class=\"elementor-heading-title elementor-size-default\">Aktuelle Themen<\/h2>\t\t\t\t<\/div>\n\t\t\t\t<div class=\"elementor-element elementor-element-2a125ff elementor-widget elementor-widget-text-editor\" data-id=\"2a125ff\" data-element_type=\"widget\" data-e-type=\"widget\" data-widget_type=\"text-editor.default\">\n\t\t\t\t\t\t\t\t\t<p>Aktuell ist das Thema k\u00fcnstliche Intelligenz immer wieder ein Schwerpunkt wird von uns das Thema k\u00fcnstliche Intelligenz sehr ernst genommen und war daher schon mehrfach Thema intensiver Diskussionen. Nach vielen Jahren des Dornr\u00f6schenschlafs bei der Entwicklung von Systemen, die auf k\u00fcnstlichen neuronalen Netzen beruhen, hat sich in den letzten Jahren ein exponentieller Fortschritt gezeigt. Die M\u00f6glichkeit, auch extrem gro\u00dfe Datenmengen in riesigen Netzen zu verarbeiten, hat zu \u00fcberraschenden Erfolgen gef\u00fchrt. Als Stichworte seien hier nur die Texterzeugung mit GPT, die Beschreibung der Proteinfaltung durch AlphaFold oder die inzwischen fast allt\u00e4glichen \u00dcbersetzungsprogramme genannt.<\/p><p>Diese neuartigen M\u00f6glichkeiten aus der Informationstechnologie ver\u00e4ndern unsere F\u00e4higkeiten, Gutes zu tun, etwa in der Medizin, oder auch Problematisches hervorzubringen, wie Fake News, grundlegend.<\/p>\t\t\t\t\t\t\t\t<\/div>\n\t\t\t\t<\/div>\n\t\t\t\t<\/div>\n\t\t<div class=\"elementor-element elementor-element-90fe7ce e-con-full e-grid wpr-particle-no wpr-jarallax-no wpr-parallax-no wpr-sticky-section-no e-con e-child\" data-id=\"90fe7ce\" data-element_type=\"container\" data-e-type=\"container\" data-settings=\"{&quot;background_background&quot;:&quot;classic&quot;}\">\n\t\t<div class=\"elementor-element elementor-element-8bd5666 e-con-full e-flex wpr-particle-no wpr-jarallax-no wpr-parallax-no wpr-sticky-section-no e-con e-child\" data-id=\"8bd5666\" data-element_type=\"container\" data-e-type=\"container\">\n\t\t\t\t<div class=\"elementor-element elementor-element-a269ff4 elementor-widget elementor-widget-heading\" data-id=\"a269ff4\" data-element_type=\"widget\" data-e-type=\"widget\" data-widget_type=\"heading.default\">\n\t\t\t\t\t<h2 class=\"elementor-heading-title elementor-size-default\">SIG - Special Interest Group<\/h2>\t\t\t\t<\/div>\n\t\t\t\t<div class=\"elementor-element elementor-element-3d9f3f8 elementor-widget elementor-widget-text-editor\" data-id=\"3d9f3f8\" data-element_type=\"widget\" data-e-type=\"widget\" data-widget_type=\"text-editor.default\">\n\t\t\t\t\t\t\t\t\t<p>Zur vertieften Diskussion haben sich innerhalb der Denkfabrik Arbeitsgruppen etabliert, die verschiedene Schwerpunkte setzen. <br \/>Diese bezeichnen sich als\u00a0<strong>SIG<\/strong>\u00a0(<strong>S<\/strong>pecial <strong>I<\/strong>nterest <strong>G<\/strong>roups).<\/p>\t\t\t\t\t\t\t\t<\/div>\n\t\t\t\t<\/div>\n\t\t\t\t<\/div>\n\t\t\t\t<\/div>\n\t\t\t\t\t<\/div>\n\t\t\t\t<\/div>\n\t\t<div class=\"elementor-element elementor-element-3e5ce67 e-flex e-con-boxed wpr-particle-no wpr-jarallax-no wpr-parallax-no wpr-sticky-section-no e-con e-parent\" data-id=\"3e5ce67\" data-element_type=\"container\" data-e-type=\"container\">\n\t\t\t\t\t<div class=\"e-con-inner\">\n\t\t<div class=\"elementor-element elementor-element-45edd77 e-con-full e-flex wpr-particle-no wpr-jarallax-no wpr-parallax-no wpr-sticky-section-no e-con e-child\" data-id=\"45edd77\" data-element_type=\"container\" data-e-type=\"container\">\n\t\t\t\t<div class=\"elementor-element elementor-element-cb9dd3b elementor-widget elementor-widget-spacer\" data-id=\"cb9dd3b\" data-element_type=\"widget\" data-e-type=\"widget\" data-widget_type=\"spacer.default\">\n\t\t\t\t\t\t\t<div class=\"elementor-spacer\">\n\t\t\t<div class=\"elementor-spacer-inner\"><\/div>\n\t\t<\/div>\n\t\t\t\t\t\t<\/div>\n\t\t\t\t<div class=\"elementor-element elementor-element-44efe7d elementor-widget elementor-widget-heading\" data-id=\"44efe7d\" data-element_type=\"widget\" data-e-type=\"widget\" data-widget_type=\"heading.default\">\n\t\t\t\t\t<h2 class=\"elementor-heading-title elementor-size-default\">Ansprechpartner<\/h2>\t\t\t\t<\/div>\n\t\t\t\t<\/div>\n\t\t<div class=\"elementor-element elementor-element-82c0d58 e-con-full e-flex wpr-particle-no wpr-jarallax-no wpr-parallax-no wpr-sticky-section-no e-con e-child\" data-id=\"82c0d58\" data-element_type=\"container\" data-e-type=\"container\">\n\t\t\t\t<div class=\"elementor-element elementor-element-ce8d0c6 elementor-widget__width-initial elementor-widget elementor-widget-image\" data-id=\"ce8d0c6\" data-element_type=\"widget\" data-e-type=\"widget\" data-widget_type=\"image.default\">\n\t\t\t\t\t\t\t\t\t\t\t\t\t\t\t<img decoding=\"async\" width=\"416\" height=\"604\" src=\"https:\/\/suspicious-noether.45-82-121-115.plesk.page\/wp-content\/uploads\/2026\/02\/MoMimAufzug20220917-e1743258218587.png\" class=\"attachment-large size-large wp-image-29\" alt=\"\" srcset=\"https:\/\/suspicious-noether.45-82-121-115.plesk.page\/wp-content\/uploads\/2026\/02\/MoMimAufzug20220917-e1743258218587.png 416w, https:\/\/suspicious-noether.45-82-121-115.plesk.page\/wp-content\/uploads\/2026\/02\/MoMimAufzug20220917-e1743258218587-207x300.png 207w\" sizes=\"(max-width: 416px) 100vw, 416px\" \/>\t\t\t\t\t\t\t\t\t\t\t\t\t\t\t<\/div>\n\t\t<div class=\"elementor-element elementor-element-07e44bb e-con-full e-flex wpr-particle-no wpr-jarallax-no wpr-parallax-no wpr-sticky-section-no e-con e-child\" data-id=\"07e44bb\" data-element_type=\"container\" data-e-type=\"container\">\n\t\t\t\t<div class=\"elementor-element elementor-element-09f62a6 elementor-widget elementor-widget-heading\" data-id=\"09f62a6\" data-element_type=\"widget\" data-e-type=\"widget\" data-widget_type=\"heading.default\">\n\t\t\t\t\t<h2 class=\"elementor-heading-title elementor-size-default\">Michael M\u00f6rike<\/h2>\t\t\t\t<\/div>\n\t\t\t\t<div class=\"elementor-element elementor-element-3a5006f elementor-widget elementor-widget-text-editor\" data-id=\"3a5006f\" data-element_type=\"widget\" data-e-type=\"widget\" data-widget_type=\"text-editor.default\">\n\t\t\t\t\t\t\t\t\t<p>Vorstand der Integrata-Stiftung<\/p>\t\t\t\t\t\t\t\t<\/div>\n\t\t\t\t<div class=\"elementor-element elementor-element-5baea3e elementor-mobile-align-left elementor-widget elementor-widget-button\" data-id=\"5baea3e\" data-element_type=\"widget\" data-e-type=\"widget\" data-widget_type=\"button.default\">\n\t\t\t\t\t\t\t\t\t\t<a class=\"elementor-button elementor-button-link elementor-size-sm\" href=\"mailto:michael.moerike@integrata-stiftung.de\" target=\"_blank\">\n\t\t\t\t\t\t<span class=\"elementor-button-content-wrapper\">\n\t\t\t\t\t\t\t\t\t<span class=\"elementor-button-text\">Kontakt<\/span>\n\t\t\t\t\t<\/span>\n\t\t\t\t\t<\/a>\n\t\t\t\t\t\t\t\t<\/div>\n\t\t\t\t<\/div>\n\t\t\t\t<\/div>\n\t\t\t\t\t<\/div>\n\t\t\t\t<\/div>\n\t\t<div class=\"elementor-element elementor-element-b70cabd e-flex e-con-boxed wpr-particle-no wpr-jarallax-no wpr-parallax-no wpr-sticky-section-no e-con e-parent\" data-id=\"b70cabd\" data-element_type=\"container\" data-e-type=\"container\">\n\t\t\t\t\t<div class=\"e-con-inner\">\n\t\t\t\t<div class=\"elementor-element elementor-element-ad4af7c elementor-widget elementor-widget-spacer\" data-id=\"ad4af7c\" data-element_type=\"widget\" data-e-type=\"widget\" data-widget_type=\"spacer.default\">\n\t\t\t\t\t\t\t<div class=\"elementor-spacer\">\n\t\t\t<div class=\"elementor-spacer-inner\"><\/div>\n\t\t<\/div>\n\t\t\t\t\t\t<\/div>\n\t\t\t\t\t<\/div>\n\t\t\t\t<\/div>\n\t\t\t\t<\/div>\n\t\t","protected":false},"excerpt":{"rendered":"<p>Die Denkfabrik Mehr erfahren Humane Nutzung der Informationstechnologie (IT) erfordert, dass die technischen und die sozialen Aspekte der Technologie gut verstanden sind. Erst dann k\u00f6nnen L\u00f6sungen entwickelt werden, die den Menschen wirklich dienen. Humane Nutzung der Informationstechnologie (IT) erfordert, dass die technischen und die sozialen Aspekte der Technologie gut verstanden sind. Erst dann k\u00f6nnen L\u00f6sungen entwickelt werden, die den Menschen wirklich dienen. Mehr erfahren F\u00fcr humane Nutzung der IT Denkfabrik Die Denkfabrik der Integrata Stiftung analysiert neue technische Entwicklungen und versucht, Trends zu erkennen, um daraus den Standpunkt der Stiftung zum jeweiligen Thema zu finden und festzulegen. Die Arbeit in der Denkfabrik besteht aus Literaturstudium und Diskussion der Themen in Gespr\u00e4chsrunden unter Ber\u00fccksichtigung des Ziels der Stiftung. In der Denkfabrik k\u00f6nnen alle mitarbeiten, die Teil der Stiftung sind oder von der Stiftung zur Diskussion eingeladen werden, wenn sie sich dazu gemeldet haben. Was verstehen wir unter \u201eDenkfabrik&#8220;? Die behandelten Themen sind mitunter so komplex, dass es meist keine einfachen L\u00f6sungswege gibt; deshalb suchen wir als Denkfabrik den Austausch mit der \u00d6ffentlichkeit. Dabei laden wir einerseits ExpertInnen aus Wissenschaft, Wirtschaft und Politik zur Diskussion ein und tragen andererseits auch selbst den Diskurs nach au\u00dfen in die Zivilgesellschaft. Den Begriff Denkfabrik wollen wir dabei von dem aus den USA bekannten \u201eThinktank\u201d abgegrenzt sehen, der sich sehr stark durch Lobbyarbeit in den Regierungskreisen auszeichnet. Die Weitergabe von Wissen Aus den Diskussionen k\u00f6nnen sich Standpunkte entwickeln, die dann in Abstimmung mit dem Vorstand der Stiftung in die \u00d6ffentlichkeit getragen werden. Als wichtiges Medium dient dazu der Blog, sowohl in Text- als auch im Videoformat. Hierbei ist es erfreulich, dass uns heute neben unserer eigenen Website und deren Blogsmit Medien wie YouTube preiswerte Kan\u00e4le zur Verf\u00fcgung stehen, um auch komplexere Sachverhalte zu vermitteln. Der Anspruch besteht dabei weniger in der perfekten Pr\u00e4sentation als vielmehr in der sachlich korrekten Vermittlung der Inhalte. Aktuelle Themen Aktuell ist das Thema k\u00fcnstliche Intelligenz immer wieder ein Schwerpunkt wird von uns das Thema k\u00fcnstliche Intelligenz sehr ernst genommen und war daher schon mehrfach Thema intensiver Diskussionen. Nach vielen Jahren des Dornr\u00f6schenschlafs bei der Entwicklung von Systemen, die auf k\u00fcnstlichen neuronalen Netzen beruhen, hat sich in den letzten Jahren ein exponentieller Fortschritt gezeigt. Die M\u00f6glichkeit, auch extrem gro\u00dfe Datenmengen in riesigen Netzen zu verarbeiten, hat zu \u00fcberraschenden Erfolgen gef\u00fchrt. Als Stichworte seien hier nur die Texterzeugung mit GPT, die Beschreibung der Proteinfaltung durch AlphaFold oder die inzwischen fast allt\u00e4glichen \u00dcbersetzungsprogramme genannt. Diese neuartigen M\u00f6glichkeiten aus der Informationstechnologie ver\u00e4ndern unsere F\u00e4higkeiten, Gutes zu tun, etwa in der Medizin, oder auch Problematisches hervorzubringen, wie Fake News, grundlegend. SIG &#8211; Special Interest Group Zur vertieften Diskussion haben sich innerhalb der Denkfabrik Arbeitsgruppen etabliert, die verschiedene Schwerpunkte setzen. Diese bezeichnen sich als\u00a0SIG\u00a0(Special Interest Groups). Ansprechpartner Michael M\u00f6rike Vorstand der Integrata-Stiftung Kontakt<\/p>\n","protected":false},"author":1,"featured_media":0,"parent":21971,"menu_order":0,"comment_status":"closed","ping_status":"closed","template":"","meta":{"footnotes":""},"class_list":["post-22366","page","type-page","status-publish","hentry"],"blocksy_meta":[],"_links":{"self":[{"href":"https:\/\/suspicious-noether.45-82-121-115.plesk.page\/index.php\/wp-json\/wp\/v2\/pages\/22366","targetHints":{"allow":["GET"]}}],"collection":[{"href":"https:\/\/suspicious-noether.45-82-121-115.plesk.page\/index.php\/wp-json\/wp\/v2\/pages"}],"about":[{"href":"https:\/\/suspicious-noether.45-82-121-115.plesk.page\/index.php\/wp-json\/wp\/v2\/types\/page"}],"author":[{"embeddable":true,"href":"https:\/\/suspicious-noether.45-82-121-115.plesk.page\/index.php\/wp-json\/wp\/v2\/users\/1"}],"replies":[{"embeddable":true,"href":"https:\/\/suspicious-noether.45-82-121-115.plesk.page\/index.php\/wp-json\/wp\/v2\/comments?post=22366"}],"version-history":[{"count":25,"href":"https:\/\/suspicious-noether.45-82-121-115.plesk.page\/index.php\/wp-json\/wp\/v2\/pages\/22366\/revisions"}],"predecessor-version":[{"id":22798,"href":"https:\/\/suspicious-noether.45-82-121-115.plesk.page\/index.php\/wp-json\/wp\/v2\/pages\/22366\/revisions\/22798"}],"up":[{"embeddable":true,"href":"https:\/\/suspicious-noether.45-82-121-115.plesk.page\/index.php\/wp-json\/wp\/v2\/pages\/21971"}],"wp:attachment":[{"href":"https:\/\/suspicious-noether.45-82-121-115.plesk.page\/index.php\/wp-json\/wp\/v2\/media?parent=22366"}],"curies":[{"name":"wp","href":"https:\/\/api.w.org\/{rel}","templated":true}]}}