{"id":22285,"date":"2026-03-28T14:35:24","date_gmt":"2026-03-28T14:35:24","guid":{"rendered":"https:\/\/suspicious-noether.45-82-121-115.plesk.page\/?page_id=22285"},"modified":"2026-04-13T16:56:46","modified_gmt":"2026-04-13T16:56:46","slug":"wolfgang-heilmann-preis","status":"publish","type":"page","link":"https:\/\/suspicious-noether.45-82-121-115.plesk.page\/index.php\/stiftung\/wolfgang-heilmann-preis\/","title":{"rendered":"Wolfgang-Heilmann-Preis"},"content":{"rendered":"\t\t<div data-elementor-type=\"wp-page\" data-elementor-id=\"22285\" class=\"elementor elementor-22285\">\n\t\t\t\t<div class=\"elementor-element elementor-element-8048f56 e-flex e-con-boxed wpr-particle-no wpr-jarallax-no wpr-parallax-no wpr-sticky-section-no e-con e-parent\" data-id=\"8048f56\" data-element_type=\"container\" data-e-type=\"container\" data-settings=\"{&quot;background_background&quot;:&quot;classic&quot;}\">\n\t\t\t\t\t<div class=\"e-con-inner\">\n\t\t\t\t<div class=\"elementor-element elementor-element-dff2926 elementor-widget elementor-widget-spacer\" data-id=\"dff2926\" data-element_type=\"widget\" data-e-type=\"widget\" data-widget_type=\"spacer.default\">\n\t\t\t\t\t\t\t<div class=\"elementor-spacer\">\n\t\t\t<div class=\"elementor-spacer-inner\"><\/div>\n\t\t<\/div>\n\t\t\t\t\t\t<\/div>\n\t\t\t\t<div class=\"elementor-element elementor-element-8bd48dc elementor-widget elementor-widget-heading\" data-id=\"8bd48dc\" data-element_type=\"widget\" data-e-type=\"widget\" data-widget_type=\"heading.default\">\n\t\t\t\t\t<h1 class=\"elementor-heading-title elementor-size-default\">Wolfgang-Heilmann-Preis<br>f\u00fcr humane Nutzung der IT<\/h1>\t\t\t\t<\/div>\n\t\t\t\t<div class=\"elementor-element elementor-element-fae2235 elementor-widget elementor-widget-spacer\" data-id=\"fae2235\" data-element_type=\"widget\" data-e-type=\"widget\" data-widget_type=\"spacer.default\">\n\t\t\t\t\t\t\t<div class=\"elementor-spacer\">\n\t\t\t<div class=\"elementor-spacer-inner\"><\/div>\n\t\t<\/div>\n\t\t\t\t\t\t<\/div>\n\t\t\t\t\t<\/div>\n\t\t\t\t<\/div>\n\t\t<div class=\"elementor-element elementor-element-7b25d0b elementor-hidden-tablet elementor-hidden-mobile e-flex e-con-boxed wpr-particle-no wpr-jarallax-no wpr-parallax-no wpr-sticky-section-no e-con e-parent\" data-id=\"7b25d0b\" data-element_type=\"container\" data-e-type=\"container\">\n\t\t\t\t\t<div class=\"e-con-inner\">\n\t\t\t\t<div class=\"elementor-element elementor-element-8d7998f elementor-widget__width-initial elementor-widget elementor-widget-spacer\" data-id=\"8d7998f\" data-element_type=\"widget\" data-e-type=\"widget\" data-widget_type=\"spacer.default\">\n\t\t\t\t\t\t\t<div class=\"elementor-spacer\">\n\t\t\t<div class=\"elementor-spacer-inner\"><\/div>\n\t\t<\/div>\n\t\t\t\t\t\t<\/div>\n\t\t\t\t<div class=\"elementor-element elementor-element-5d54f38 elementor-widget__width-initial elementor-widget elementor-widget-text-editor\" data-id=\"5d54f38\" data-element_type=\"widget\" data-e-type=\"widget\" data-widget_type=\"text-editor.default\">\n\t\t\t\t\t\t\t\t\t<p>Die Integrata-Stiftung unterst\u00fctzt als gemeinn\u00fctzige Stiftung Forschungsvorhaben, Bildungseinrichtungen und Realisierungsprojekte, die einen Beitrag zur humanen Nutzung der Informationstechnologie leisten.<\/p><p>Im Rahmen der F\u00f6rdervorhaben vergibt die Stiftung regelm\u00e4\u00dfig den Wolfgang-Heilmann-Preis f\u00fcr humane Nutzung der Informationstechnologie.<\/p>\t\t\t\t\t\t\t\t<\/div>\n\t\t\t\t\t<\/div>\n\t\t\t\t<\/div>\n\t\t<div class=\"elementor-element elementor-element-9b703ff elementor-hidden-desktop e-flex e-con-boxed wpr-particle-no wpr-jarallax-no wpr-parallax-no wpr-sticky-section-no e-con e-parent\" data-id=\"9b703ff\" data-element_type=\"container\" data-e-type=\"container\">\n\t\t\t\t\t<div class=\"e-con-inner\">\n\t\t\t\t<div class=\"elementor-element elementor-element-f8e137b elementor-widget__width-initial elementor-widget elementor-widget-text-editor\" data-id=\"f8e137b\" data-element_type=\"widget\" data-e-type=\"widget\" data-widget_type=\"text-editor.default\">\n\t\t\t\t\t\t\t\t\t<p>Die Integrata-Stiftung\u00a0unterst\u00fctzt als gemeinn\u00fctzige Stiftung Forschungsvorhaben, Bildungseinrichtungen und Realisierungsprojekte, die einen Beitrag zur humanen Nutzung der Informationstechnologie leisten.\u00a0Im Rahmen der F\u00f6rdervorhaben vergibt die Stiftung regelm\u00e4\u00dfig den\u00a0Wolfgang-Heilmann-Preis\u00a0f\u00fcr humane Nutzung der Informationstechnologie.<\/p>\t\t\t\t\t\t\t\t<\/div>\n\t\t\t\t\t<\/div>\n\t\t\t\t<\/div>\n\t\t<div class=\"elementor-element elementor-element-d815982 e-flex e-con-boxed wpr-particle-no wpr-jarallax-no wpr-parallax-no wpr-sticky-section-no e-con e-parent\" data-id=\"d815982\" data-element_type=\"container\" data-e-type=\"container\">\n\t\t\t\t\t<div class=\"e-con-inner\">\n\t\t\t\t<div class=\"elementor-element elementor-element-b69a477 elementor-widget elementor-widget-spacer\" data-id=\"b69a477\" data-element_type=\"widget\" data-e-type=\"widget\" data-widget_type=\"spacer.default\">\n\t\t\t\t\t\t\t<div class=\"elementor-spacer\">\n\t\t\t<div class=\"elementor-spacer-inner\"><\/div>\n\t\t<\/div>\n\t\t\t\t\t\t<\/div>\n\t\t<div class=\"elementor-element elementor-element-9678289 e-con-full e-grid wpr-particle-no wpr-jarallax-no wpr-parallax-no wpr-sticky-section-no e-con e-child\" data-id=\"9678289\" data-element_type=\"container\" data-e-type=\"container\" data-settings=\"{&quot;background_background&quot;:&quot;classic&quot;}\">\n\t\t<div class=\"elementor-element elementor-element-8b5803b e-con-full e-flex wpr-particle-no wpr-jarallax-no wpr-parallax-no wpr-sticky-section-no e-con e-child\" data-id=\"8b5803b\" data-element_type=\"container\" data-e-type=\"container\">\n\t\t\t\t<div class=\"elementor-element elementor-element-b029c16 elementor-widget elementor-widget-heading\" data-id=\"b029c16\" data-element_type=\"widget\" data-e-type=\"widget\" data-widget_type=\"heading.default\">\n\t\t\t\t\t<h2 class=\"elementor-heading-title elementor-size-default\">F\u00fcr humane Nutzung der IT<\/h2>\t\t\t\t<\/div>\n\t\t\t\t<div class=\"elementor-element elementor-element-0624638 elementor-widget elementor-widget-heading\" data-id=\"0624638\" data-element_type=\"widget\" data-e-type=\"widget\" data-widget_type=\"heading.default\">\n\t\t\t\t\t<h2 class=\"elementor-heading-title elementor-size-default\">Wolfgang-Heilmann-Preis<\/h2>\t\t\t\t<\/div>\n\t\t\t\t<div class=\"elementor-element elementor-element-dd958f1 elementor-widget elementor-widget-text-editor\" data-id=\"dd958f1\" data-element_type=\"widget\" data-e-type=\"widget\" data-widget_type=\"text-editor.default\">\n\t\t\t\t\t\t\t\t\t<p>Ausgezeichnet werden herausragende Beitr\u00e4ge zur Umsetzung der modernen Informationstechnologie im Sinne ihrer humanen Nutzung, also Arbeiten, die einen wesentlichen Beitrag zur Verbesserung der Lebensqualit\u00e4t leisten. Dabei steht ein praxisorientierter Ansatz im Vordergrund, d.h. es werden vor allem solche Arbeiten gef\u00f6rdert, die \u00fcber den Erkenntnisfortschritt hinaus Gestaltungsvorschl\u00e4ge unterbreiten oder bereits umsetzen.<\/p><p>Der Preis ist mit <strong>10.000,- \u20ac<\/strong> dotiert und kann auf bis zu zwei Preistr\u00e4ger verteilt werden.<\/p>\t\t\t\t\t\t\t\t<\/div>\n\t\t\t\t<\/div>\n\t\t<div class=\"elementor-element elementor-element-f41956b e-con-full e-flex wpr-particle-no wpr-jarallax-no wpr-parallax-no wpr-sticky-section-no e-con e-child\" data-id=\"f41956b\" data-element_type=\"container\" data-e-type=\"container\">\n\t\t\t\t<div class=\"elementor-element elementor-element-27a5753 elementor-widget elementor-widget-image\" data-id=\"27a5753\" data-element_type=\"widget\" data-e-type=\"widget\" data-widget_type=\"image.default\">\n\t\t\t\t\t\t\t\t\t\t\t\t\t\t\t<img decoding=\"async\" src=\"https:\/\/integrata-stiftung.de\/wp-content\/uploads\/2022\/09\/PHOTO-2022-09-17-16-27-27-e1664283816346-1024x630.jpg\" title=\"\" alt=\"\" loading=\"lazy\" \/>\t\t\t\t\t\t\t\t\t\t\t\t\t\t\t<\/div>\n\t\t\t\t<div class=\"elementor-element elementor-element-b39a3ae elementor-widget elementor-widget-text-editor\" data-id=\"b39a3ae\" data-element_type=\"widget\" data-e-type=\"widget\" data-widget_type=\"text-editor.default\">\n\t\t\t\t\t\t\t\t\t<p><em>Die Shortlist 2022<\/em><\/p>\t\t\t\t\t\t\t\t<\/div>\n\t\t\t\t<\/div>\n\t\t\t\t<\/div>\n\t\t\t\t<div class=\"elementor-element elementor-element-fb0de12 elementor-widget elementor-widget-spacer\" data-id=\"fb0de12\" data-element_type=\"widget\" data-e-type=\"widget\" data-widget_type=\"spacer.default\">\n\t\t\t\t\t\t\t<div class=\"elementor-spacer\">\n\t\t\t<div class=\"elementor-spacer-inner\"><\/div>\n\t\t<\/div>\n\t\t\t\t\t\t<\/div>\n\t\t\t\t\t<\/div>\n\t\t\t\t<\/div>\n\t\t<div class=\"elementor-element elementor-element-8eb5f9d e-flex e-con-boxed wpr-particle-no wpr-jarallax-no wpr-parallax-no wpr-sticky-section-no e-con e-parent\" data-id=\"8eb5f9d\" data-element_type=\"container\" data-e-type=\"container\" data-settings=\"{&quot;background_background&quot;:&quot;classic&quot;}\">\n\t\t\t\t\t<div class=\"e-con-inner\">\n\t\t<div class=\"elementor-element elementor-element-03fea09 e-con-full e-flex wpr-particle-no wpr-jarallax-no wpr-parallax-no wpr-sticky-section-no e-con e-child\" data-id=\"03fea09\" data-element_type=\"container\" data-e-type=\"container\">\n\t\t<div class=\"elementor-element elementor-element-7343e12 e-con-full e-grid wpr-particle-no wpr-jarallax-no wpr-parallax-no wpr-sticky-section-no e-con e-child\" data-id=\"7343e12\" data-element_type=\"container\" data-e-type=\"container\" data-settings=\"{&quot;background_background&quot;:&quot;classic&quot;}\">\n\t\t<div class=\"elementor-element elementor-element-706d469 e-con-full e-flex wpr-particle-no wpr-jarallax-no wpr-parallax-no wpr-sticky-section-no e-con e-child\" data-id=\"706d469\" data-element_type=\"container\" data-e-type=\"container\">\n\t\t\t\t<div class=\"elementor-element elementor-element-9db5f36 elementor-widget elementor-widget-spacer\" data-id=\"9db5f36\" data-element_type=\"widget\" data-e-type=\"widget\" data-widget_type=\"spacer.default\">\n\t\t\t\t\t\t\t<div class=\"elementor-spacer\">\n\t\t\t<div class=\"elementor-spacer-inner\"><\/div>\n\t\t<\/div>\n\t\t\t\t\t\t<\/div>\n\t\t\t\t<div class=\"elementor-element elementor-element-eca5d51 elementor-widget elementor-widget-heading\" data-id=\"eca5d51\" data-element_type=\"widget\" data-e-type=\"widget\" data-widget_type=\"heading.default\">\n\t\t\t\t\t<h2 class=\"elementor-heading-title elementor-size-default\">Das Verfahren<\/h2>\t\t\t\t<\/div>\n\t\t\t\t<div class=\"elementor-element elementor-element-db9b86e elementor-widget elementor-widget-text-editor\" data-id=\"db9b86e\" data-element_type=\"widget\" data-e-type=\"widget\" data-widget_type=\"text-editor.default\">\n\t\t\t\t\t\t\t\t\t<p>Seit einigen Jahren wird der Wolfgang-Heilmann-Preis in einem zweistufigen Verfahren vergeben.<\/p><ol><li>Im Anschluss an die jeweilige Ausschreibung kann jede und jeder \u00fcber die Homepage preisw\u00fcrdige Projekte, Institutionen oder herausragende Pers\u00f6nlichkeiten nominieren. Nach Ende der Nominierungsfrist sichtet die Jury alle Nominierungen und erstellt eine Shortlist aus 4 \u2013 6 KandidatInnen.<\/li><li>Die Shortlist-Kandidaten sind eingeladen, sich und ihr Projekt im Rahmen einer (\u00f6ffentlichen) Jurysitzung in T\u00fcbingen oder via Webkonferenz pers\u00f6nlich zu pr\u00e4sentieren und sich den Fragen der Jury zu stellen.\u00a0<br \/>Die Preisverleihung findet, sofern m\u00f6glich, am selben Tag statt.<\/li><\/ol><div>Das Preisthema wird vom Stifter ausgegeben.<\/div>\t\t\t\t\t\t\t\t<\/div>\n\t\t\t\t<div class=\"elementor-element elementor-element-1a31300 elementor-widget elementor-widget-spacer\" data-id=\"1a31300\" data-element_type=\"widget\" data-e-type=\"widget\" data-widget_type=\"spacer.default\">\n\t\t\t\t\t\t\t<div class=\"elementor-spacer\">\n\t\t\t<div class=\"elementor-spacer-inner\"><\/div>\n\t\t<\/div>\n\t\t\t\t\t\t<\/div>\n\t\t\t\t<\/div>\n\t\t\t\t<div class=\"elementor-element elementor-element-d3c5a2e elementor-widget elementor-widget-image\" data-id=\"d3c5a2e\" data-element_type=\"widget\" data-e-type=\"widget\" data-widget_type=\"image.default\">\n\t\t\t\t\t\t\t\t\t\t\t\t\t\t\t<img fetchpriority=\"high\" decoding=\"async\" width=\"1024\" height=\"680\" src=\"https:\/\/suspicious-noether.45-82-121-115.plesk.page\/wp-content\/uploads\/2020\/12\/Ichbinhier_Siegerbild_2-1-scaled-1-1024x680.jpg\" class=\"attachment-large size-large wp-image-3126\" alt=\"Preisverleihung 2019 mit dem Sieger\" srcset=\"https:\/\/suspicious-noether.45-82-121-115.plesk.page\/wp-content\/uploads\/2020\/12\/Ichbinhier_Siegerbild_2-1-scaled-1-1024x680.jpg 1024w, https:\/\/suspicious-noether.45-82-121-115.plesk.page\/wp-content\/uploads\/2020\/12\/Ichbinhier_Siegerbild_2-1-scaled-1-300x199.jpg 300w, https:\/\/suspicious-noether.45-82-121-115.plesk.page\/wp-content\/uploads\/2020\/12\/Ichbinhier_Siegerbild_2-1-scaled-1-768x510.jpg 768w, https:\/\/suspicious-noether.45-82-121-115.plesk.page\/wp-content\/uploads\/2020\/12\/Ichbinhier_Siegerbild_2-1-scaled-1-1536x1021.jpg 1536w, https:\/\/suspicious-noether.45-82-121-115.plesk.page\/wp-content\/uploads\/2020\/12\/Ichbinhier_Siegerbild_2-1-scaled-1-2048x1361.jpg 2048w\" sizes=\"(max-width: 1024px) 100vw, 1024px\" \/>\t\t\t\t\t\t\t\t\t\t\t\t\t\t\t<\/div>\n\t\t\t\t<\/div>\n\t\t<div class=\"elementor-element elementor-element-90fe7ce e-con-full e-grid wpr-particle-no wpr-jarallax-no wpr-parallax-no wpr-sticky-section-no e-con e-child\" data-id=\"90fe7ce\" data-element_type=\"container\" data-e-type=\"container\" data-settings=\"{&quot;background_background&quot;:&quot;classic&quot;}\">\n\t\t<div class=\"elementor-element elementor-element-8bd5666 e-con-full e-flex wpr-particle-no wpr-jarallax-no wpr-parallax-no wpr-sticky-section-no e-con e-child\" data-id=\"8bd5666\" data-element_type=\"container\" data-e-type=\"container\">\n\t\t\t\t<div class=\"elementor-element elementor-element-a269ff4 elementor-widget elementor-widget-heading\" data-id=\"a269ff4\" data-element_type=\"widget\" data-e-type=\"widget\" data-widget_type=\"heading.default\">\n\t\t\t\t\t<h2 class=\"elementor-heading-title elementor-size-default\">Schirmherrin, Jury und Ansprechpartner<\/h2>\t\t\t\t<\/div>\n\t\t\t\t<div class=\"elementor-element elementor-element-3d9f3f8 elementor-widget elementor-widget-text-editor\" data-id=\"3d9f3f8\" data-element_type=\"widget\" data-e-type=\"widget\" data-widget_type=\"text-editor.default\">\n\t\t\t\t\t\t\t\t\t<p>Als Schirmherrin des Preises agiert seit vielen Jahren Frau Dr. Anna Christmann<\/p><p>Die Preis-Jury \u2013 das Komitee zur Preisfindung \u2013 setzt sich aus allen Mitgliedern des Kuratoriums, des Fachbeirates und des Vorstandes der Integrata Stiftung sowie der Schirmherrin zusammen. Vom Vorstand werden in Absprache mit dem Kuratorium passend zum jeweiligen Thema weitere Experten als zus\u00e4tzliche Gast-Juroren hinzugezogen.\u00a0<\/p><p><strong>Kontakt:<\/strong><br \/>Michael M\u00f6rike, Mail: <a href=\"mailto:michael.moerike@integrata-stiftung.de\">michael.moerike@integrata-stiftung.de<\/a><\/p><p>Im Auftrag der Stiftung \u00fcbernimmt die <a href=\"https:\/\/human-it-service.de\/\" target=\"_blank\" rel=\"noopener\">Human IT Service GmbH<\/a> die Organisation und Begleitung des Preises. \u00a0<\/p>\t\t\t\t\t\t\t\t<\/div>\n\t\t\t\t<\/div>\n\t\t\t\t<div class=\"elementor-element elementor-element-77b734e elementor-widget elementor-widget-image\" data-id=\"77b734e\" data-element_type=\"widget\" data-e-type=\"widget\" data-widget_type=\"image.default\">\n\t\t\t\t\t\t\t\t\t\t\t\t\t\t\t<img decoding=\"async\" src=\"https:\/\/integrata-stiftung.de\/wp-content\/uploads\/2022\/09\/PHOTO-2022-09-17-16-18-45-Kopie-1024x634.jpeg\" title=\"\" alt=\"\" loading=\"lazy\" \/>\t\t\t\t\t\t\t\t\t\t\t\t\t\t\t<\/div>\n\t\t\t\t<\/div>\n\t\t\t\t<\/div>\n\t\t\t\t\t<\/div>\n\t\t\t\t<\/div>\n\t\t\t\t<\/div>\n\t\t","protected":false},"excerpt":{"rendered":"<p>Wolfgang-Heilmann-Preisf\u00fcr humane Nutzung der IT Die Integrata-Stiftung unterst\u00fctzt als gemeinn\u00fctzige Stiftung Forschungsvorhaben, Bildungseinrichtungen und Realisierungsprojekte, die einen Beitrag zur humanen Nutzung der Informationstechnologie leisten. Im Rahmen der F\u00f6rdervorhaben vergibt die Stiftung regelm\u00e4\u00dfig den Wolfgang-Heilmann-Preis f\u00fcr humane Nutzung der Informationstechnologie. Die Integrata-Stiftung\u00a0unterst\u00fctzt als gemeinn\u00fctzige Stiftung Forschungsvorhaben, Bildungseinrichtungen und Realisierungsprojekte, die einen Beitrag zur humanen Nutzung der Informationstechnologie leisten.\u00a0Im Rahmen der F\u00f6rdervorhaben vergibt die Stiftung regelm\u00e4\u00dfig den\u00a0Wolfgang-Heilmann-Preis\u00a0f\u00fcr humane Nutzung der Informationstechnologie. F\u00fcr humane Nutzung der IT Wolfgang-Heilmann-Preis Ausgezeichnet werden herausragende Beitr\u00e4ge zur Umsetzung der modernen Informationstechnologie im Sinne ihrer humanen Nutzung, also Arbeiten, die einen wesentlichen Beitrag zur Verbesserung der Lebensqualit\u00e4t leisten. Dabei steht ein praxisorientierter Ansatz im Vordergrund, d.h. es werden vor allem solche Arbeiten gef\u00f6rdert, die \u00fcber den Erkenntnisfortschritt hinaus Gestaltungsvorschl\u00e4ge unterbreiten oder bereits umsetzen. Der Preis ist mit 10.000,- \u20ac dotiert und kann auf bis zu zwei Preistr\u00e4ger verteilt werden. Die Shortlist 2022 Das Verfahren Seit einigen Jahren wird der Wolfgang-Heilmann-Preis in einem zweistufigen Verfahren vergeben. Im Anschluss an die jeweilige Ausschreibung kann jede und jeder \u00fcber die Homepage preisw\u00fcrdige Projekte, Institutionen oder herausragende Pers\u00f6nlichkeiten nominieren. Nach Ende der Nominierungsfrist sichtet die Jury alle Nominierungen und erstellt eine Shortlist aus 4 \u2013 6 KandidatInnen. Die Shortlist-Kandidaten sind eingeladen, sich und ihr Projekt im Rahmen einer (\u00f6ffentlichen) Jurysitzung in T\u00fcbingen oder via Webkonferenz pers\u00f6nlich zu pr\u00e4sentieren und sich den Fragen der Jury zu stellen.\u00a0Die Preisverleihung findet, sofern m\u00f6glich, am selben Tag statt. Das Preisthema wird vom Stifter ausgegeben. Schirmherrin, Jury und Ansprechpartner Als Schirmherrin des Preises agiert seit vielen Jahren Frau Dr. Anna Christmann Die Preis-Jury \u2013 das Komitee zur Preisfindung \u2013 setzt sich aus allen Mitgliedern des Kuratoriums, des Fachbeirates und des Vorstandes der Integrata Stiftung sowie der Schirmherrin zusammen. Vom Vorstand werden in Absprache mit dem Kuratorium passend zum jeweiligen Thema weitere Experten als zus\u00e4tzliche Gast-Juroren hinzugezogen.\u00a0 Kontakt:Michael M\u00f6rike, Mail: michael.moerike@integrata-stiftung.de Im Auftrag der Stiftung \u00fcbernimmt die Human IT Service GmbH die Organisation und Begleitung des Preises. \u00a0<\/p>\n","protected":false},"author":1,"featured_media":0,"parent":21966,"menu_order":0,"comment_status":"closed","ping_status":"closed","template":"","meta":{"footnotes":""},"class_list":["post-22285","page","type-page","status-publish","hentry"],"blocksy_meta":[],"_links":{"self":[{"href":"https:\/\/suspicious-noether.45-82-121-115.plesk.page\/index.php\/wp-json\/wp\/v2\/pages\/22285","targetHints":{"allow":["GET"]}}],"collection":[{"href":"https:\/\/suspicious-noether.45-82-121-115.plesk.page\/index.php\/wp-json\/wp\/v2\/pages"}],"about":[{"href":"https:\/\/suspicious-noether.45-82-121-115.plesk.page\/index.php\/wp-json\/wp\/v2\/types\/page"}],"author":[{"embeddable":true,"href":"https:\/\/suspicious-noether.45-82-121-115.plesk.page\/index.php\/wp-json\/wp\/v2\/users\/1"}],"replies":[{"embeddable":true,"href":"https:\/\/suspicious-noether.45-82-121-115.plesk.page\/index.php\/wp-json\/wp\/v2\/comments?post=22285"}],"version-history":[{"count":28,"href":"https:\/\/suspicious-noether.45-82-121-115.plesk.page\/index.php\/wp-json\/wp\/v2\/pages\/22285\/revisions"}],"predecessor-version":[{"id":22916,"href":"https:\/\/suspicious-noether.45-82-121-115.plesk.page\/index.php\/wp-json\/wp\/v2\/pages\/22285\/revisions\/22916"}],"up":[{"embeddable":true,"href":"https:\/\/suspicious-noether.45-82-121-115.plesk.page\/index.php\/wp-json\/wp\/v2\/pages\/21966"}],"wp:attachment":[{"href":"https:\/\/suspicious-noether.45-82-121-115.plesk.page\/index.php\/wp-json\/wp\/v2\/media?parent=22285"}],"curies":[{"name":"wp","href":"https:\/\/api.w.org\/{rel}","templated":true}]}}